{"id":10974,"date":"2017-03-23T12:31:46","date_gmt":"2017-03-23T12:31:46","guid":{"rendered":"http:\/\/iberiancamps.com\/inicio\/"},"modified":"2025-09-30T10:29:08","modified_gmt":"2025-09-30T10:29:08","slug":"inicio","status":"publish","type":"page","link":"https:\/\/iberiancamps.com\/de\/","title":{"rendered":"Startseite"},"content":{"rendered":"<p>[vc_row][vc_column width=&#8221;1\/4&#8243;][vc_empty_space height=&#8221;50px&#8221;][vc_column_text]<img decoding=\"async\" class=\"aligncenter\" src=\"https:\/\/iberiancamps.com\/wp-content\/uploads\/2017\/03\/004-alicante.png\" alt=\"\" width=\"180\" height=\"180\" \/><\/p>\n<h3 style=\"text-align: center;\">Jugendurlaub in Spanien<br \/>\nEntdecke Alicante und seine Umgebung<\/h3>\n<p style=\"text-align: center;\">Alle unsere Camps befinden sich im S\u00fcd-Osten von Spanien, vor allem innerhalb der Provinz Alicante, in der N\u00e4he des Meeres und mit einem fantastischen Klima.<\/p>\n<p>[\/vc_column_text][vc_empty_space 0=&#8221;&#8221;][\/vc_column][vc_column width=&#8221;1\/4&#8243;][vc_empty_space height=&#8221;50px&#8221;][vc_column_text]<img decoding=\"async\" class=\"aligncenter\" src=\"https:\/\/iberiancamps.com\/wp-content\/uploads\/2017\/03\/001-amigos.png\" alt=\"\" width=\"180\" height=\"180\" \/><\/p>\n<h3 style=\"text-align: center;\">Verbringe Zeit mit ausl\u00e4ndischen Sch\u00fclern<\/h3>\n<p style=\"text-align: center;\">Treffe junge Leute aus anderen L\u00e4ndern und habe Spa\u00df beim Lernen.<\/p>\n<p>[\/vc_column_text][vc_empty_space 0=&#8221;&#8221;][\/vc_column][vc_column width=&#8221;1\/4&#8243;][vc_empty_space height=&#8221;50px&#8221;][vc_column_text]<img decoding=\"async\" class=\"aligncenter\" src=\"https:\/\/iberiancamps.com\/wp-content\/uploads\/2017\/03\/002-deporte.png\" alt=\"\" width=\"180\" height=\"180\" \/><\/p>\n<h3 style=\"text-align: center;\">Mache das, was du liebst<\/h3>\n<p style=\"text-align: center;\">W\u00e4hle Deine Lieblingsbesch\u00e4ftigung aus: Multisport, Handarbeit, Choreographietanz, Tennis, Fussball, Wassersport&#8230;<\/p>\n<p>[\/vc_column_text][vc_empty_space 0=&#8221;&#8221;][\/vc_column][vc_column width=&#8221;1\/4&#8243;][vc_empty_space height=&#8221;50px&#8221;][vc_column_text]<img decoding=\"async\" class=\"aligncenter\" src=\"https:\/\/iberiancamps.com\/wp-content\/uploads\/2017\/03\/003-aprende.png\" alt=\"\" width=\"180\" height=\"180\" \/><\/p>\n<h3 style=\"text-align: center;\">Spanisch, Englisch oder Franz\u00f6sisch lernen in Spanien<\/h3>\n<p style=\"text-align: center;\">Treffe Dich nach Deinem vierst\u00fcndigen Sprachunterricht f\u00fcr den Rest des Tages mit anderen Jugendlichen aus verschiedenen L\u00e4ndern, um die Lernergebnisse zu teilen und vertiefen.<\/p>\n<p>[\/vc_column_text][vc_empty_space 0=&#8221;&#8221;][\/vc_column][\/vc_row][vc_row full_width=&#8221;stretch_row&#8221; css_animation=&#8221;none&#8221; enable_first_overlay=&#8221;true&#8221; first_overlay_opacity=&#8221;25&#8243; first_background_type=&#8221;gradient&#8221; second_background_color=&#8221;#cecece&#8221; css=&#8221;.vc_custom_1617026086398{background-image: url(https:\/\/iberiancamps.com\/wp-content\/uploads\/2017\/03\/cab-actividades.jpg?id=7930) !important;}&#8221;][vc_column][vc_empty_space height=&#8221;150px&#8221;][vc_column_text]<\/p>\n<h1 style=\"text-align: center;\"><span style=\"color: #ffffff; font-size: 45px;\">SPRACHCAMPS IN SPANIEN<\/span><\/h1>\n<h3 style=\"text-align: center; font-family: Signika !important;\"><span style=\"color: #ffffff; font-size: 35px; line-height: 45px;\">Lernen auf Spanisch, Englisch oder Franz\u00f6sisch<br \/>\nund Spa\u00df haben mit Sch\u00fclern aus anderen L\u00e4ndern<\/span><\/h3>\n<p>[\/vc_column_text][vc_empty_space][vc_row_inner][vc_column_inner width=&#8221;1\/3&#8243; alignment=&#8221;center&#8221;]<a href=\"http:\/\/iberiancamps.com\/de\/sommercamps\/franzoesisch-camp\" title=\"Link\"  data-id=\"mpc_button-9769f536a1a3073\" class=\"mpc-button mpc-init mpc-transition mpc-typography--default \" ><div class=\"mpc-button__content mpc-effect-type--none mpc-effect-side--none\"><span class=\"mpc-button__title mpc-transition\">FRANZ\u00d6SISCH CAMP<\/span><\/div><div class=\"mpc-button__background mpc-transition mpc-effect-type--fade mpc-effect-side--in\"><\/div><\/a>[vc_empty_space height=&#8221;25px&#8221;][\/vc_column_inner][vc_column_inner width=&#8221;1\/3&#8243; alignment=&#8221;center&#8221;]<a href=\"http:\/\/iberiancamps.com\/de\/sommercamps\/englisch-camp\" title=\"Link\"  data-id=\"mpc_button-5469f536a1a3190\" class=\"mpc-button mpc-init mpc-transition mpc-typography--default \" ><div class=\"mpc-button__content mpc-effect-type--none mpc-effect-side--none\"><span class=\"mpc-button__title mpc-transition\">ENGLISCH CAMP<\/span><\/div><div class=\"mpc-button__background mpc-transition mpc-effect-type--fade mpc-effect-side--in\"><\/div><\/a>[vc_empty_space height=&#8221;25px&#8221;][\/vc_column_inner][vc_column_inner width=&#8221;1\/3&#8243; alignment=&#8221;center&#8221;]<a href=\"http:\/\/iberiancamps.com\/de\/sommercamps\/spanisch-camp\/\" title=\"Link\"  data-id=\"mpc_button-969f536a1a3269\" class=\"mpc-button mpc-init mpc-transition mpc-typography--default \" ><div class=\"mpc-button__content mpc-effect-type--none mpc-effect-side--none\"><span class=\"mpc-button__title mpc-transition\">SPANISCH CAMP<\/span><\/div><div class=\"mpc-button__background mpc-transition mpc-effect-type--fade mpc-effect-side--in\"><\/div><\/a>[vc_empty_space height=&#8221;25px&#8221;][\/vc_column_inner][\/vc_row_inner][vc_empty_space height=&#8221;150px&#8221;][\/vc_column][\/vc_row][vc_row css=&#8221;.vc_custom_1490898874860{margin-top: 43px !important;margin-bottom: 68px !important;}&#8221;][vc_column][vc_column_text 0=&#8221;&#8221;]<\/p>\n<h2 style=\"text-align: center;\">IHRE MEINUNG LIEGT UNS AM HERZEN<\/h2>\n<p>[\/vc_column_text][vc_empty_space 0=&#8221;&#8221;][vc_row_inner][vc_column_inner width=&#8221;1\/2&#8243;]<div data-id=\"mpc_testimonial-3069f536a1a3332\" class=\"mpc-testimonial mpc-init mpc-transition mpc-testimonial--style_1 \" ><div class=\" mpc-testimonial__thumbnail\"><img decoding=\"async\" class=\"\" src=\"https:\/\/iberiancamps.com\/wp-content\/uploads\/2015\/02\/clientes-encarni-mateo-100x100.jpg\" width=\"100\" height=\"100\" alt=\"clientes-encarni-mateo\" title=\"clientes-encarni-mateo\" \/><\/div><div class=\"mpc-testimonial__content mpc-typography--mpc_preset_47\"><div class=\"mpc-testimonial__signature\"><span>Encarni Mateo. Psychologe und Lehrer<\/span><\/div><div class=\"mpc-testimonial__description\"><p><span style=\"color: #ffffff;\"><em>&#8220;Wenn ich ein Camp f\u00fcr meine Kinder ausw\u00e4hlen muss, suche ich nach einem Unternehmen, in dem sich meine Verantwortung und mein Engagement in den angebotenen Dienstleistungen widerspiegeln. Au\u00dferdem ist es f\u00fcr mich sehr wichtig zu wissen, dass sie sich in einer sicheren Umgebung befinden werden. Ich sch\u00e4tze an IBERIAN CAMPS die N\u00e4he zu meiner Stadt und die Tatsache, dass meiner Kinder in der N\u00e4he sind.&#8221;<\/em><\/span><\/p>\n<\/div><\/div><\/div>[\/vc_column_inner][vc_column_inner width=&#8221;1\/2&#8243;]<div data-id=\"mpc_testimonial-6569f536a1a4ed9\" class=\"mpc-testimonial mpc-init mpc-transition mpc-testimonial--style_1 \" ><div class=\" mpc-testimonial__thumbnail\"><img decoding=\"async\" class=\"\" src=\"https:\/\/iberiancamps.com\/wp-content\/uploads\/2017\/02\/clientes-esperanza-belando-100x100.jpg\" width=\"100\" height=\"100\" alt=\"clientes-esperanza-belando\" title=\"clientes-esperanza-belando\" \/><\/div><div class=\"mpc-testimonial__content mpc-typography--mpc_preset_47\"><div class=\"mpc-testimonial__signature\"><span>Esperanza Belando. Grundschullehrer<\/span><\/div><div class=\"mpc-testimonial__description\"><p><span style=\"color: #ffffff;\"><em>&#8220;Ich mag es, wenn meine Kinder in englisch Camps gehen, um die verbale Kommunikation zu \u00fcben, da ihr Sprachunterricht normalerweise von akademischer Natur ist. Ich finde sehr interessant an IBERIAN CAMPS, dass meine Kinder mit Kindern aus anderen L\u00e4ndern und Kulturen in Kontakt kommen. Ebenso suche ich immer nach Camps mit spa\u00dfigen und motivierenden Aktivit\u00e4ten, die f\u00fcr Jugendliche interessant sind.&#8221;<\/em><\/span><\/p>\n<\/div><\/div><\/div>[\/vc_column_inner][\/vc_row_inner][vc_row_inner][vc_column_inner width=&#8221;1\/2&#8243;]<div data-id=\"mpc_testimonial-4469f536a1a5a9d\" class=\"mpc-testimonial mpc-init mpc-transition mpc-testimonial--style_1 \" ><div class=\" mpc-testimonial__thumbnail\"><img decoding=\"async\" class=\"\" src=\"https:\/\/iberiancamps.com\/wp-content\/uploads\/2017\/02\/clientes-josevicente-selva-100x100.jpg\" width=\"100\" height=\"100\" alt=\"clientes-josevicente-selva\" title=\"clientes-josevicente-selva\" \/><\/div><div class=\"mpc-testimonial__content mpc-typography--mpc_preset_47\"><div class=\"mpc-testimonial__signature\"><span>Jose Vicente Selva. Pensonal Coach<\/span><\/div><div class=\"mpc-testimonial__description\"><p><span style=\"color: #ffffff;\"><em>&#8220;Ich finde es schwierig ein Camp zu finden, welches weitere Aktivit\u00e4ten als Sport anbietet. Meine Tochter findet mehr Interesse an Aktivit\u00e4ten, die ihre Kreativit\u00e4t f\u00f6rdern, wie Zeichnen, Basteln oder Tanzen. Bei IBERIAN CAMPS liegt der Fokus auf der F\u00f6rderung diese F\u00e4higkeiten, w\u00e4hrend sie dabei spielerisch Englisch lernen kann.&#8221;<\/em><\/span><\/p>\n<\/div><\/div><\/div>[\/vc_column_inner][vc_column_inner width=&#8221;1\/2&#8243;]<div data-id=\"mpc_testimonial-5969f536a1a6629\" class=\"mpc-testimonial mpc-init mpc-transition mpc-testimonial--style_1 \" ><div class=\" mpc-testimonial__thumbnail\"><img decoding=\"async\" class=\"\" src=\"https:\/\/iberiancamps.com\/wp-content\/uploads\/2017\/02\/clientes-juan-ramirez-100x100.jpg\" width=\"100\" height=\"100\" alt=\"clientes-juan-ramirez\" title=\"clientes-juan-ramirez\" \/><\/div><div class=\"mpc-testimonial__content mpc-typography--mpc_preset_47\"><div class=\"mpc-testimonial__signature\"><span>Juan Ram\u00edrez. Therapeut<\/span><\/div><div class=\"mpc-testimonial__description\"><p><span style=\"color: #ffffff;\"><em>&#8220;In erster Linie m\u00f6chte ich, dass mein Sohn in ein englisch Camp geht, um Spa\u00df zu haben, da dies Teil seiner Urlaubszeit ist. Des Weitern, um Englisch zu lernen, w\u00e4hrend er Jugendliche aus anderen L\u00e4ndern und Kulturen trifft. Die multikulturelle Komponente des IBERIAN CAMPS ist meiner Meinung nach einer ihrer Schwerpunkte.&#8221;<\/em><\/span><\/p>\n<\/div><\/div><\/div>[\/vc_column_inner][\/vc_row_inner][\/vc_column][\/vc_row][vc_row full_width=&#8221;stretch_row&#8221; css_animation=&#8221;none&#8221; enable_first_overlay=&#8221;true&#8221; first_overlay_opacity=&#8221;25&#8243; first_background_type=&#8221;gradient&#8221; second_background_color=&#8221;#cecece&#8221; css=&#8221;.vc_custom_1572261055864{background-image: url(https:\/\/iberiancamps.com\/wp-content\/uploads\/2017\/03\/instalaciones-tarde001.jpg?id=11586) !important;background-position: center !important;background-repeat: no-repeat !important;background-size: cover !important;}&#8221;][vc_column][vc_empty_space height=&#8221;150px&#8221;][vc_column_text]<\/p>\n<h1 style=\"text-align: center;\"><span style=\"color: #ffffff; font-size: 45px;\">SPORTCAMPS IN SPANIEN<\/span><\/h1>\n<h3 style=\"text-align: center; font-family: Signika !important;\"><span style=\"color: #ffffff; font-size: 35px; line-height: 45px;\">Spiele und erlerne deinen Lieblingssport<br \/>\nvon Profis.<\/span><\/h3>\n<p>[\/vc_column_text][vc_empty_space][vc_row_inner][vc_column_inner width=&#8221;1\/6&#8243;][\/vc_column_inner][vc_column_inner width=&#8221;2\/6&#8243; alignment=&#8221;center&#8221;]<a href=\"http:\/\/iberiancamps.com\/de\/tennis-camp\" title=\"Link\"  data-id=\"mpc_button-1469f536a1a72a1\" class=\"mpc-button mpc-init mpc-transition mpc-typography--default \" ><div class=\"mpc-button__content mpc-effect-type--none mpc-effect-side--none\"><span class=\"mpc-button__title mpc-transition\">TENNIS CAMP<\/span><\/div><div class=\"mpc-button__background mpc-transition mpc-effect-type--fade mpc-effect-side--in\"><\/div><\/a>[vc_empty_space height=&#8221;25px&#8221;][\/vc_column_inner][vc_column_inner width=&#8221;2\/6&#8243; alignment=&#8221;center&#8221;]<a href=\"https:\/\/iberiancamps.com\/de\/fussballcamp-fcporto\/\" title=\"Link\"  data-id=\"mpc_button-9369f536a1a7392\" class=\"mpc-button mpc-init mpc-transition mpc-typography--default \" ><div class=\"mpc-button__content mpc-effect-type--none mpc-effect-side--none\"><span class=\"mpc-button__title mpc-transition\">FUSSBALLCAMP<\/span><\/div><div class=\"mpc-button__background mpc-transition mpc-effect-type--fade mpc-effect-side--in\"><\/div><\/a>[vc_empty_space height=&#8221;25px&#8221;][\/vc_column_inner][vc_column_inner width=&#8221;1\/6&#8243;][\/vc_column_inner][\/vc_row_inner][vc_empty_space height=&#8221;150px&#8221;][\/vc_column][\/vc_row][vc_row full_width=&#8221;stretch_row&#8221; css=&#8221;.vc_custom_1508844641471{margin-top: -50px !important;margin-bottom: 0px !important;padding-top: 45px !important;padding-bottom: 0px !important;background-color: #eeeeee !important;}&#8221;][vc_column width=&#8221;2\/3&#8243;][vc_row_inner][vc_column_inner width=&#8221;1\/4&#8243;][vc_column_text css_animation=&#8221;left-to-right&#8221;]<img decoding=\"async\" class=\"aligncenter wp-image-8113\" src=\"https:\/\/iberiancamps.com\/wp-content\/uploads\/2017\/03\/logo-iberian-camps-300x216.png\" alt=\"\" width=\"208\" height=\"150\" \/>[\/vc_column_text][\/vc_column_inner][vc_column_inner width=&#8221;3\/4&#8243; css=&#8221;.vc_custom_1445429978052{padding-top: 10px !important;}&#8221;][vc_column_text css_animation=&#8221;top-to-bottom&#8221;]<\/p>\n<h3 style=\"text-align: left;\"><strong>Abonnieren Sie unseren Newsletter\u00a0<\/strong><\/h3>\n<p style=\"text-align: left;\"><span style=\"color: #808080;\">Wenn Sie uns Ihre E-Mail senden, erhalten Sie alle Neuigkeiten zu unseren Sprachcamps und viele weitere Infos!<br \/>\n<\/span><\/p>\n<p>[\/vc_column_text][\/vc_column_inner][\/vc_row_inner][\/vc_column][vc_column width=&#8221;1\/3&#8243;]<div class=\"mc_embed_signup animateIn\" data-animate=\"fadeIn\"><h3 class=\"subscribe_title\"><strong><\/strong><\/h3><div class=\"email\"><form class=\"subscribe\" method=\"POST\"><input type=\"text\" placeholder=\"Ihre Email\" name=\"mailchimp_email\" class=\"emaddress\" data-validate=\"validate(required, email)\"\/><button class=\"btn-warning hvr-float rippler rippler-default\" name=\"submit_mailchimp\" type=\"submit\" style=\"background-color:#ee5840;\">Abonnieren<\/button><span class=\"result section-description\"><\/span><\/form><\/div><\/div>[vc_empty_space 0=&#8221;&#8221;][\/vc_column][\/vc_row]<\/p>\n","protected":false},"excerpt":{"rendered":"<p>[vc_row][vc_column width=&#8221;1\/4&#8243;][vc_empty_space height=&#8221;50px&#8221;][vc_column_text] Jugendurlaub in Spanien Entdecke Alicante und seine Umgebung Alle unsere Camps befinden sich im S\u00fcd-Osten von Spanien, vor allem innerhalb der Provinz Alicante, in der N\u00e4he des Meeres und mit einem fantastischen Klima. [\/vc_column_text][vc_empty_space 0=&#8221;&#8221;][\/vc_column][vc_column width=&#8221;1\/4&#8243;][vc_empty_space height=&#8221;50px&#8221;][vc_column_text] Verbringe Zeit mit ausl\u00e4ndischen Sch\u00fclern Treffe junge Leute aus anderen L\u00e4ndern und habe Spa\u00df beim<\/p>\n","protected":false},"author":1,"featured_media":0,"parent":0,"menu_order":0,"comment_status":"closed","ping_status":"closed","template":"","meta":{"footnotes":""},"class_list":["post-10974","page","type-page","status-publish","hentry"],"yoast_head":"<!-- This site is optimized with the Yoast SEO Premium plugin v18.2.1 (Yoast SEO v27.4) - https:\/\/yoast.com\/product\/yoast-seo-premium-wordpress\/ -->\n<title>\u25b7 Ferienlager in Spanien \u30102026\u3011- IBERIAN CAMPS<\/title>\n<meta name=\"description\" content=\"Wir bieten Ihnen die besten Feriencamps (Englisch Sommercamp, Spanisch Sommercamp, Franz\u00f6sisch Sommercamp, Sport-Sommercamps...) im S\u00fcdosten Spaniens. Ausgezeichnete Einrichtungen!\" \/>\n<meta name=\"robots\" content=\"index, follow, max-snippet:-1, max-image-preview:large, max-video-preview:-1\" \/>\n<link rel=\"canonical\" href=\"https:\/\/iberiancamps.com\/de\/\" \/>\n<meta property=\"og:locale\" content=\"de_DE\" \/>\n<meta property=\"og:type\" content=\"article\" \/>\n<meta property=\"og:title\" content=\"Startseite\" \/>\n<meta property=\"og:description\" content=\"Wir bieten Ihnen die besten Feriencamps (Englisch Sommercamp, Spanisch Sommercamp, Franz\u00f6sisch Sommercamp, Sport-Sommercamps...) im S\u00fcdosten Spaniens. Ausgezeichnete Einrichtungen!\" \/>\n<meta property=\"og:url\" content=\"https:\/\/iberiancamps.com\/de\/\" \/>\n<meta property=\"og:site_name\" content=\"IBERIAN CAMPS\" \/>\n<meta property=\"article:publisher\" content=\"https:\/\/www.facebook.com\/iberiancamps\" \/>\n<meta property=\"article:modified_time\" content=\"2025-09-30T10:29:08+00:00\" \/>\n<meta property=\"og:image\" content=\"https:\/\/iberiancamps.com\/wp-content\/uploads\/2017\/03\/004-alicante.png\" \/>\n<meta name=\"twitter:card\" content=\"summary_large_image\" \/>\n<meta name=\"twitter:label1\" content=\"Gesch\u00e4tzte Lesezeit\" \/>\n\t<meta name=\"twitter:data1\" content=\"4\u00a0Minuten\" \/>\n<script type=\"application\/ld+json\" class=\"yoast-schema-graph\">{\"@context\":\"https:\\\/\\\/schema.org\",\"@graph\":[{\"@type\":\"WebPage\",\"@id\":\"https:\\\/\\\/iberiancamps.com\\\/de\\\/\",\"url\":\"https:\\\/\\\/iberiancamps.com\\\/de\\\/\",\"name\":\"\u25b7 Ferienlager in Spanien \u30102026\u3011- IBERIAN CAMPS\",\"isPartOf\":{\"@id\":\"https:\\\/\\\/iberiancamps.com\\\/de\\\/#website\"},\"primaryImageOfPage\":{\"@id\":\"https:\\\/\\\/iberiancamps.com\\\/de\\\/#primaryimage\"},\"image\":{\"@id\":\"https:\\\/\\\/iberiancamps.com\\\/de\\\/#primaryimage\"},\"thumbnailUrl\":\"https:\\\/\\\/iberiancamps.com\\\/wp-content\\\/uploads\\\/2017\\\/03\\\/004-alicante.png\",\"datePublished\":\"2017-03-23T12:31:46+00:00\",\"dateModified\":\"2025-09-30T10:29:08+00:00\",\"description\":\"Wir bieten Ihnen die besten Feriencamps (Englisch Sommercamp, Spanisch Sommercamp, Franz\u00f6sisch Sommercamp, Sport-Sommercamps...) im S\u00fcdosten Spaniens. Ausgezeichnete Einrichtungen!\",\"breadcrumb\":{\"@id\":\"https:\\\/\\\/iberiancamps.com\\\/de\\\/#breadcrumb\"},\"inLanguage\":\"de\",\"potentialAction\":[{\"@type\":\"ReadAction\",\"target\":[\"https:\\\/\\\/iberiancamps.com\\\/de\\\/\"]}]},{\"@type\":\"ImageObject\",\"inLanguage\":\"de\",\"@id\":\"https:\\\/\\\/iberiancamps.com\\\/de\\\/#primaryimage\",\"url\":\"https:\\\/\\\/iberiancamps.com\\\/wp-content\\\/uploads\\\/2017\\\/03\\\/004-alicante.png\",\"contentUrl\":\"https:\\\/\\\/iberiancamps.com\\\/wp-content\\\/uploads\\\/2017\\\/03\\\/004-alicante.png\"},{\"@type\":\"BreadcrumbList\",\"@id\":\"https:\\\/\\\/iberiancamps.com\\\/de\\\/#breadcrumb\",\"itemListElement\":[{\"@type\":\"ListItem\",\"position\":1,\"name\":\"Portada\",\"item\":\"https:\\\/\\\/iberiancamps.com\\\/de\\\/\"},{\"@type\":\"ListItem\",\"position\":2,\"name\":\"Startseite\"}]},{\"@type\":\"WebSite\",\"@id\":\"https:\\\/\\\/iberiancamps.com\\\/de\\\/#website\",\"url\":\"https:\\\/\\\/iberiancamps.com\\\/de\\\/\",\"name\":\"IBERIAN CAMPS\",\"description\":\"The Language Experience\",\"publisher\":{\"@id\":\"https:\\\/\\\/iberiancamps.com\\\/de\\\/#organization\"},\"potentialAction\":[{\"@type\":\"SearchAction\",\"target\":{\"@type\":\"EntryPoint\",\"urlTemplate\":\"https:\\\/\\\/iberiancamps.com\\\/de\\\/?s={search_term_string}\"},\"query-input\":{\"@type\":\"PropertyValueSpecification\",\"valueRequired\":true,\"valueName\":\"search_term_string\"}}],\"inLanguage\":\"de\"},{\"@type\":\"Organization\",\"@id\":\"https:\\\/\\\/iberiancamps.com\\\/de\\\/#organization\",\"name\":\"IBERIAN CAMPS\",\"url\":\"https:\\\/\\\/iberiancamps.com\\\/de\\\/\",\"logo\":{\"@type\":\"ImageObject\",\"inLanguage\":\"de\",\"@id\":\"https:\\\/\\\/iberiancamps.com\\\/de\\\/#\\\/schema\\\/logo\\\/image\\\/\",\"url\":\"https:\\\/\\\/iberiancamps.com\\\/wp-content\\\/uploads\\\/2017\\\/03\\\/logo.png\",\"contentUrl\":\"https:\\\/\\\/iberiancamps.com\\\/wp-content\\\/uploads\\\/2017\\\/03\\\/logo.png\",\"width\":300,\"height\":233,\"caption\":\"IBERIAN CAMPS\"},\"image\":{\"@id\":\"https:\\\/\\\/iberiancamps.com\\\/de\\\/#\\\/schema\\\/logo\\\/image\\\/\"},\"sameAs\":[\"https:\\\/\\\/www.facebook.com\\\/iberiancamps\",\"https:\\\/\\\/www.youtube.com\\\/iberiancamps\",\"https:\\\/\\\/www.instagram.com\\\/iberiancamps\"]}]}<\/script>\n<!-- \/ Yoast SEO Premium plugin. -->","yoast_head_json":{"title":"\u25b7 Ferienlager in Spanien \u30102026\u3011- IBERIAN CAMPS","description":"Wir bieten Ihnen die besten Feriencamps (Englisch Sommercamp, Spanisch Sommercamp, Franz\u00f6sisch Sommercamp, Sport-Sommercamps...) im S\u00fcdosten Spaniens. Ausgezeichnete Einrichtungen!","robots":{"index":"index","follow":"follow","max-snippet":"max-snippet:-1","max-image-preview":"max-image-preview:large","max-video-preview":"max-video-preview:-1"},"canonical":"https:\/\/iberiancamps.com\/de\/","og_locale":"de_DE","og_type":"article","og_title":"Startseite","og_description":"Wir bieten Ihnen die besten Feriencamps (Englisch Sommercamp, Spanisch Sommercamp, Franz\u00f6sisch Sommercamp, Sport-Sommercamps...) im S\u00fcdosten Spaniens. Ausgezeichnete Einrichtungen!","og_url":"https:\/\/iberiancamps.com\/de\/","og_site_name":"IBERIAN CAMPS","article_publisher":"https:\/\/www.facebook.com\/iberiancamps","article_modified_time":"2025-09-30T10:29:08+00:00","og_image":[{"url":"https:\/\/iberiancamps.com\/wp-content\/uploads\/2017\/03\/004-alicante.png","type":"","width":"","height":""}],"twitter_card":"summary_large_image","twitter_misc":{"Gesch\u00e4tzte Lesezeit":"4\u00a0Minuten"},"schema":{"@context":"https:\/\/schema.org","@graph":[{"@type":"WebPage","@id":"https:\/\/iberiancamps.com\/de\/","url":"https:\/\/iberiancamps.com\/de\/","name":"\u25b7 Ferienlager in Spanien \u30102026\u3011- IBERIAN CAMPS","isPartOf":{"@id":"https:\/\/iberiancamps.com\/de\/#website"},"primaryImageOfPage":{"@id":"https:\/\/iberiancamps.com\/de\/#primaryimage"},"image":{"@id":"https:\/\/iberiancamps.com\/de\/#primaryimage"},"thumbnailUrl":"https:\/\/iberiancamps.com\/wp-content\/uploads\/2017\/03\/004-alicante.png","datePublished":"2017-03-23T12:31:46+00:00","dateModified":"2025-09-30T10:29:08+00:00","description":"Wir bieten Ihnen die besten Feriencamps (Englisch Sommercamp, Spanisch Sommercamp, Franz\u00f6sisch Sommercamp, Sport-Sommercamps...) im S\u00fcdosten Spaniens. Ausgezeichnete Einrichtungen!","breadcrumb":{"@id":"https:\/\/iberiancamps.com\/de\/#breadcrumb"},"inLanguage":"de","potentialAction":[{"@type":"ReadAction","target":["https:\/\/iberiancamps.com\/de\/"]}]},{"@type":"ImageObject","inLanguage":"de","@id":"https:\/\/iberiancamps.com\/de\/#primaryimage","url":"https:\/\/iberiancamps.com\/wp-content\/uploads\/2017\/03\/004-alicante.png","contentUrl":"https:\/\/iberiancamps.com\/wp-content\/uploads\/2017\/03\/004-alicante.png"},{"@type":"BreadcrumbList","@id":"https:\/\/iberiancamps.com\/de\/#breadcrumb","itemListElement":[{"@type":"ListItem","position":1,"name":"Portada","item":"https:\/\/iberiancamps.com\/de\/"},{"@type":"ListItem","position":2,"name":"Startseite"}]},{"@type":"WebSite","@id":"https:\/\/iberiancamps.com\/de\/#website","url":"https:\/\/iberiancamps.com\/de\/","name":"IBERIAN CAMPS","description":"The Language Experience","publisher":{"@id":"https:\/\/iberiancamps.com\/de\/#organization"},"potentialAction":[{"@type":"SearchAction","target":{"@type":"EntryPoint","urlTemplate":"https:\/\/iberiancamps.com\/de\/?s={search_term_string}"},"query-input":{"@type":"PropertyValueSpecification","valueRequired":true,"valueName":"search_term_string"}}],"inLanguage":"de"},{"@type":"Organization","@id":"https:\/\/iberiancamps.com\/de\/#organization","name":"IBERIAN CAMPS","url":"https:\/\/iberiancamps.com\/de\/","logo":{"@type":"ImageObject","inLanguage":"de","@id":"https:\/\/iberiancamps.com\/de\/#\/schema\/logo\/image\/","url":"https:\/\/iberiancamps.com\/wp-content\/uploads\/2017\/03\/logo.png","contentUrl":"https:\/\/iberiancamps.com\/wp-content\/uploads\/2017\/03\/logo.png","width":300,"height":233,"caption":"IBERIAN CAMPS"},"image":{"@id":"https:\/\/iberiancamps.com\/de\/#\/schema\/logo\/image\/"},"sameAs":["https:\/\/www.facebook.com\/iberiancamps","https:\/\/www.youtube.com\/iberiancamps","https:\/\/www.instagram.com\/iberiancamps"]}]}},"_links":{"self":[{"href":"https:\/\/iberiancamps.com\/de\/wp-json\/wp\/v2\/pages\/10974","targetHints":{"allow":["GET"]}}],"collection":[{"href":"https:\/\/iberiancamps.com\/de\/wp-json\/wp\/v2\/pages"}],"about":[{"href":"https:\/\/iberiancamps.com\/de\/wp-json\/wp\/v2\/types\/page"}],"author":[{"embeddable":true,"href":"https:\/\/iberiancamps.com\/de\/wp-json\/wp\/v2\/users\/1"}],"replies":[{"embeddable":true,"href":"https:\/\/iberiancamps.com\/de\/wp-json\/wp\/v2\/comments?post=10974"}],"version-history":[{"count":12,"href":"https:\/\/iberiancamps.com\/de\/wp-json\/wp\/v2\/pages\/10974\/revisions"}],"predecessor-version":[{"id":13627,"href":"https:\/\/iberiancamps.com\/de\/wp-json\/wp\/v2\/pages\/10974\/revisions\/13627"}],"wp:attachment":[{"href":"https:\/\/iberiancamps.com\/de\/wp-json\/wp\/v2\/media?parent=10974"}],"curies":[{"name":"wp","href":"https:\/\/api.w.org\/{rel}","templated":true}]}}