{"id":10798,"date":"2017-10-18T23:47:03","date_gmt":"2017-10-18T23:47:03","guid":{"rendered":"http:\/\/iberiancamps.com\/campamento-de-tenis-ferrero-stage\/"},"modified":"2026-01-22T10:28:25","modified_gmt":"2026-01-22T10:28:25","slug":"camp-tennis","status":"publish","type":"page","link":"https:\/\/iberiancamps.com\/fr\/camp-tennis\/","title":{"rendered":"Camp de tennis &#8216;Ferrero Stage&#8217;"},"content":{"rendered":"<p>[vc_row full_width=&#8221;stretch_row&#8221; css=&#8221;.vc_custom_1575478795453{margin-top: -80px !important;background-image: url(https:\/\/iberiancamps.com\/wp-content\/uploads\/2019\/12\/campamento-tenis-1.jpg?id=12056) !important;}&#8221;][vc_column][vc_empty_space height=&#8221;300px&#8221;][vc_column_text css=&#8221;.vc_custom_1669203149535{padding-top: 0px !important;padding-right: 10px !important;padding-bottom: 10px !important;padding-left: 10px !important;background-color: rgba(248,248,248,0.89) !important;*background-color: rgb(248,248,248) !important;}&#8221;]<\/p>\n<h1 style=\"text-align: center;\">Camp de tennis &#8220;Ferrero Stage&#8221; 2026<\/h1>\n<p>[\/vc_column_text][vc_separator color=&#8221;white&#8221; css=&#8221;.vc_custom_1490176660267{padding-top: 10px !important;padding-bottom: 10px !important;}&#8221;][vc_empty_space height=&#8221;50px&#8221;][\/vc_column][\/vc_row][vc_row full_width=&#8221;stretch_row&#8221; gap=&#8221;20&#8243; equal_height=&#8221;yes&#8221; el_id=&#8221;info-general&#8221;][vc_column width=&#8221;1\/2&#8243;][vc_column_text 0=&#8221;&#8221;]Si\u00a0vous avez un enfant de <strong>8 \u00e0 16 ans<\/strong> dont la passion est le tennis ou qui aimerait y jouer, nous avons un plan parfait pour lui cet \u00e9t\u00e9: le\u00a0<strong>Camp de tennis \u201cFerrero Stage\u201d\u00a0<\/strong>dans la Tennis Academy de Juan Carlos Ferrero, un num\u00e9ro 1 de l\u2019ATP.<\/p>\n<p>Ces derni\u00e8res ann\u00e9es, l\u2019Espagne est devenue la meilleure \u00e9cole de joueurs de tennis au monde, autant dans la cat\u00e9gorie f\u00e9minine comme dans la masculine, et c\u2019est pour cela qu\u2019elle est la destination id\u00e9ale pour profiter de ce sport.<\/p>\n<p>Chez Iberian Camps, nous sommes heureux de travailler avec la prestigieuse acad\u00e9mie de \u00a0Juan Carlos Ferrero, qui accueille chaque ann\u00e9e des joueurs de plus de 30 nationalit\u00e9s. Elle se situe \u00e0 <strong>Villena (Alicante)<\/strong> et chaque ann\u00e9e, elle propose ce fantastique stage d\u2019\u00e9t\u00e9, o\u00f9 il est possible d\u2019apprendre et d\u2019am\u00e9liorer son niveau de tennis, ainsi que de se distraire, d\u2019apprendre des langues et de se d\u00e9velopper socialement parlant. Cette colonie sportive permet \u00e9galement de jouer avec des joueurs professionnels, ainsi que de cohabiter avec eux et de conna\u00eetre un des n\u00ba1 mondiaux.<\/p>\n<p>Disponible les 3 mois d\u2019\u00e9t\u00e9 (<strong>juin, juillet et ao\u00fbt<\/strong>), ce stage se d\u00e9roule dans une\u00a0 acad\u00e9mie de plus de <strong>15 ans d\u2019exp\u00e9rience dans la formation<\/strong>\u00a0de jeunes tennismen des quatre coins du monde.<\/p>\n<p>Avec un programme adapt\u00e9 \u00e0 chaque niveau, les \u00e9l\u00e8ves peuvent profiter de leur s\u00e9jour pour d\u00e9couvrir l\u2019exp\u00e9rience de s\u2019entra\u00eener comme le font toute l\u2019ann\u00e9e les joueurs qui souhaitent appartenir, ou appartiennent d\u00e9j\u00e0, au tennis professionnel.[\/vc_column_text][vc_empty_space 0=&#8221;&#8221;][\/vc_column][vc_column width=&#8221;1\/2&#8243; css=&#8221;.vc_custom_1537355147457{background-color: #49b7a1 !important;border-radius: 10px !important;}&#8221;][vc_column_text 0=&#8221;&#8221;]<\/p>\n<h3 style=\"text-align: center;\"><span style=\"color: #ffffff;\">Si vous souhaitez plus d\u2019information, merci de nous indiquer:<\/span><\/h3>\n<p>[\/vc_column_text]\n<div class=\"wpcf7 no-js\" id=\"wpcf7-f10061-o1\" lang=\"es-ES\" dir=\"ltr\" data-wpcf7-id=\"10061\">\n<div class=\"screen-reader-response\"><p role=\"status\" aria-live=\"polite\" aria-atomic=\"true\"><\/p> <ul><\/ul><\/div>\n<form action=\"\/fr\/wp-json\/wp\/v2\/pages\/10798#wpcf7-f10061-o1\" method=\"post\" class=\"wpcf7-form init cf7-style\" aria-label=\"Formulario de contacto\" novalidate=\"novalidate\" data-status=\"init\">\n<fieldset class=\"hidden-fields-container\"><input type=\"hidden\" name=\"_wpcf7\" value=\"10061\" \/><input type=\"hidden\" name=\"_wpcf7_version\" value=\"6.1.5\" \/><input type=\"hidden\" name=\"_wpcf7_locale\" value=\"es_ES\" \/><input type=\"hidden\" name=\"_wpcf7_unit_tag\" value=\"wpcf7-f10061-o1\" \/><input type=\"hidden\" name=\"_wpcf7_container_post\" value=\"0\" \/><input type=\"hidden\" name=\"_wpcf7_posted_data_hash\" value=\"\" \/><input type=\"hidden\" name=\"_wpcf7cf_hidden_group_fields\" value=\"[]\" \/><input type=\"hidden\" name=\"_wpcf7cf_hidden_groups\" value=\"[]\" \/><input type=\"hidden\" name=\"_wpcf7cf_visible_groups\" value=\"[]\" \/><input type=\"hidden\" name=\"_wpcf7cf_repeaters\" value=\"[]\" \/><input type=\"hidden\" name=\"_wpcf7cf_steps\" value=\"{}\" \/><input type=\"hidden\" name=\"_wpcf7cf_options\" value=\"{&quot;form_id&quot;:10061,&quot;conditions&quot;:[{&quot;then_field&quot;:&quot;verano2022-espanol&quot;,&quot;and_rules&quot;:[{&quot;if_field&quot;:&quot;programa&quot;,&quot;operator&quot;:&quot;equals&quot;,&quot;if_value&quot;:&quot;1. Camp d\\u2019Espagnol&quot;}]},{&quot;then_field&quot;:&quot;verano2022-ingles&quot;,&quot;and_rules&quot;:[{&quot;if_field&quot;:&quot;programa&quot;,&quot;operator&quot;:&quot;equals&quot;,&quot;if_value&quot;:&quot;2. Camp d\\u2019Anglais&quot;}]},{&quot;then_field&quot;:&quot;verano2022-frances&quot;,&quot;and_rules&quot;:[{&quot;if_field&quot;:&quot;programa&quot;,&quot;operator&quot;:&quot;equals&quot;,&quot;if_value&quot;:&quot;3. Camp de Fran\\u00e7ais&quot;}]},{&quot;then_field&quot;:&quot;verano2022-espanol-dia&quot;,&quot;and_rules&quot;:[{&quot;if_field&quot;:&quot;programa&quot;,&quot;operator&quot;:&quot;equals&quot;,&quot;if_value&quot;:&quot;4. Camp d\\u2019Espagnol (camp de jour)&quot;}]},{&quot;then_field&quot;:&quot;verano2022-ingles-dia&quot;,&quot;and_rules&quot;:[{&quot;if_field&quot;:&quot;programa&quot;,&quot;operator&quot;:&quot;equals&quot;,&quot;if_value&quot;:&quot;5. Camp d\\u2019Anglais (camp de jour)&quot;}]},{&quot;then_field&quot;:&quot;verano2022-frances-dia&quot;,&quot;and_rules&quot;:[{&quot;if_field&quot;:&quot;programa&quot;,&quot;operator&quot;:&quot;equals&quot;,&quot;if_value&quot;:&quot;6. Camp de Fran\\u00e7ais (camp de jour)&quot;}]}],&quot;settings&quot;:{&quot;animation&quot;:&quot;yes&quot;,&quot;animation_intime&quot;:&quot;200&quot;,&quot;animation_outtime&quot;:&quot;200&quot;,&quot;conditions_ui&quot;:&quot;normal&quot;,&quot;notice_dismissed&quot;:&quot;&quot;,&quot;wpcf7cf_settings_saved&quot;:&quot;1&quot;,&quot;notice_dismissed_update-cf7-5.3.2&quot;:true,&quot;notice_dismissed_rollback-cf7-5.5.6&quot;:true}}\" \/><input type=\"hidden\" name=\"_wpcf7_recaptcha_response\" value=\"\" \/>\n<\/fieldset>\n<div style=\"background-color: #FFF; color:#666; padding: 25px; -webkit-border-radius: 5px 10px; \/* Safari *\/ -moz-border-radius: 5px 10px;\/*Firefox *\/\">\n\t<div id=\"responsive-form\" class=\"clearfix\">\n\t\t<div class=\"form-row\">\n\t\t\t<div class=\"column-half\">\n\t\t\t\t<p><span class=\"wpcf7-form-control-wrap\" data-name=\"nombre\"><input size=\"40\" maxlength=\"400\" class=\"wpcf7-form-control wpcf7-text wpcf7-validates-as-required\" aria-required=\"true\" aria-invalid=\"false\" placeholder=\"Nom et Pr\u00e9nom\" value=\"\" type=\"text\" name=\"nombre\" \/><\/span>\n\t\t\t\t<\/p>\n\t\t\t<\/div>\n\t\t\t<div class=\"column-half\">\n\t\t\t\t<p><span class=\"wpcf7-form-control-wrap\" data-name=\"correo\"><input size=\"40\" maxlength=\"400\" class=\"wpcf7-form-control wpcf7-email wpcf7-validates-as-required wpcf7-text wpcf7-validates-as-email\" aria-required=\"true\" aria-invalid=\"false\" placeholder=\"Email\" value=\"\" type=\"email\" name=\"correo\" \/><\/span>\n\t\t\t\t<\/p>\n\t\t\t<\/div>\n\t\t<\/div>\n\t\t<div class=\"form-row\">\n\t\t\t<div class=\"column-half\">\n\t\t\t\t<p><span class=\"wpcf7-form-control-wrap\" data-name=\"pais\"><input size=\"40\" maxlength=\"400\" class=\"wpcf7-form-control wpcf7-text wpcf7-validates-as-required\" aria-required=\"true\" aria-invalid=\"false\" placeholder=\"Pays\" value=\"\" type=\"text\" name=\"pais\" \/><\/span>\n\t\t\t\t<\/p>\n\t\t\t<\/div>\n\t\t\t<div class=\"column-half\">\n\t\t\t\t<p><span class=\"wpcf7-form-control-wrap\" data-name=\"telefono\"><input class=\"wpcf7-form-control wpcf7-number wpcf7-validates-as-number\" aria-invalid=\"false\" placeholder=\"T\u00e9l\u00e9phone\" value=\"\" type=\"number\" name=\"telefono\" \/><\/span>\n\t\t\t\t<\/p>\n\t\t\t<\/div>\n\t\t<\/div>\n\t\t<div class=\"form-row\">\n\t\t\t<div class=\"column-full\">\n\t\t\t\t<p>Programme:\n\t\t\t\t<\/p>\n\t\t\t\t<p><span class=\"wpcf7-form-control-wrap\" data-name=\"programa\"><select class=\"wpcf7-form-control wpcf7-select\" aria-invalid=\"false\" name=\"programa\"><option value=\"\">&#8212;Por favor, elige una opci\u00f3n&#8212;<\/option><option value=\"1. Camp d\u2019Espagnol\">1. Camp d\u2019Espagnol<\/option><option value=\"2. Camp d\u2019Anglais\">2. Camp d\u2019Anglais<\/option><option value=\"3. Camp de Fran\u00e7ais\">3. Camp de Fran\u00e7ais<\/option><option value=\"4. Camp d\u2019Espagnol (camp de jour)\">4. Camp d\u2019Espagnol (camp de jour)<\/option><option value=\"5. Camp d\u2019Anglais (camp de jour)\">5. Camp d\u2019Anglais (camp de jour)<\/option><option value=\"6. Camp de Fran\u00e7ais (camp de jour)\">6. Camp de Fran\u00e7ais (camp de jour)<\/option><option value=\"7. Stage de Tennis &#039;Ferrero Stage&#039;\">7. Stage de Tennis &#039;Ferrero Stage&#039;<\/option><option value=\"8. Camp de Football SIA VALENCIA\">8. Camp de Football SIA VALENCIA<\/option><option value=\"9. Autres programmes\">9. Autres programmes<\/option><\/select><\/span>\n\t\t\t\t<\/p>\n\t\t\t<\/div>\n\t\t<\/div>\n\t\t<div data-id=\"verano2022-espanol\" data-orig_data_id=\"verano2022-espanol\"  class=\"\" data-class=\"wpcf7cf_group\">\n\t\t\t<p>Activit\u00e9 de l'apr\u00e8s-midi:<br \/>\n<span class=\"wpcf7-form-control-wrap\" data-name=\"verano2022-espanol-tarde\"><select class=\"wpcf7-form-control wpcf7-select wpcf7-validates-as-required\" aria-required=\"true\" aria-invalid=\"false\" name=\"verano2022-espanol-tarde\"><option value=\"\">&#8212;Por favor, elige una opci\u00f3n&#8212;<\/option><option value=\"Pas encore d\u00e9cid\u00e9\">Pas encore d\u00e9cid\u00e9<\/option><option value=\"Multisports\">Multisports<\/option><option value=\"Art et Culture\">Art et Culture<\/option><option value=\"Golf\">Golf<\/option><option value=\"Football\">Football<\/option><option value=\"Basket\">Basket<\/option><\/select><\/span>\n\t\t\t<\/p>\n\t\t<\/div>\n\t\t<div data-id=\"verano2022-ingles\" data-orig_data_id=\"verano2022-ingles\"  class=\"\" data-class=\"wpcf7cf_group\">\n\t\t\t<p>Activit\u00e9 de l'apr\u00e8s-midi:<br \/>\n<span class=\"wpcf7-form-control-wrap\" data-name=\"verano2022-ingles-tarde\"><select class=\"wpcf7-form-control wpcf7-select wpcf7-validates-as-required\" aria-required=\"true\" aria-invalid=\"false\" name=\"verano2022-ingles-tarde\"><option value=\"\">&#8212;Por favor, elige una opci\u00f3n&#8212;<\/option><option value=\"Pas encore d\u00e9cid\u00e9\">Pas encore d\u00e9cid\u00e9<\/option><option value=\"Multisports\">Multisports<\/option><option value=\"Art et Culture\">Art et Culture<\/option><option value=\"Golf\">Golf<\/option><option value=\"Football\">Football<\/option><option value=\"Basket\">Basket<\/option><\/select><\/span>\n\t\t\t<\/p>\n\t\t<\/div>\n\t\t<div data-id=\"verano2022-frances\" data-orig_data_id=\"verano2022-frances\"  class=\"\" data-class=\"wpcf7cf_group\">\n\t\t\t<p>Activit\u00e9 de l'apr\u00e8s-midi:<br \/>\n<span class=\"wpcf7-form-control-wrap\" data-name=\"verano2022-frances-tarde\"><select class=\"wpcf7-form-control wpcf7-select wpcf7-validates-as-required\" aria-required=\"true\" aria-invalid=\"false\" name=\"verano2022-frances-tarde\"><option value=\"\">&#8212;Por favor, elige una opci\u00f3n&#8212;<\/option><option value=\"Pas encore d\u00e9cid\u00e9\">Pas encore d\u00e9cid\u00e9<\/option><option value=\"Multisports\">Multisports<\/option><option value=\"Art et Culture\">Art et Culture<\/option><option value=\"Golf\">Golf<\/option><option value=\"Football\">Football<\/option><option value=\"Basket\">Basket<\/option><\/select><\/span>\n\t\t\t<\/p>\n\t\t<\/div>\n\t\t<div data-id=\"verano2022-espanol-dia\" data-orig_data_id=\"verano2022-espanol-dia\"  class=\"\" data-class=\"wpcf7cf_group\">\n\t\t\t<p>Activit\u00e9 de l'apr\u00e8s-midi:<br \/>\n<span class=\"wpcf7-form-control-wrap\" data-name=\"verano2022-espanol-dia-tarde\"><select class=\"wpcf7-form-control wpcf7-select wpcf7-validates-as-required\" aria-required=\"true\" aria-invalid=\"false\" name=\"verano2022-espanol-dia-tarde\"><option value=\"\">&#8212;Por favor, elige una opci\u00f3n&#8212;<\/option><option value=\"Pas encore d\u00e9cid\u00e9\">Pas encore d\u00e9cid\u00e9<\/option><option value=\"Multisports\">Multisports<\/option><option value=\"Art et Culture\">Art et Culture<\/option><option value=\"Golf\">Golf<\/option><option value=\"Football\">Football<\/option><option value=\"Basket\">Basket<\/option><\/select><\/span>\n\t\t\t<\/p>\n\t\t<\/div>\n\t\t<div data-id=\"verano2022-ingles-dia\" data-orig_data_id=\"verano2022-ingles-dia\"  class=\"\" data-class=\"wpcf7cf_group\">\n\t\t\t<p>Activit\u00e9 de l'apr\u00e8s-midi:<br \/>\n<span class=\"wpcf7-form-control-wrap\" data-name=\"verano2022-ingles-dia-tarde\"><select class=\"wpcf7-form-control wpcf7-select wpcf7-validates-as-required\" aria-required=\"true\" aria-invalid=\"false\" name=\"verano2022-ingles-dia-tarde\"><option value=\"\">&#8212;Por favor, elige una opci\u00f3n&#8212;<\/option><option value=\"Pas encore d\u00e9cid\u00e9\">Pas encore d\u00e9cid\u00e9<\/option><option value=\"Multisports\">Multisports<\/option><option value=\"Art et Culture\">Art et Culture<\/option><option value=\"Golf\">Golf<\/option><option value=\"Football\">Football<\/option><option value=\"Basket\">Basket<\/option><\/select><\/span>\n\t\t\t<\/p>\n\t\t<\/div>\n\t\t<div data-id=\"verano2022-frances-dia\" data-orig_data_id=\"verano2022-frances-dia\"  class=\"\" data-class=\"wpcf7cf_group\">\n\t\t\t<p>Activit\u00e9 de l'apr\u00e8s-midi:<br \/>\n<span class=\"wpcf7-form-control-wrap\" data-name=\"verano2022-frances-dia-tarde\"><select class=\"wpcf7-form-control wpcf7-select wpcf7-validates-as-required\" aria-required=\"true\" aria-invalid=\"false\" name=\"verano2022-frances-dia-tarde\"><option value=\"\">&#8212;Por favor, elige una opci\u00f3n&#8212;<\/option><option value=\"Pas encore d\u00e9cid\u00e9\">Pas encore d\u00e9cid\u00e9<\/option><option value=\"Multisports\">Multisports<\/option><option value=\"Art et Culture\">Art et Culture<\/option><option value=\"Golf\">Golf<\/option><option value=\"Football\">Football<\/option><option value=\"Basket\">Basket<\/option><\/select><\/span>\n\t\t\t<\/p>\n\t\t<\/div>\n\t\t<div class=\"form-row\">\n\t\t\t<div class=\"column-full\">\n\t\t\t\t<p><span class=\"wpcf7-form-control-wrap\" data-name=\"privacidad\"><span class=\"wpcf7-form-control wpcf7-acceptance\"><span class=\"wpcf7-list-item\"><input type=\"checkbox\" name=\"privacidad\" value=\"1\" aria-invalid=\"false\" \/><\/span><\/span><\/span> J'accepte la <a target=\"_blank\" href=\"https:\/\/iberiancamps.com\/fr\/politique-de-confidentialite\/\"> Politique de confidentialit\u00e9<\/a>.\n\t\t\t\t<\/p>\n\t\t\t<\/div>\n\t\t<\/div>\n\t\t<div class=\"form-row\">\n\t\t\t<div class=\"column-full\">\n\t\t\t\t<p><input class=\"wpcf7-form-control wpcf7-submit has-spinner\" type=\"submit\" value=\"Envoyer\" \/>\n\t\t\t\t<\/p>\n\t\t\t<\/div>\n\t\t<\/div>\n\t\t<p><span style=\"font-size:13px;\">Vos donn\u00e9es personnelles seront utilis\u00e9es uniquement dans le but de donner r\u00e9ponse \u00e0 vos demandes. Vous pouvez exercer vos droits d\u2019acc\u00e8s, modification, annulation, suppression, opposition et limitation du traitement et portabilit\u00e9 en nous \u00e9crivant \u00e0 info@iberiancamps.com.<\/span>\n\t\t<\/p>\n\t\t<p><span style=\"font-size:13px;\">Ce site est prot\u00e9g\u00e9 par reCAPTCHA et Google.<\/span>\n\t\t<\/p>\n\t<\/div><!--end responsive-form-->\n<\/div><input type='hidden' class='wpcf7-pum' value='{\"closepopup\":false,\"closedelay\":0,\"openpopup\":false,\"openpopup_id\":0}' \/><div class=\"wpcf7-response-output\" aria-hidden=\"true\"><\/div>\n<\/form>\n<\/div>\n[vc_empty_space 0=&#8221;&#8221;][\/vc_column][\/vc_row][vc_row 0=&#8221;&#8221; full_width=&#8221;stretch_row&#8221; css=&#8221;.vc_custom_1539864659281{background-color: #f8f8f8 !important;}&#8221; el_id=&#8221;fechas&#8221;][vc_column 0=&#8221;&#8221;][vc_column_text css=&#8221;.vc_custom_1669203513037{padding-top: 30px !important;padding-right: 50px !important;padding-bottom: 50px !important;padding-left: 50px !important;background-color: #f8f8f8 !important;}&#8221;]<\/p>\n<h2 style=\"text-align: center; margin-bottom: 20px;\">DATES \u00c9T\u00c9 2026<\/h2>\n<table style=\"border: 5px #FFF solid;\" width=\"100%\">\n<thead>\n<tr>\n<th style=\"background-color: #ed7563; text-align: center; border: #f8f8f8 5px solid;\"><span style=\"color: #ffffff;\">MOIS<\/span><\/th>\n<th style=\"background-color: #ed7563; text-align: center; border: #f8f8f8 5px solid;\"><span style=\"color: #ffffff;\">SEMAINE<\/span><\/th>\n<th style=\"background-color: #ed7563; text-align: center; border: #f8f8f8 5px solid;\"><span style=\"color: #ffffff;\">DATES<\/span><\/th>\n<\/tr>\n<\/thead>\n<tbody>\n<tr>\n<td style=\"background-color: #1bbc9b; text-align: center; border: #f8f8f8 5px solid;\"><strong><span style=\"color: #ffffff;\">JUIN<\/span><\/strong><\/td>\n<td style=\"background-color: #1bbc9b; text-align: center; border: #f8f8f8 5px solid;\"><span style=\"color: #ffffff;\">1<\/span><br \/>\n<span style=\"color: #ffffff;\">2<\/span><br \/>\n<span style=\"color: #ffffff;\">3<\/span><br \/>\n<span style=\"color: #ffffff;\">4<\/span><\/td>\n<td style=\"background-color: #1bbc9b; text-align: center; border: #f8f8f8 5px solid;\"><span style=\"color: #ffffff;\">Du 31 mai au 6 juin<\/span><br \/>\n<span style=\"color: #ffffff;\">Du 7 juin au 13 juin<br \/>\nDu 14 juin au 20 juin<br \/>\nDu 21 juin au 27 juin<br \/>\n<\/span><\/td>\n<\/tr>\n<tr>\n<td style=\"background-color: #1bbc9b; text-align: center; border: #f8f8f8 5px solid;\"><strong><span style=\"color: #ffffff;\">JUILLET<\/span><\/strong><\/td>\n<td style=\"background-color: #1bbc9b; text-align: center; border: #f8f8f8 5px solid;\"><span style=\"color: #ffffff;\">5<\/span><br \/>\n<span style=\"color: #ffffff;\">6<\/span><br \/>\n<span style=\"color: #ffffff;\">7<\/span><br \/>\n<span style=\"color: #ffffff;\">8<\/span><\/td>\n<td style=\"background-color: #1bbc9b; text-align: center; border: #f8f8f8 5px solid;\"><span style=\"color: #ffffff;\">Du 28 juin au 4 juillet<\/span><br \/>\n<span style=\"color: #ffffff;\">Du 5 juillet au 11 juillet<br \/>\n<\/span><span style=\"color: #ffffff;\">Du 12 juillet au 18 juillet<\/span><br \/>\n<span style=\"color: #ffffff;\">Du 19 juillet au 25 juillet<\/span><\/td>\n<\/tr>\n<tr>\n<td style=\"background-color: #1bbc9b; text-align: center; border: #f8f8f8 5px solid;\"><strong><span style=\"color: #ffffff;\">AO\u00dbT<\/span><\/strong><\/td>\n<td style=\"background-color: #1bbc9b; text-align: center; border: #f8f8f8 5px solid;\"><span style=\"color: #ffffff;\">9<\/span><br \/>\n<span style=\"color: #ffffff;\">10<\/span><br \/>\n<span style=\"color: #ffffff;\">11<\/span><br \/>\n<span style=\"color: #ffffff;\">12<\/span><br \/>\n<span style=\"color: #ffffff;\">13<\/span><\/td>\n<td style=\"background-color: #1bbc9b; text-align: center; border: #f8f8f8 5px solid;\"><span style=\"color: #ffffff;\">Du 26 juillet au 1 ao\u00fbt<\/span><br \/>\n<span style=\"color: #ffffff;\">Du 2 ao\u00fbt au 8 ao\u00fbt<br \/>\nDu 9 ao\u00fbt au 15 ao\u00fbt<br \/>\nDu 16 ao\u00fbt au 22 ao\u00fbt<br \/>\nDu 23 ao\u00fbt au 29 ao\u00fbt<br \/>\n<\/span><\/td>\n<\/tr>\n<\/tbody>\n<\/table>\n<p>[\/vc_column_text][\/vc_column][\/vc_row][vc_row 0=&#8221;&#8221; el_id=&#8221;organizacion&#8221;][vc_column 0=&#8221;&#8221;][vc_column_text 0=&#8221;&#8221;]<\/p>\n<h2 style=\"text-align: center;\">UNE SEMAINE DANS LE CAMP<\/h2>\n<p>[\/vc_column_text][\/vc_column][\/vc_row][vc_row full_width=&#8221;stretch_row&#8221; css=&#8221;.vc_custom_1508930922309{background-color: #1bbc9b !important;}&#8221;][vc_column][vc_column_text]<\/p>\n<table>\n<tbody>\n<tr>\n<th style=\"text-align: center; height: 21px; background-color: #ed7563; color: #fff; border: #1bbc9b 5px solid;\" width=\"33%\">DIMANCHE<\/th>\n<th style=\"text-align: center; height: 21px; background-color: #ed7563; color: #fff; border: #1bbc9b 5px solid;\" width=\"33%\"><strong>LUNDI \u00e0 VENDREDI<\/strong><\/th>\n<th style=\"text-align: center; height: 21px; background-color: #ed7563; color: #fff; border: #1bbc9b 5px solid;\" width=\"33%\">SAMEDI<\/th>\n<\/tr>\n<tr>\n<td style=\"text-align: center; height: 21px; background-color: #fff; border: #1bbc9b 5px solid;\">Jour de l\u2019arriv\u00e9e<\/td>\n<td style=\"text-align: center; height: 21px; background-color: #fff; border: #1bbc9b 5px solid;\">8.00: Petit-d\u00e9jeuner<\/td>\n<td style=\"text-align: center; height: 21px; background-color: #fff; border: #1bbc9b 5px solid;\">Jour du d\u00e9part<\/td>\n<\/tr>\n<tr>\n<td style=\"text-align: center; height: 90px; background-color: #fff; border: #1bbc9b 5px solid;\" rowspan=\"4\">Activit\u00e9s diverses (jeux pour conna\u00eetre les nouveaux compagnons)<\/td>\n<td style=\"text-align: center; height: 21px; background-color: #fff; border: #1bbc9b 5px solid;\">9.30: Entra\u00eenement<\/td>\n<td style=\"text-align: center; height: 21px; background-color: #fff; border: #1bbc9b 5px solid;\">8.00: Petit-d\u00e9jeuner<\/td>\n<\/tr>\n<tr>\n<td style=\"text-align: center; height: 21px; background-color: #fff; border: #1bbc9b 5px solid;\">11.20: Break<\/td>\n<td style=\"text-align: center; height: 71px; background-color: #fff; border: #1bbc9b 5px solid;\" rowspan=\"3\">9.30: Entra\u00eenement ludique (Clinic\/Olympiades\/gymkhanas)<\/td>\n<\/tr>\n<tr>\n<td style=\"text-align: center; height: 21px; background-color: #fff; border: #1bbc9b 5px solid;\">11.40: Entra\u00eenement<\/td>\n<\/tr>\n<tr>\n<td style=\"text-align: center; height: 21px; background-color: #fff; border: #1bbc9b 5px solid;\">13.30: Repos et piscine<\/td>\n<\/tr>\n<tr>\n<td style=\"text-align: center; height: 21px; background-color: #fff; border: #1bbc9b 5px solid;\">13.30: D\u00e9jeuner<\/td>\n<td style=\"text-align: center; height: 21px; background-color: #fff; border: #1bbc9b 5px solid;\">14.00: D\u00e9jeuner<\/td>\n<td style=\"text-align: center; height: 21px; background-color: #fff; border: #1bbc9b 5px solid;\">13.30: D\u00e9jeuner<\/td>\n<\/tr>\n<tr>\n<td style=\"text-align: center; height: 90px; background-color: #fff; border: #1bbc9b 5px solid;\" rowspan=\"4\">Activit\u00e9s plus calmes, piscine\u2026 pour reprendre des forces pour la prochaine semaine<\/p>\n<p>R\u00e9union sur le fonctionnement<\/td>\n<td style=\"text-align: center; height: 21px; background-color: #fff; border: #1bbc9b 5px solid;\">16.00: Entra\u00eenement<\/td>\n<td style=\"text-align: center; height: 71px; background-color: #fff; border: #1bbc9b 5px solid;\" rowspan=\"3\">16.00: Tournoi interne<\/td>\n<\/tr>\n<tr>\n<td style=\"text-align: center; height: 21px; background-color: #fff; border: #1bbc9b 5px solid;\">17.20: Break<\/td>\n<\/tr>\n<tr>\n<td style=\"text-align: center; height: 21px; background-color: #fff; border: #1bbc9b 5px solid;\">17.40: Entra\u00eenement<\/td>\n<\/tr>\n<tr>\n<td style=\"text-align: center; height: 21px; background-color: #fff; border: #1bbc9b 5px solid;\">19.30: Piscine et distractions<\/td>\n<td style=\"text-align: center; height: 21px; background-color: #fff; border: #1bbc9b 5px solid;\">19.15: Piscine<\/td>\n<\/tr>\n<tr>\n<td style=\"text-align: center; height: 21px; background-color: #fff; border: #1bbc9b 5px solid;\">20.30: \u00a0D\u00eener<\/td>\n<td style=\"text-align: center; height: 21px; background-color: #fff; border: #1bbc9b 5px solid;\">20.30: \u00a0D\u00eener<\/td>\n<td style=\"text-align: center; height: 21px; background-color: #fff; border: #1bbc9b 5px solid;\">20.30: D\u00eener et animations<\/td>\n<\/tr>\n<tr>\n<td style=\"text-align: center; height: 21px; background-color: #fff; border: #1bbc9b 5px solid;\">23.00: Silence<\/td>\n<td style=\"text-align: center; height: 21px; background-color: #fff; border: #1bbc9b 5px solid;\">23.00: Silence<\/td>\n<td style=\"text-align: center; height: 21px; background-color: #fff; border: #1bbc9b 5px solid;\">23.00:\u00a0Silence<\/td>\n<\/tr>\n<\/tbody>\n<\/table>\n<h6><span style=\"color: #ffffff;\">* 1 dimanche sur 2, il y aura une excursion (parc aquatique, tourisme de ch\u00e2teaux ou plage)<br \/>\n* L&#8217;heure facultative quotidienne des langues (espagnol ou anglais) est donn\u00e9e pendant les heures de repos, de d\u00e9jeuner\/d\u00eener et\/ou de divertissement<\/span><\/h6>\n<h6 style=\"color: #fff;\"><\/h6>\n<p>[\/vc_column_text][vc_empty_space 0=&#8221;&#8221;][\/vc_column][\/vc_row][vc_row 0=&#8221;&#8221; el_id=&#8221;precios&#8221;][vc_column 0=&#8221;&#8221;][vc_column_text 0=&#8221;&#8221;]<\/p>\n<h2 style=\"text-align: center;\">PRIX<\/h2>\n<p>[\/vc_column_text][\/vc_column][\/vc_row][vc_row 0=&#8221;&#8221; equal_height=&#8221;yes&#8221;][vc_column 0=&#8221;&#8221; width=&#8221;1\/4&#8243;][vc_column_text css=&#8221;.vc_custom_1732620664678{padding-top: 15px !important;padding-right: 30px !important;padding-bottom: 30px !important;padding-left: 30px !important;background-color: #ed7563 !important;}&#8221;]<\/p>\n<h3 style=\"text-align: center;\"><span style=\"color: #ffffff;\">1 SEMAINE<\/span><\/h3>\n<h3 style=\"text-align: center;\"><span style=\"color: #ffffff;\"> <strong>1.720\u20ac<\/strong><\/span><\/h3>\n<h6 style=\"text-align: center;\"><\/h6>\n<p style=\"font-size: 13px;\"><span style=\"color: #ffffff;\"><strong>Le prix inclut:<\/strong><\/span><\/p>\n<p style=\"font-size: 13px; padding-left: 40px;\"><span style=\"color: #ffffff;\"><strong><strong>\u2022 H\u00e9bergement en chambre double ou triple, \u00e0 c\u00f4t\u00e9 de la piscine. Avec air conditionn\u00e9. Salles de bain partag\u00e9es.<\/strong><\/strong><\/span><\/p>\n<p style=\"font-size: 13px; padding-left: 40px;\"><span style=\"color: #ffffff;\"><strong>\u2022 Pension compl\u00e8te (5 repas).<\/strong><\/span><\/p>\n<p style=\"font-size: 13px; padding-left: 40px;\"><span style=\"color: #ffffff;\"><strong><strong>\u2022 <\/strong>Entra\u00eenement journalier de tennis et physique (s\u00e9ance matin et apr\u00e8s-midi).<\/strong><\/span><\/p>\n<p style=\"font-size: 13px; padding-left: 40px;\"><span style=\"color: #ffffff;\"><strong><strong>\u2022 <\/strong>Photos avec des joueurs professionnels si possibilit\u00e9: Juan Carlos Ferrero, Pablo Carre\u00f1o&#8230;<\/strong><\/span><\/p>\n<p style=\"font-size: 13px; padding-left: 40px;\"><span style=\"color: #ffffff;\"><strong><strong>\u2022 <\/strong>Utilisation de toutes les installations de l\u2019Acad\u00e9mie.<\/strong><\/span><\/p>\n<p style=\"font-size: 13px; padding-left: 40px;\"><span style=\"color: #ffffff;\"><strong><strong>\u2022 <\/strong>Service de physioth\u00e9rapie.<\/strong><\/span><\/p>\n<p style=\"font-size: 13px; padding-left: 40px;\"><span style=\"color: #ffffff;\"><strong><strong>\u2022 <\/strong>Activit\u00e9s r\u00e9cr\u00e9atives compl\u00e9mentaires<\/strong><\/span><\/p>\n<p style=\"font-size: 13px; padding-left: 40px;\"><span style=\"color: #ffffff;\"><strong><strong>\u2022 <\/strong>Assurance accidents.<\/strong><\/span><\/p>\n<p>[\/vc_column_text][\/vc_column][vc_column width=&#8221;1\/4&#8243;][vc_column_text css=&#8221;.vc_custom_1732620700054{padding-top: 15px !important;padding-right: 30px !important;padding-bottom: 30px !important;padding-left: 30px !important;background-color: #68d2d6 !important;}&#8221;]<\/p>\n<h3 style=\"text-align: center;\"><span style=\"color: #ffffff;\">2 SEMAINES<\/span><\/h3>\n<h3 style=\"text-align: center;\"><span style=\"color: #ffffff;\"> <strong>3.170\u20ac<\/strong><\/span><\/h3>\n<h6 style=\"text-align: center;\"><\/h6>\n<p style=\"font-size: 13px;\"><span style=\"color: #ffffff;\"><strong>Le prix inclut:<\/strong><\/span><\/p>\n<p style=\"font-size: 13px; padding-left: 40px;\"><span style=\"color: #ffffff;\"><strong><strong>\u2022 <\/strong>Tous les concepts compris pour une semaine.<\/strong><\/span><\/p>\n<p style=\"font-size: 13px; padding-left: 40px;\"><span style=\"color: #ffffff;\"><strong><strong>\u2022 <\/strong>Tournoi interne.<\/strong><\/span><\/p>\n<p style=\"font-size: 13px; padding-left: 40px;\"><span style=\"color: #ffffff;\"><strong><strong>\u2022 <\/strong>Activit\u00e9s r\u00e9cr\u00e9atives compl\u00e9mentaires ou excursion le dimanche.<\/strong><\/span><\/p>\n<p style=\"font-size: 13px; padding-left: 40px;\"><span style=\"color: #ffffff;\"><strong><strong>\u2022 <\/strong>R\u00e9alisation p\u00e9riodique de tests physiques, psychologiques et techniques avec vid\u00e9o-analyse par le biais du syst\u00e8me de court intelligent Playsight.<\/strong><\/span><\/p>\n<p>[\/vc_column_text][\/vc_column][vc_column width=&#8221;1\/4&#8243;][vc_column_text css=&#8221;.vc_custom_1732620736270{padding-top: 15px !important;padding-right: 30px !important;padding-bottom: 30px !important;padding-left: 30px !important;background-color: #d8cb54 !important;}&#8221;]<\/p>\n<h3 style=\"text-align: center;\"><span style=\"color: #ffffff;\">3 SEMAINES<\/span><\/h3>\n<h3 style=\"text-align: center;\"><span style=\"color: #ffffff;\"> <strong>4.520\u20ac<\/strong><\/span><\/h3>\n<h6 style=\"text-align: center;\"><\/h6>\n<p style=\"font-size: 13px;\"><span style=\"color: #ffffff;\"><strong>Le prix inclut:<\/strong><\/span><\/p>\n<p style=\"font-size: 13px; padding-left: 40px;\"><span style=\"color: #ffffff;\"><strong><strong>\u2022 <\/strong>Tous les concepts compris pour 2 semaines.<\/strong><\/span><\/p>\n<p style=\"font-size: 13px; padding-left: 40px;\"><span style=\"color: #ffffff;\"><strong><strong>\u2022 <\/strong>Organisation d\u2019un tournoi externe+Coaching<\/strong><\/span><\/p>\n<p style=\"font-size: 13px;\"><span style=\"color: #ffffff;\"><strong>Sur demande expresse et si le niveau le permet:<\/strong><\/span><\/p>\n<p style=\"font-size: 13px; padding-left: 40px;\"><span style=\"color: #ffffff;\"><strong><strong>\u2022 <\/strong>S\u00e9ance de psychologie.<\/strong><\/span><\/p>\n<p style=\"font-size: 13px; padding-left: 40px;\"><span style=\"color: #ffffff;\"><strong><strong>\u2022 <\/strong>S\u00e9ance de nutrition.<\/strong><\/span><\/p>\n<p>[\/vc_column_text][\/vc_column][vc_column width=&#8221;1\/4&#8243;][vc_column_text css=&#8221;.vc_custom_1732620755853{padding-top: 15px !important;padding-right: 30px !important;padding-bottom: 30px !important;padding-left: 30px !important;background-color: #1bbc9b !important;}&#8221;]<\/p>\n<h3 style=\"text-align: center;\"><span style=\"color: #ffffff;\">4 SEMAINES<\/span><\/h3>\n<h3 style=\"text-align: center;\"><span style=\"color: #ffffff;\"> <strong>5.710\u20ac<\/strong><\/span><\/h3>\n<h6 style=\"text-align: center;\"><\/h6>\n<p style=\"font-size: 13px;\"><span style=\"color: #ffffff;\"><strong>Le prix inclut:<\/strong><\/span><\/p>\n<p style=\"font-size: 13px; padding-left: 40px;\"><span style=\"color: #ffffff;\"><strong><strong>\u2022 <\/strong>Tous les concepts compris pour 3 semaines.<\/strong><\/span><\/p>\n<p>[\/vc_column_text][\/vc_column][\/vc_row][vc_row 0=&#8221;&#8221;][vc_column 0=&#8221;&#8221;][vc_column_text 0=&#8221;&#8221;]<\/p>\n<p style=\"text-align: center;\"><strong>Remises:<\/strong><\/p>\n<p style=\"text-align: center;\">5% si le participant est venu l\u2019ann\u00e9e d\u2019avant<br \/>\n5% pour le 2<sup>\u00e8me<\/sup>\u00a0enfant inscrit<\/p>\n<p style=\"text-align: center;\"><strong>Le Prix n\u2019inclut pas:<\/strong><\/p>\n<p style=\"text-align: center;\">Les trajets depuis et vers l\u2019Acad\u00e9mie. Nous proposons un service de navette pour les trajets vers\/depuis l\u2019a\u00e9roport d\u2019Alicante (95\u20ac-115\u20ac\/voyage) et de Valence (165\u20ac-195\u20ac\/voyage)<br \/>\nCours de langues. 1 heure par jour (lundi \u00e0 vendredi) d\u2019espagnol ou anglais (95\u20ac).<br \/>\nPressing | Cordages de raquettes<\/p>\n<p>[\/vc_column_text][\/vc_column][\/vc_row][vc_row 0=&#8221;&#8221; el_id=&#8221;lugar&#8221;][vc_column 0=&#8221;&#8221;][vc_column_text 0=&#8221;&#8221;]<\/p>\n<h2 style=\"text-align: center;\">LIEU DU CAMP<\/h2>\n<p>[\/vc_column_text][\/vc_column][\/vc_row][vc_row full_width=&#8221;stretch_row&#8221; css=&#8221;.vc_custom_1508456319622{background-image: url(https:\/\/iberiancamps.com\/wp-content\/uploads\/2017\/10\/destacado-campamento-tenis-localiz2.jpg?id=9175) !important;}&#8221;][vc_column width=&#8221;1\/2&#8243; css=&#8221;.vc_custom_1490289690338{margin-bottom: 50px !important;}&#8221;][vc_empty_space 0=&#8221;&#8221;][vc_column_text css=&#8221;.vc_custom_1732620839877{padding-top: 30px !important;padding-right: 50px !important;padding-bottom: 50px !important;padding-left: 50px !important;background-color: rgba(248,248,248,0.9) !important;*background-color: rgb(248,248,248) !important;}&#8221;]<\/p>\n<h3>FERRERO TENNIS ACADEMY<\/h3>\n<p>Ce complexe sportif se trouve \u00e0 5 minutes de la ville de Villena, \u00e0 30 minutes en voiture de la plage et de l\u2019a\u00e9roport d\u2019Alicante, et \u00e0 2 heures en TGV de Madrid.<\/p>\n<p>Cette \u00e9cole est une des meilleures acad\u00e9mies de tennis du monde. Ses fantastiques installations et ses 120.000m2 de propri\u00e9t\u00e9 se trouve dans un endroit parfait pour permettre aux joueurs de se d\u00e9velopper et d\u2019apprendre en libert\u00e9 dans un environnement s\u00e9curis\u00e9 dans lequel ils peuvent travailler et se concentrer. L\u2019excellent climat tout au long de l\u2019ann\u00e9e est un des grands avantages de l\u2019acad\u00e9mie.<\/p>\n<p>Un important staff technique travaille tous les jours dans les installations. Une \u00e9quipe compl\u00e8te avec de l\u2019exp\u00e9rience en WTA et ATP r\u00e9pond \u00e0 tous les besoin des joueurs de mani\u00e8re personnalis\u00e9e.<\/p>\n<p>Un grand nombre de bons joueurs qui occupent les classements nationaux dans leurs cat\u00e9gories et m\u00eame internationaux, tels que Carlos Alcaraz (1ATP) et Pablo Carre\u00f1o-Busta (14ATP).[\/vc_column_text][vc_empty_space 0=&#8221;&#8221;][\/vc_column][vc_column width=&#8221;1\/2&#8243;][\/vc_column][\/vc_row][vc_row 0=&#8221;&#8221; css=&#8221;.vc_custom_1508949158357{background-color: #f8f8f8 !important;}&#8221;][vc_column 0=&#8221;&#8221;][vc_column_text css=&#8221;.vc_custom_1732620868166{padding-top: 30px !important;padding-right: 50px !important;padding-bottom: 50px !important;padding-left: 50px !important;background-color: rgba(248,248,248,0.89) !important;*background-color: rgb(248,248,248) !important;}&#8221;]<\/p>\n<h3>POURQUOI CHOISIR CETTE ACAD\u00c9MIE?<\/h3>\n<p>Plusieurs raisons mettent en avant cette \u00e9cole:<\/p>\n<p style=\"padding-left: 40px;\"><strong>\u2022<\/strong> L\u2019un des premiers joueurs de l\u2019acad\u00e9mie est devenu N\u00ba1 mondial.\u00a0<strong>Juan Carlos Ferrero<\/strong>\u00a0vit non seulement dans l\u2019acad\u00e9mie, mais il supervise aussi les entra\u00eenements et le calendrier, et n\u2019h\u00e9site pas \u00e0 entrer sur le court pour aider nos joueurs \u00e0 atteindre leurs objectifs.<\/p>\n<p style=\"padding-left: 40px;\"><strong>\u2022<\/strong> <strong>Carlos Alcaraz<\/strong>, qui s&#8217;est entra\u00een\u00e9 et a v\u00e9cu ici, a atteint le n\u00b01 de l&#8217;ATP (2022, 2023 et 2025) gr\u00e2ce \u00e0 ses efforts, son talent et ses programmes de formation dans cette Acad\u00e9mie.<\/p>\n<p style=\"padding-left: 40px;\"><strong>\u2022<\/strong> L\u2019ambiance familiale qui les caract\u00e9rise depuis 25 ans. Ils sont fiers de pr\u00e9senter l\u2019acad\u00e9mie comme une <strong>grande famille dans laquelle les employ\u00e9s et les joueurs cohabitent et apprennent ensemble.<\/strong><\/p>\n<p style=\"padding-left: 40px;\"><strong>\u2022<\/strong> C\u2019est l\u2019unique laur\u00e9ate du Prix de <strong>Reconnaissance de l\u2019Excellence Sportive Niveau OR<\/strong> remis par le Groupe Europ\u00e9en de Gestion et Conseil Sportif. De plus, l\u2019Association Mondiale d\u2019Entra\u00eeneurs Professionnels de Tennis, dont le si\u00e8ge est au Luxembourg, a reconnu l\u2019\u00e9cole comme une des\u00a0<strong>\u201cLeading Tennis Academies of the World\u201d<\/strong>\u00a0(meilleures acad\u00e9mies de tennis du monde).<\/p>\n<p style=\"padding-left: 40px;\"><strong>\u2022<\/strong> C\u2019est la seule acad\u00e9mie en Espagne qui dispose de la <strong>technologie<\/strong> \u201c<strong>Playsight\u201d, qui permet aux joueurs d\u2019apprendre et de s\u2019am\u00e9liorer plus rapidement.<\/strong> Gr\u00e2ce \u00e0 ce syst\u00e8me, pr\u00e9sent sur les 4 Grand Slams, les entra\u00eeneurs pr\u00e9parent un rapport sur le joueur, d\u00e9crivant les points forts et ceux \u00e0 am\u00e9liorer. D\u2019autres syst\u00e8mes de monitorage et d\u2019entra\u00eenement comme SVTA, INDIBA, VELOWING ou MY MENTAL GAME font d\u2019eux les n\u00ba1 en innovation.<\/p>\n<p>[\/vc_column_text][\/vc_column][\/vc_row][vc_row 0=&#8221;&#8221; full_width=&#8221;stretch_row&#8221; css=&#8221;.vc_custom_1508949301467{background-image: url(https:\/\/iberiancamps.com\/wp-content\/uploads\/2017\/10\/destacado-campamento-jcferrero.jpg?id=9447) !important;background-position: center !important;background-repeat: no-repeat !important;background-size: cover !important;}&#8221;][vc_column 0=&#8221;&#8221; width=&#8221;1\/3&#8243;][vc_empty_space 0=&#8221;&#8221; height=&#8221;100px&#8221;][vc_column_text]<\/p>\n<h3 style=\"text-align: right;\"><span style=\"color: #ffffff;\">Juan Carlos Ferrero<\/span><\/h3>\n<h4 style=\"text-align: right;\"><span style=\"color: #ffffff;\">Num\u00e9ro 1 ATP 2003<\/span><br \/>\n<span style=\"color: #ffffff;\">Vainqueur de Roland Garros 2003<\/span><br \/>\n<span style=\"color: #ffffff;\">Vainqueur de 4 Master 1000<\/span><br \/>\n<span style=\"color: #ffffff;\">Vainqueur de 3 Coupes Davis<\/span><\/h4>\n<p>[\/vc_column_text][vc_empty_space 0=&#8221;&#8221; height=&#8221;150px&#8221;][\/vc_column][vc_column width=&#8221;2\/3&#8243;][vc_empty_space 0=&#8221;&#8221;][\/vc_column][\/vc_row][vc_row 0=&#8221;&#8221; el_id=&#8221;instalaciones&#8221;][vc_column 0=&#8221;&#8221;][vc_column_text 0=&#8221;&#8221;]<\/p>\n<h2 style=\"text-align: center;\">INSTALLATIONS<\/h2>\n<p>[\/vc_column_text][vc_empty_space 0=&#8221;&#8221;][vc_gallery type=&#8221;image_grid&#8221; images=&#8221;9439,9289,9438,9442,9440,9441,9291,9283,9292,9294,9284,9293&#8243; img_size=&#8221;&#8221;][vc_empty_space 0=&#8221;&#8221;][vc_row_inner 0=&#8221;&#8221;][vc_column_inner width=&#8221;1\/3&#8243;][vc_column_text 0=&#8221;&#8221;]<strong>\u2022<\/strong> 12 courts en terre battue<\/p>\n<p><strong>\u2022<\/strong> 11 courts hard (quick court)<\/p>\n<p><strong>\u2022<\/strong> 1 court couvert hard court<\/p>\n<p><strong>\u2022<\/strong> Circuit de running 400m<\/p>\n<p><strong>\u2022<\/strong> Terrain de football\/beach volley[\/vc_column_text][vc_empty_space 0=&#8221;&#8221;][\/vc_column_inner][vc_column_inner width=&#8221;1\/3&#8243;][vc_column_text 0=&#8221;&#8221;]<strong>\u2022<\/strong> 3 courts de padel indoo<\/p>\n<p><strong>\u2022<\/strong> 5 courts de padel outdoor<\/p>\n<p><strong>\u2022<\/strong> Gymnase<\/p>\n<p><strong>\u2022<\/strong> R\u00e9sidence pour joueurs en chambres individuelles ou doubles<\/p>\n<p><strong>\u2022<\/strong> Hotel rural pour les parents<\/p>\n<p><strong>\u2022<\/strong> Centre d\u2019\u00e9tudes<\/p>\n<p><strong>\u2022<\/strong> Biblioth\u00e8que<\/p>\n<p><strong>\u2022<\/strong> Salle de s\u00e9jour pour joueurs[\/vc_column_text][vc_empty_space 0=&#8221;&#8221;][\/vc_column_inner][vc_column_inner width=&#8221;1\/3&#8243;][vc_column_text 0=&#8221;&#8221;]<strong>\u2022<\/strong> Salle de t\u00e9l\u00e9vision pour joueurs<\/p>\n<p><strong>\u2022<\/strong> Internet gratuit dans tout le complexe<\/p>\n<p><strong>\u2022<\/strong> Caf\u00e9t\u00e9ria et restaurant<\/p>\n<p><strong>\u2022<\/strong> 2 piscines<\/p>\n<p><strong>\u2022<\/strong> Jardins<\/p>\n<p><strong>\u2022<\/strong> Pressing<\/p>\n<p><strong>\u2022<\/strong> Clinique de physioth\u00e9rapie<\/p>\n<p><strong>\u2022<\/strong> Magasin de mat\u00e9riel sportif<\/p>\n<p><strong>\u2022<\/strong> Parking[\/vc_column_text][vc_empty_space 0=&#8221;&#8221;][\/vc_column_inner][\/vc_row_inner][\/vc_column][\/vc_row][vc_row 0=&#8221;&#8221; el_id=&#8221;servicios-complementarios&#8221;][vc_column 0=&#8221;&#8221;][vc_column_text 0=&#8221;&#8221;]<\/p>\n<h2 style=\"text-align: center;\">SERVICES SUPPL\u00c9MENTAIRES<\/h2>\n<p>[\/vc_column_text][\/vc_column][\/vc_row][vc_row 0=&#8221;&#8221; full_width=&#8221;stretch_row&#8221; css=&#8221;.vc_custom_1508455355026{background-color: #f8f8f8 !important;}&#8221;][vc_column 0=&#8221;&#8221; width=&#8221;1\/2&#8243;][vc_column_text]<\/p>\n<h4>H\u00f4tel Rural pour les parents et Restaurant<\/h4>\n<p>Nous disposons de chambres 4 \u00e9toiles pour les parents ou adultes dans une partie plus exclusive de l\u2019Acad\u00e9mie, ainsi que d\u2019un restaurant s\u00e9par\u00e9 de la salle \u00e0 manger des joueurs afin qu\u2019ils se sentent \u00e0 l\u2019aise lorsqu\u2019ils accompagnent ou rendent visite \u00e0 leurs enfants.<\/p>\n<p>Chambre double (pour une personne): 99\u20ac \/ nuit<br \/>\nChambre double: 124\u20ac \/ nuit<br \/>\nLit suppl\u00e9mentaire: 25\u20ac \/ nuit<\/p>\n<p><strong>Options:<\/strong><br \/>\n&#8211; Petit-d\u00e9jeuner 8\u20ac\/personne<br \/>\n&#8211; Demi-pension 24\u20ac\/personne<br \/>\n&#8211; Pension compl\u00e8te 42\u20ac\/personne[\/vc_column_text][\/vc_column][vc_column width=&#8221;1\/2&#8243;][vc_images_carousel images=&#8221;9161,9160,9159,9158&#8243; img_size=&#8221;540&#215;400&#8243;][\/vc_column][\/vc_row][vc_row 0=&#8221;&#8221; full_width=&#8221;stretch_row&#8221;][vc_column 0=&#8221;&#8221; width=&#8221;1\/3&#8243;][vc_column_text]<\/p>\n<h4>Physioth\u00e9rapie<\/h4>\n<p>L\u2019Acad\u00e9mie dispose d\u2019un Service de physioth\u00e9rapie.<\/p>\n<h4>Transport<\/h4>\n<p>Nous disposons d\u2019un Service de navette depuis l\u2019a\u00e9roport de Valence ou Alicante, ainsi que depuis la gare ferroviaire de Villena, Alicante ou Valence. De plus, les d\u00e9placements aux tournois, toujours en compagnie de l\u2019entra\u00eeneur, se font avec les v\u00e9hicules officiels de l\u2019Acad\u00e9mie.<\/p>\n<h4>Pressing<\/h4>\n<p>L\u2019Acad\u00e9mie dispose d\u2019un service de blanchisserie.[\/vc_column_text][vc_empty_space][\/vc_column][vc_column width=&#8221;1\/3&#8243;][vc_column_text]<\/p>\n<h4>Magasin de sport<\/h4>\n<p>L\u2019Acad\u00e9mie dispose d\u2019une boutique avec le mat\u00e9riel indispensable pour les entra\u00eenements: v\u00eatements, baskets, cordages, grips, casquettes, raquettes, etc.<\/p>\n<h4 style=\"line-height: 21.0pt; background: white; margin: 7.5pt 0cm 7.5pt 0cm;\"><span style=\"font-size: 13.5pt;\"><span lang=\"FR\" style=\"font-family: Signika, serif; color: #333333;\">Cordage de raquettes<\/span><\/span><\/h4>\n<p>Elle propose \u00e9galement un Service de cordages de raquettes rapide et efficace, ainsi que de conseil en cas de doute ou de changement de mod\u00e8le de raquette.<\/p>\n<h4>Excursions<\/h4>\n<p>Parcs th\u00e9matiques comme Terra M\u00edtica ou Aqualandia \u00e0 Benidorm, Paintball, Karting, etc.<\/p>\n<h4><\/h4>\n<p>[\/vc_column_text][vc_empty_space][\/vc_column][vc_column width=&#8221;1\/3&#8243;][vc_column_text]<\/p>\n<h4>Cours de langues<\/h4>\n<p>Les moniteurs et entra\u00eeneurs parleront en anglais ou en espagnol, selon la langue d\u2019origine des participants, mais les jeunes peuvent aussi choisit un cours de langues d\u2019une heure par jour (lundi \u00e0 vendredi) d\u2019espagnol ou anglais.<\/p>\n<h4>Internet<\/h4>\n<p>Connexion locale dans les chambres, et r\u00e9seau Wifi dans les parties communes de l\u2019Acad\u00e9mie.<\/p>\n<h4>Voyages<\/h4>\n<p>Le secr\u00e9tariat g\u00e8re tous les voyages du joueur, que ce soit pour les tournois ou le jour du d\u00e9part.[\/vc_column_text][\/vc_column][\/vc_row][vc_row 0=&#8221;&#8221; el_id=&#8221;localizacion&#8221;][vc_column 0=&#8221;&#8221;][vc_column_text 0=&#8221;&#8221;]<\/p>\n<h2 style=\"text-align: center;\">LOCALISATION<\/h2>\n<p><img decoding=\"async\" class=\"aligncenter\" src=\"https:\/\/iberiancamps.com\/wp-content\/uploads\/2024\/01\/LOGO-FERRERO-TENNIS-ACADEMY.png\" alt=\"Ferrero Tennis Academy\" \/>[\/vc_column_text][\/vc_column][\/vc_row][vc_row 0=&#8221;&#8221; full_width=&#8221;stretch_row&#8221; css=&#8221;.vc_custom_1508453458262{background-image: url(https:\/\/iberiancamps.com\/wp-content\/uploads\/2017\/10\/destacado-campamento-tenis-localiz.jpg?id=9153) !important;}&#8221;][vc_column 0=&#8221;&#8221; width=&#8221;2\/3&#8243;][vc_gmaps link=&#8221;#E-8_JTNDaWZyYW1lJTIwc3JjJTNEJTIyaHR0cHMlM0ElMkYlMkZ3d3cuZ29vZ2xlLmNvbSUyRm1hcHMlMkZlbWJlZCUzRnBiJTNEJTIxMW0xOCUyMTFtMTIlMjExbTMlMjExZDMxMTUuMjEyMzY3ODA3OTk5NyUyMTJkLTAuOTA4MjE3NjQ5MzI1MTI3NyUyMTNkMzguNjY2OTg3MTY3OTk4MTUlMjEybTMlMjExZjAlMjEyZjAlMjEzZjAlMjEzbTIlMjExaTEwMjQlMjEyaTc2OCUyMTRmMTMuMSUyMTNtMyUyMTFtMiUyMTFzMHhkNjE2MDA4ZGM3NzEwYmYlMjUzQTB4NzNmMWZjMDMxMjI5NWUxYyUyMTJzSnVhbiUyQkNhcmxvcyUyQkZlcnJlcm8lMkItJTJCRXF1ZWxpdGUlMkJTcG9ydCUyQkFjYWRlbXklMjE1ZTAlMjEzbTIlMjExc2VzJTIxMnNlcyUyMTR2MTUwODQ1MjQyMjExNSUyMiUyMHdpZHRoJTNEJTIyNjAwJTIyJTIwaGVpZ2h0JTNEJTIyNDgwJTIyJTIwZnJhbWVib3JkZXIlM0QlMjIwJTIyJTIwc3R5bGUlM0QlMjJib3JkZXIlM0EwJTIyJTIwYWxsb3dmdWxsc2NyZWVuJTNFJTNDJTJGaWZyYW1lJTNF&#8221;][vc_empty_space][\/vc_column][vc_column width=&#8221;1\/3&#8243;][vc_column_text css=&#8221;.vc_custom_1546626120922{padding-top: 50px !important;padding-right: 50px !important;padding-bottom: 50px !important;padding-left: 50px !important;background-color: rgba(248,248,248,0.9) !important;*background-color: rgb(248,248,248) !important;}&#8221;]<strong>Voiture<\/strong><\/p>\n<p>Voie rapide Madrid \u2013 Alicante A31, sortie 179 \u201cColonia del Morr\u00f3n\u201d<br \/>\nDepuis Villena: 4 km (5 min.)<br \/>\nDepuis Alicante: 50 km (25 min.)<br \/>\nDepuis Valence: 120 km (60 min.)<br \/>\nDepuis Madrid: 350 km (2h 50 min.)<\/p>\n<p><strong>Train<\/strong><\/p>\n<p>Gare de Villena: 5 min.<br \/>\nGare TGV Villena: 10 min. (Depuis Madrid, 2 heures de trajet)<br \/>\nGare d\u2019Alicante: 25 min.<\/p>\n<p><strong>Avion<\/strong><\/p>\n<p>A\u00e9roport d\u2019Alicante:\u00a0 30 min.<br \/>\nA\u00e9roport de Valence: 1 heure[\/vc_column_text][vc_empty_space][\/vc_column][\/vc_row][vc_row el_id=&#8221;guia-padres&#8221;][vc_column width=&#8221;1\/2&#8243;][vc_column_text]<\/p>\n<h3>GUIDE POUR LES PARENTS<\/h3>\n<p>Merci de votre confiance. Nous vous assurons que nous prendrons soin de votre fils\/fille comme si c\u2019\u00e9tait le n\u00f4tre et ferons tout notre possible pour qu\u2019il\/elle s\u2019amuse et apprenne tout au long de son s\u00e9jour.[\/vc_column_text][vc_empty_space][vc_tta_accordion active_section=&#8221;1&#8243; collapsible_all=&#8221;true&#8221;][vc_tta_section i_icon_fontawesome=&#8221;fa fa-plane&#8221; add_icon=&#8221;true&#8221; title=&#8221;Arriv\u00e9e&#8221; tab_id=&#8221;entrada&#8221;][vc_column_text]Le jour de l\u2019arriv\u00e9e sera le dimanche. A partir de 10h00. Dans la mesure du possible, avant l\u2019heure du d\u00e9jeuner. Sinon, il est important d\u2019arriver pour 17h afin de pouvoir assister \u00e0 la r\u00e9union de tout le staff du camp pour expliquer le fonctionnement.<\/p>\n<p>Au moment de l\u2019arriv\u00e9e, le participant devra aller \u00e0 la r\u00e9ception o\u00f9 sa carte d\u2019identit\u00e9 ou passeport lui sera demand\u00e9, ainsi que la carte Vitale.[\/vc_column_text][\/vc_tta_section][vc_tta_section i_icon_fontawesome=&#8221;fa fa-clock-o&#8221; add_icon=&#8221;true&#8221; title=&#8221;D\u00e9part&#8221; tab_id=&#8221;salida&#8221;][vc_column_text]Les d\u00e9parts auront lieu le dimanche. Les parents pourront venir chercher leur enfant le matin, \u00e0 partir de 9h30. Il n\u2019y a pas de probl\u00e8me pour\u00a0 qu\u2019il reste l\u2019apr\u00e8s-midi, mais il faudra pr\u00e9venir l\u2019organisation.<\/p>\n<p>De la m\u00eame mani\u00e8re, s\u2019il devait rester un jour de plus dans l\u2019acad\u00e9mie, le prix de la nuit suppl\u00e9mentaire sera de 70\u20ac et inclura les m\u00eames activit\u00e9s que les autres jours.[\/vc_column_text][\/vc_tta_section][vc_tta_section i_icon_fontawesome=&#8221;fa fa-credit-card-alt&#8221; add_icon=&#8221;true&#8221; title=&#8221;Argent de poche&#8221; tab_id=&#8221;dinero-bolsillo&#8221;][vc_column_text]L\u2019argent ne doit pas se garder dans les chambres. Il faut le laisser en R\u00e9ception. Le joueur pourra en disposer quand il le souhaitera. Dans le cas contraire, l\u2019Acad\u00e9mie ne pourra pas \u00eatre tenue responsable en cas de perte ou de vol. Les frais que peuvent avoir les \u00e9l\u00e8ves sont en principe ceux de caf\u00e9t\u00e9ria (maximum 5\u20ac par jour) ou lors des excursions programm\u00e9es.[\/vc_column_text][\/vc_tta_section][vc_tta_section i_icon_fontawesome=&#8221;fa fa-phone&#8221; add_icon=&#8221;true&#8221; title=&#8221;Contact avec les parents&#8221; tab_id=&#8221;contacto&#8221;][vc_column_text]Le meilleur moment pour appeler sera de 20.00 \u00e0 22.00, car les \u00e9l\u00e8ves auront d\u00e9j\u00e0 d\u00een\u00e9 et seront en train de r\u00e9aliser des activit\u00e9s avec nos moniteurs. Le t\u00e9l\u00e9phone de contact est celui de r\u00e9ception (+34) 965340013, qui se chargera de passer les appels.<\/p>\n<p>Les enfants n\u2019ont besoin d\u2019aucun appareil \u00e9lectronique, ni m\u00eame le t\u00e9l\u00e9phone portable. S\u2019ils viennent avec, ils devront le laisser dans le bureau de l\u2019\u00e9cole, et pourront l\u2019utiliser pour appeler leur famille pendant les heures mentionn\u00e9es auparavant.[\/vc_column_text][\/vc_tta_section][vc_tta_section i_icon_fontawesome=&#8221;fa fa-suitcase&#8221; add_icon=&#8221;true&#8221; title=&#8221;Conseils pour la valise&#8221; tab_id=&#8221;maleta&#8221;][vc_column_text]<strong>\u2022<\/strong> Baskets pour terre battue<\/p>\n<p><strong>\u2022<\/strong> Baskets de course et piste dure.<\/p>\n<p><strong>\u2022<\/strong> V\u00eatements de sport. Chaussettes, shorts, T-Shirts, casquette.<\/p>\n<p><strong>\u2022<\/strong> Affaires de piscine. Serviette. Maillot de bain, claquettes.<\/p>\n<p><strong>\u2022<\/strong> V\u00eatements pour le soir. Pantalon et sweat si n\u00e9cessaire pour le soir.<\/p>\n<p><strong>\u2022<\/strong> N\u00e9cessaire. Serviettes, shampoing, brosse \u00e0 cheveux, \u00e0 dents, dentifrice, cr\u00e8me.[\/vc_column_text][\/vc_tta_section][vc_tta_section i_icon_fontawesome=&#8221;fa fa-cloud&#8221; add_icon=&#8221;true&#8221; title=&#8221;Pressing&#8221; tab_id=&#8221;lavanderia&#8221;][vc_column_text]Les v\u00eatements doivent \u00eatre rang\u00e9s de lundi \u00e0 vendredi, et porter le nom du joueur afin de pouvoir les identifier correctement.<\/p>\n<p>L\u2019Acad\u00e9mie ne sera pas responsable des v\u00eatements sans nom perdus.[\/vc_column_text][\/vc_tta_section][\/vc_tta_accordion][\/vc_column][vc_column width=&#8221;1\/2&#8243;][vc_column_text]<\/p>\n<h3>TERMES ET CONDITIONS<\/h3>\n<p>IBERIAN CAMPS vous fournira le formulaire d\u2019inscription et se chargera de g\u00e9rer la r\u00e9servation de la colonie de vacances avec l\u2019\u00c9cole de JC Ferrero.<\/p>\n<p>L\u2019inscription sera consid\u00e9r\u00e9e comme r\u00e9alis\u00e9e une fois sign\u00e9 le formulaire d\u2019inscription et pay\u00e9 25% du total du stage sur le compte bancaire qui figure sur le formulaire. Le reste du montant devra \u00eatre r\u00e9gl\u00e9 int\u00e9gralement 15 jours avant le d\u00e9but du camp de tennis. Les annulations donneront lieu, selon les cas, aux remboursements suivants:<\/p>\n<p><strong>\u2022<\/strong> Si l\u2019annulation a lieu 4 semaines avant le d\u00e9but du programme, le remboursement sera de 100% des sommes vers\u00e9es.<\/p>\n<p><strong>\u2022<\/strong> Si l\u2019annulation a lieu entre 15 jours et 4 semaines avant le d\u00e9but du stage, le remboursement sera de 75%.<\/p>\n<p><strong>\u2022<\/strong> Si l\u2019annulation a lieu moins de 15 jours avant, il n\u2019y aura pas de remboursement, de m\u00eame que si le participant abandonne le programme une fois commenc\u00e9 (pour quelque motif que ce soit, y compris maladie)<\/p>\n<p>Le paiement pourra \u00eatre effectu\u00e9 par virement bancaire ou CB (information donn\u00e9e dans le formulaire d\u2019inscription).<\/p>\n<p><strong>Droits d\u2019image<\/strong><\/p>\n<p>L\u2019\u00e9l\u00e8ve et ses tuteurs consentent et autorisent que le mineur puisse \u00eatre pris en photo et film\u00e9, que ce soit dans l\u2019Acad\u00e9mie ou en dehors, pendant sa participation aux activit\u00e9s quotidiennes. De la m\u00eame mani\u00e8re, ils consentent et autorisent l\u2019Acad\u00e9mie et entreprises collaboratrices \u00e0 utiliser ces images sans compensation ni besoin de consentement le temps qu\u2019elles consid\u00e9reront n\u00e9cessaire.[\/vc_column_text][\/vc_column][\/vc_row][vc_row][vc_column][vc_empty_space][\/vc_column][\/vc_row][vc_row full_width=&#8221;stretch_row&#8221; css=&#8221;.vc_custom_1527241906032{background-color: #ed7563 !important;}&#8221; el_id=&#8221;me-interesa&#8221;][vc_column width=&#8221;1\/6&#8243;][\/vc_column][vc_column width=&#8221;2\/3&#8243;][vc_column_text 0=&#8221;&#8221;]<\/p>\n<h3 style=\"text-align: center;\"><span style=\"color: #ffffff;\">Consultez les Prix et disponibilit\u00e9s. Nous vous r\u00e9pondrons au plus vite.<\/span><\/h3>\n<p>[\/vc_column_text]\n<div class=\"wpcf7 no-js\" id=\"wpcf7-f10061-o2\" lang=\"es-ES\" dir=\"ltr\" data-wpcf7-id=\"10061\">\n<div class=\"screen-reader-response\"><p role=\"status\" aria-live=\"polite\" aria-atomic=\"true\"><\/p> <ul><\/ul><\/div>\n<form action=\"\/fr\/wp-json\/wp\/v2\/pages\/10798#wpcf7-f10061-o2\" method=\"post\" class=\"wpcf7-form init cf7-style\" aria-label=\"Formulario de contacto\" novalidate=\"novalidate\" data-status=\"init\">\n<fieldset class=\"hidden-fields-container\"><input type=\"hidden\" name=\"_wpcf7\" value=\"10061\" \/><input type=\"hidden\" name=\"_wpcf7_version\" value=\"6.1.5\" \/><input type=\"hidden\" name=\"_wpcf7_locale\" value=\"es_ES\" \/><input type=\"hidden\" name=\"_wpcf7_unit_tag\" value=\"wpcf7-f10061-o2\" \/><input type=\"hidden\" name=\"_wpcf7_container_post\" value=\"0\" \/><input type=\"hidden\" name=\"_wpcf7_posted_data_hash\" value=\"\" \/><input type=\"hidden\" name=\"_wpcf7cf_hidden_group_fields\" value=\"[]\" \/><input type=\"hidden\" name=\"_wpcf7cf_hidden_groups\" value=\"[]\" \/><input type=\"hidden\" name=\"_wpcf7cf_visible_groups\" value=\"[]\" \/><input type=\"hidden\" name=\"_wpcf7cf_repeaters\" value=\"[]\" \/><input type=\"hidden\" name=\"_wpcf7cf_steps\" value=\"{}\" \/><input type=\"hidden\" name=\"_wpcf7cf_options\" value=\"{&quot;form_id&quot;:10061,&quot;conditions&quot;:[{&quot;then_field&quot;:&quot;verano2022-espanol&quot;,&quot;and_rules&quot;:[{&quot;if_field&quot;:&quot;programa&quot;,&quot;operator&quot;:&quot;equals&quot;,&quot;if_value&quot;:&quot;1. Camp d\\u2019Espagnol&quot;}]},{&quot;then_field&quot;:&quot;verano2022-ingles&quot;,&quot;and_rules&quot;:[{&quot;if_field&quot;:&quot;programa&quot;,&quot;operator&quot;:&quot;equals&quot;,&quot;if_value&quot;:&quot;2. Camp d\\u2019Anglais&quot;}]},{&quot;then_field&quot;:&quot;verano2022-frances&quot;,&quot;and_rules&quot;:[{&quot;if_field&quot;:&quot;programa&quot;,&quot;operator&quot;:&quot;equals&quot;,&quot;if_value&quot;:&quot;3. Camp de Fran\\u00e7ais&quot;}]},{&quot;then_field&quot;:&quot;verano2022-espanol-dia&quot;,&quot;and_rules&quot;:[{&quot;if_field&quot;:&quot;programa&quot;,&quot;operator&quot;:&quot;equals&quot;,&quot;if_value&quot;:&quot;4. Camp d\\u2019Espagnol (camp de jour)&quot;}]},{&quot;then_field&quot;:&quot;verano2022-ingles-dia&quot;,&quot;and_rules&quot;:[{&quot;if_field&quot;:&quot;programa&quot;,&quot;operator&quot;:&quot;equals&quot;,&quot;if_value&quot;:&quot;5. Camp d\\u2019Anglais (camp de jour)&quot;}]},{&quot;then_field&quot;:&quot;verano2022-frances-dia&quot;,&quot;and_rules&quot;:[{&quot;if_field&quot;:&quot;programa&quot;,&quot;operator&quot;:&quot;equals&quot;,&quot;if_value&quot;:&quot;6. Camp de Fran\\u00e7ais (camp de jour)&quot;}]}],&quot;settings&quot;:{&quot;animation&quot;:&quot;yes&quot;,&quot;animation_intime&quot;:&quot;200&quot;,&quot;animation_outtime&quot;:&quot;200&quot;,&quot;conditions_ui&quot;:&quot;normal&quot;,&quot;notice_dismissed&quot;:&quot;&quot;,&quot;wpcf7cf_settings_saved&quot;:&quot;1&quot;,&quot;notice_dismissed_update-cf7-5.3.2&quot;:true,&quot;notice_dismissed_rollback-cf7-5.5.6&quot;:true}}\" \/><input type=\"hidden\" name=\"_wpcf7_recaptcha_response\" value=\"\" \/>\n<\/fieldset>\n<div style=\"background-color: #FFF; color:#666; padding: 25px; -webkit-border-radius: 5px 10px; \/* Safari *\/ -moz-border-radius: 5px 10px;\/*Firefox *\/\">\n\t<div id=\"responsive-form\" class=\"clearfix\">\n\t\t<div class=\"form-row\">\n\t\t\t<div class=\"column-half\">\n\t\t\t\t<p><span class=\"wpcf7-form-control-wrap\" data-name=\"nombre\"><input size=\"40\" maxlength=\"400\" class=\"wpcf7-form-control wpcf7-text wpcf7-validates-as-required\" aria-required=\"true\" aria-invalid=\"false\" placeholder=\"Nom et Pr\u00e9nom\" value=\"\" type=\"text\" name=\"nombre\" \/><\/span>\n\t\t\t\t<\/p>\n\t\t\t<\/div>\n\t\t\t<div class=\"column-half\">\n\t\t\t\t<p><span class=\"wpcf7-form-control-wrap\" data-name=\"correo\"><input size=\"40\" maxlength=\"400\" class=\"wpcf7-form-control wpcf7-email wpcf7-validates-as-required wpcf7-text wpcf7-validates-as-email\" aria-required=\"true\" aria-invalid=\"false\" placeholder=\"Email\" value=\"\" type=\"email\" name=\"correo\" \/><\/span>\n\t\t\t\t<\/p>\n\t\t\t<\/div>\n\t\t<\/div>\n\t\t<div class=\"form-row\">\n\t\t\t<div class=\"column-half\">\n\t\t\t\t<p><span class=\"wpcf7-form-control-wrap\" data-name=\"pais\"><input size=\"40\" maxlength=\"400\" class=\"wpcf7-form-control wpcf7-text wpcf7-validates-as-required\" aria-required=\"true\" aria-invalid=\"false\" placeholder=\"Pays\" value=\"\" type=\"text\" name=\"pais\" \/><\/span>\n\t\t\t\t<\/p>\n\t\t\t<\/div>\n\t\t\t<div class=\"column-half\">\n\t\t\t\t<p><span class=\"wpcf7-form-control-wrap\" data-name=\"telefono\"><input class=\"wpcf7-form-control wpcf7-number wpcf7-validates-as-number\" aria-invalid=\"false\" placeholder=\"T\u00e9l\u00e9phone\" value=\"\" type=\"number\" name=\"telefono\" \/><\/span>\n\t\t\t\t<\/p>\n\t\t\t<\/div>\n\t\t<\/div>\n\t\t<div class=\"form-row\">\n\t\t\t<div class=\"column-full\">\n\t\t\t\t<p>Programme:\n\t\t\t\t<\/p>\n\t\t\t\t<p><span class=\"wpcf7-form-control-wrap\" data-name=\"programa\"><select class=\"wpcf7-form-control wpcf7-select\" aria-invalid=\"false\" name=\"programa\"><option value=\"\">&#8212;Por favor, elige una opci\u00f3n&#8212;<\/option><option value=\"1. Camp d\u2019Espagnol\">1. Camp d\u2019Espagnol<\/option><option value=\"2. Camp d\u2019Anglais\">2. Camp d\u2019Anglais<\/option><option value=\"3. Camp de Fran\u00e7ais\">3. Camp de Fran\u00e7ais<\/option><option value=\"4. Camp d\u2019Espagnol (camp de jour)\">4. Camp d\u2019Espagnol (camp de jour)<\/option><option value=\"5. Camp d\u2019Anglais (camp de jour)\">5. Camp d\u2019Anglais (camp de jour)<\/option><option value=\"6. Camp de Fran\u00e7ais (camp de jour)\">6. Camp de Fran\u00e7ais (camp de jour)<\/option><option value=\"7. Stage de Tennis &#039;Ferrero Stage&#039;\">7. Stage de Tennis &#039;Ferrero Stage&#039;<\/option><option value=\"8. Camp de Football SIA VALENCIA\">8. Camp de Football SIA VALENCIA<\/option><option value=\"9. Autres programmes\">9. Autres programmes<\/option><\/select><\/span>\n\t\t\t\t<\/p>\n\t\t\t<\/div>\n\t\t<\/div>\n\t\t<div data-id=\"verano2022-espanol\" data-orig_data_id=\"verano2022-espanol\"  class=\"\" data-class=\"wpcf7cf_group\">\n\t\t\t<p>Activit\u00e9 de l'apr\u00e8s-midi:<br \/>\n<span class=\"wpcf7-form-control-wrap\" data-name=\"verano2022-espanol-tarde\"><select class=\"wpcf7-form-control wpcf7-select wpcf7-validates-as-required\" aria-required=\"true\" aria-invalid=\"false\" name=\"verano2022-espanol-tarde\"><option value=\"\">&#8212;Por favor, elige una opci\u00f3n&#8212;<\/option><option value=\"Pas encore d\u00e9cid\u00e9\">Pas encore d\u00e9cid\u00e9<\/option><option value=\"Multisports\">Multisports<\/option><option value=\"Art et Culture\">Art et Culture<\/option><option value=\"Golf\">Golf<\/option><option value=\"Football\">Football<\/option><option value=\"Basket\">Basket<\/option><\/select><\/span>\n\t\t\t<\/p>\n\t\t<\/div>\n\t\t<div data-id=\"verano2022-ingles\" data-orig_data_id=\"verano2022-ingles\"  class=\"\" data-class=\"wpcf7cf_group\">\n\t\t\t<p>Activit\u00e9 de l'apr\u00e8s-midi:<br \/>\n<span class=\"wpcf7-form-control-wrap\" data-name=\"verano2022-ingles-tarde\"><select class=\"wpcf7-form-control wpcf7-select wpcf7-validates-as-required\" aria-required=\"true\" aria-invalid=\"false\" name=\"verano2022-ingles-tarde\"><option value=\"\">&#8212;Por favor, elige una opci\u00f3n&#8212;<\/option><option value=\"Pas encore d\u00e9cid\u00e9\">Pas encore d\u00e9cid\u00e9<\/option><option value=\"Multisports\">Multisports<\/option><option value=\"Art et Culture\">Art et Culture<\/option><option value=\"Golf\">Golf<\/option><option value=\"Football\">Football<\/option><option value=\"Basket\">Basket<\/option><\/select><\/span>\n\t\t\t<\/p>\n\t\t<\/div>\n\t\t<div data-id=\"verano2022-frances\" data-orig_data_id=\"verano2022-frances\"  class=\"\" data-class=\"wpcf7cf_group\">\n\t\t\t<p>Activit\u00e9 de l'apr\u00e8s-midi:<br \/>\n<span class=\"wpcf7-form-control-wrap\" data-name=\"verano2022-frances-tarde\"><select class=\"wpcf7-form-control wpcf7-select wpcf7-validates-as-required\" aria-required=\"true\" aria-invalid=\"false\" name=\"verano2022-frances-tarde\"><option value=\"\">&#8212;Por favor, elige una opci\u00f3n&#8212;<\/option><option value=\"Pas encore d\u00e9cid\u00e9\">Pas encore d\u00e9cid\u00e9<\/option><option value=\"Multisports\">Multisports<\/option><option value=\"Art et Culture\">Art et Culture<\/option><option value=\"Golf\">Golf<\/option><option value=\"Football\">Football<\/option><option value=\"Basket\">Basket<\/option><\/select><\/span>\n\t\t\t<\/p>\n\t\t<\/div>\n\t\t<div data-id=\"verano2022-espanol-dia\" data-orig_data_id=\"verano2022-espanol-dia\"  class=\"\" data-class=\"wpcf7cf_group\">\n\t\t\t<p>Activit\u00e9 de l'apr\u00e8s-midi:<br \/>\n<span class=\"wpcf7-form-control-wrap\" data-name=\"verano2022-espanol-dia-tarde\"><select class=\"wpcf7-form-control wpcf7-select wpcf7-validates-as-required\" aria-required=\"true\" aria-invalid=\"false\" name=\"verano2022-espanol-dia-tarde\"><option value=\"\">&#8212;Por favor, elige una opci\u00f3n&#8212;<\/option><option value=\"Pas encore d\u00e9cid\u00e9\">Pas encore d\u00e9cid\u00e9<\/option><option value=\"Multisports\">Multisports<\/option><option value=\"Art et Culture\">Art et Culture<\/option><option value=\"Golf\">Golf<\/option><option value=\"Football\">Football<\/option><option value=\"Basket\">Basket<\/option><\/select><\/span>\n\t\t\t<\/p>\n\t\t<\/div>\n\t\t<div data-id=\"verano2022-ingles-dia\" data-orig_data_id=\"verano2022-ingles-dia\"  class=\"\" data-class=\"wpcf7cf_group\">\n\t\t\t<p>Activit\u00e9 de l'apr\u00e8s-midi:<br \/>\n<span class=\"wpcf7-form-control-wrap\" data-name=\"verano2022-ingles-dia-tarde\"><select class=\"wpcf7-form-control wpcf7-select wpcf7-validates-as-required\" aria-required=\"true\" aria-invalid=\"false\" name=\"verano2022-ingles-dia-tarde\"><option value=\"\">&#8212;Por favor, elige una opci\u00f3n&#8212;<\/option><option value=\"Pas encore d\u00e9cid\u00e9\">Pas encore d\u00e9cid\u00e9<\/option><option value=\"Multisports\">Multisports<\/option><option value=\"Art et Culture\">Art et Culture<\/option><option value=\"Golf\">Golf<\/option><option value=\"Football\">Football<\/option><option value=\"Basket\">Basket<\/option><\/select><\/span>\n\t\t\t<\/p>\n\t\t<\/div>\n\t\t<div data-id=\"verano2022-frances-dia\" data-orig_data_id=\"verano2022-frances-dia\"  class=\"\" data-class=\"wpcf7cf_group\">\n\t\t\t<p>Activit\u00e9 de l'apr\u00e8s-midi:<br \/>\n<span class=\"wpcf7-form-control-wrap\" data-name=\"verano2022-frances-dia-tarde\"><select class=\"wpcf7-form-control wpcf7-select wpcf7-validates-as-required\" aria-required=\"true\" aria-invalid=\"false\" name=\"verano2022-frances-dia-tarde\"><option value=\"\">&#8212;Por favor, elige una opci\u00f3n&#8212;<\/option><option value=\"Pas encore d\u00e9cid\u00e9\">Pas encore d\u00e9cid\u00e9<\/option><option value=\"Multisports\">Multisports<\/option><option value=\"Art et Culture\">Art et Culture<\/option><option value=\"Golf\">Golf<\/option><option value=\"Football\">Football<\/option><option value=\"Basket\">Basket<\/option><\/select><\/span>\n\t\t\t<\/p>\n\t\t<\/div>\n\t\t<div class=\"form-row\">\n\t\t\t<div class=\"column-full\">\n\t\t\t\t<p><span class=\"wpcf7-form-control-wrap\" data-name=\"privacidad\"><span class=\"wpcf7-form-control wpcf7-acceptance\"><span class=\"wpcf7-list-item\"><input type=\"checkbox\" name=\"privacidad\" value=\"1\" aria-invalid=\"false\" \/><\/span><\/span><\/span> J'accepte la <a target=\"_blank\" href=\"https:\/\/iberiancamps.com\/fr\/politique-de-confidentialite\/\"> Politique de confidentialit\u00e9<\/a>.\n\t\t\t\t<\/p>\n\t\t\t<\/div>\n\t\t<\/div>\n\t\t<div class=\"form-row\">\n\t\t\t<div class=\"column-full\">\n\t\t\t\t<p><input class=\"wpcf7-form-control wpcf7-submit has-spinner\" type=\"submit\" value=\"Envoyer\" \/>\n\t\t\t\t<\/p>\n\t\t\t<\/div>\n\t\t<\/div>\n\t\t<p><span style=\"font-size:13px;\">Vos donn\u00e9es personnelles seront utilis\u00e9es uniquement dans le but de donner r\u00e9ponse \u00e0 vos demandes. Vous pouvez exercer vos droits d\u2019acc\u00e8s, modification, annulation, suppression, opposition et limitation du traitement et portabilit\u00e9 en nous \u00e9crivant \u00e0 info@iberiancamps.com.<\/span>\n\t\t<\/p>\n\t\t<p><span style=\"font-size:13px;\">Ce site est prot\u00e9g\u00e9 par reCAPTCHA et Google.<\/span>\n\t\t<\/p>\n\t<\/div><!--end responsive-form-->\n<\/div><input type='hidden' class='wpcf7-pum' value='{\"closepopup\":false,\"closedelay\":0,\"openpopup\":false,\"openpopup_id\":0}' \/><div class=\"wpcf7-response-output\" aria-hidden=\"true\"><\/div>\n<\/form>\n<\/div>\n[vc_empty_space height=&#8221;50px&#8221;][\/vc_column][vc_column width=&#8221;1\/6&#8243;][\/vc_column][\/vc_row][vc_row][vc_column][vc_empty_space][\/vc_column][\/vc_row]<\/p>\n","protected":false},"excerpt":{"rendered":"<p>[vc_row full_width=&#8221;stretch_row&#8221; css=&#8221;.vc_custom_1575478795453{margin-top: -80px !important;background-image: url(https:\/\/iberiancamps.com\/wp-content\/uploads\/2019\/12\/campamento-tenis-1.jpg?id=12056) !important;}&#8221;][vc_column][vc_empty_space height=&#8221;300px&#8221;][vc_column_text css=&#8221;.vc_custom_1669203149535{padding-top: 0px !important;padding-right: 10px !important;padding-bottom: 10px !important;padding-left: 10px !important;background-color: rgba(248,248,248,0.89) !important;*background-color: rgb(248,248,248) !important;}&#8221;] Camp de tennis &#8220;Ferrero Stage&#8221; 2026 [\/vc_column_text][vc_separator color=&#8221;white&#8221; css=&#8221;.vc_custom_1490176660267{padding-top: 10px !important;padding-bottom: 10px !important;}&#8221;][vc_empty_space height=&#8221;50px&#8221;][\/vc_column][\/vc_row][vc_row full_width=&#8221;stretch_row&#8221; gap=&#8221;20&#8243; equal_height=&#8221;yes&#8221; el_id=&#8221;info-general&#8221;][vc_column width=&#8221;1\/2&#8243;][vc_column_text 0=&#8221;&#8221;]Si\u00a0vous avez un enfant de 8 \u00e0 16 ans dont la passion est le tennis<\/p>\n","protected":false},"author":1,"featured_media":0,"parent":0,"menu_order":0,"comment_status":"closed","ping_status":"closed","template":"","meta":{"footnotes":""},"class_list":["post-10798","page","type-page","status-publish","hentry"],"yoast_head":"<!-- This site is optimized with the Yoast SEO Premium plugin v18.2.1 (Yoast SEO v27.4) - https:\/\/yoast.com\/product\/yoast-seo-premium-wordpress\/ -->\n<title>\u25b7 Camp de tennis &#039;Ferrero Stage&#039; \u30102026\u3011- IBERIAN CAMPS<\/title>\n<meta name=\"description\" content=\"Stage de tennis officiel de la prestigieuse \u00e9cole Juan Carlos Ferrero. Complexe sportif haut de gamme et entra\u00eeneurs de premier ordre.\" \/>\n<meta name=\"robots\" content=\"index, follow, max-snippet:-1, max-image-preview:large, max-video-preview:-1\" \/>\n<link rel=\"canonical\" href=\"https:\/\/iberiancamps.com\/fr\/camp-tennis\/\" \/>\n<meta property=\"og:locale\" content=\"fr_FR\" \/>\n<meta property=\"og:type\" content=\"article\" \/>\n<meta property=\"og:title\" content=\"Camp de tennis &#039;Ferrero Stage&#039;\" \/>\n<meta property=\"og:description\" content=\"Stage de tennis officiel de la prestigieuse \u00e9cole Juan Carlos Ferrero. Complexe sportif haut de gamme et entra\u00eeneurs de premier ordre.\" \/>\n<meta property=\"og:url\" content=\"https:\/\/iberiancamps.com\/fr\/camp-tennis\/\" \/>\n<meta property=\"og:site_name\" content=\"IBERIAN CAMPS\" \/>\n<meta property=\"article:publisher\" content=\"https:\/\/www.facebook.com\/iberiancamps\" \/>\n<meta property=\"article:modified_time\" content=\"2026-01-22T10:28:25+00:00\" \/>\n<meta property=\"og:image\" content=\"https:\/\/iberiancamps.com\/wp-content\/uploads\/2024\/01\/LOGO-FERRERO-TENNIS-ACADEMY.png\" \/>\n<meta name=\"twitter:card\" content=\"summary_large_image\" \/>\n<meta name=\"twitter:label1\" content=\"Dur\u00e9e de lecture estim\u00e9e\" \/>\n\t<meta name=\"twitter:data1\" content=\"12 minutes\" \/>\n<script type=\"application\/ld+json\" class=\"yoast-schema-graph\">{\"@context\":\"https:\\\/\\\/schema.org\",\"@graph\":[{\"@type\":\"WebPage\",\"@id\":\"https:\\\/\\\/iberiancamps.com\\\/fr\\\/camp-tennis\\\/\",\"url\":\"https:\\\/\\\/iberiancamps.com\\\/fr\\\/camp-tennis\\\/\",\"name\":\"\u25b7 Camp de tennis 'Ferrero Stage' \u30102026\u3011- IBERIAN CAMPS\",\"isPartOf\":{\"@id\":\"https:\\\/\\\/iberiancamps.com\\\/fr\\\/#website\"},\"primaryImageOfPage\":{\"@id\":\"https:\\\/\\\/iberiancamps.com\\\/fr\\\/camp-tennis\\\/#primaryimage\"},\"image\":{\"@id\":\"https:\\\/\\\/iberiancamps.com\\\/fr\\\/camp-tennis\\\/#primaryimage\"},\"thumbnailUrl\":\"https:\\\/\\\/iberiancamps.com\\\/wp-content\\\/uploads\\\/2024\\\/01\\\/LOGO-FERRERO-TENNIS-ACADEMY.png\",\"datePublished\":\"2017-10-18T23:47:03+00:00\",\"dateModified\":\"2026-01-22T10:28:25+00:00\",\"description\":\"Stage de tennis officiel de la prestigieuse \u00e9cole Juan Carlos Ferrero. Complexe sportif haut de gamme et entra\u00eeneurs de premier ordre.\",\"breadcrumb\":{\"@id\":\"https:\\\/\\\/iberiancamps.com\\\/fr\\\/camp-tennis\\\/#breadcrumb\"},\"inLanguage\":\"fr-FR\",\"potentialAction\":[{\"@type\":\"ReadAction\",\"target\":[\"https:\\\/\\\/iberiancamps.com\\\/fr\\\/camp-tennis\\\/\"]}]},{\"@type\":\"ImageObject\",\"inLanguage\":\"fr-FR\",\"@id\":\"https:\\\/\\\/iberiancamps.com\\\/fr\\\/camp-tennis\\\/#primaryimage\",\"url\":\"https:\\\/\\\/iberiancamps.com\\\/wp-content\\\/uploads\\\/2024\\\/01\\\/LOGO-FERRERO-TENNIS-ACADEMY.png\",\"contentUrl\":\"https:\\\/\\\/iberiancamps.com\\\/wp-content\\\/uploads\\\/2024\\\/01\\\/LOGO-FERRERO-TENNIS-ACADEMY.png\"},{\"@type\":\"BreadcrumbList\",\"@id\":\"https:\\\/\\\/iberiancamps.com\\\/fr\\\/camp-tennis\\\/#breadcrumb\",\"itemListElement\":[{\"@type\":\"ListItem\",\"position\":1,\"name\":\"Portada\",\"item\":\"https:\\\/\\\/iberiancamps.com\\\/fr\\\/\"},{\"@type\":\"ListItem\",\"position\":2,\"name\":\"Camp de tennis &#8216;Ferrero Stage&#8217;\"}]},{\"@type\":\"WebSite\",\"@id\":\"https:\\\/\\\/iberiancamps.com\\\/fr\\\/#website\",\"url\":\"https:\\\/\\\/iberiancamps.com\\\/fr\\\/\",\"name\":\"IBERIAN CAMPS\",\"description\":\"The Language Experience\",\"publisher\":{\"@id\":\"https:\\\/\\\/iberiancamps.com\\\/fr\\\/#organization\"},\"potentialAction\":[{\"@type\":\"SearchAction\",\"target\":{\"@type\":\"EntryPoint\",\"urlTemplate\":\"https:\\\/\\\/iberiancamps.com\\\/fr\\\/?s={search_term_string}\"},\"query-input\":{\"@type\":\"PropertyValueSpecification\",\"valueRequired\":true,\"valueName\":\"search_term_string\"}}],\"inLanguage\":\"fr-FR\"},{\"@type\":\"Organization\",\"@id\":\"https:\\\/\\\/iberiancamps.com\\\/fr\\\/#organization\",\"name\":\"IBERIAN CAMPS\",\"url\":\"https:\\\/\\\/iberiancamps.com\\\/fr\\\/\",\"logo\":{\"@type\":\"ImageObject\",\"inLanguage\":\"fr-FR\",\"@id\":\"https:\\\/\\\/iberiancamps.com\\\/fr\\\/#\\\/schema\\\/logo\\\/image\\\/\",\"url\":\"https:\\\/\\\/iberiancamps.com\\\/wp-content\\\/uploads\\\/2017\\\/03\\\/logo.png\",\"contentUrl\":\"https:\\\/\\\/iberiancamps.com\\\/wp-content\\\/uploads\\\/2017\\\/03\\\/logo.png\",\"width\":300,\"height\":233,\"caption\":\"IBERIAN CAMPS\"},\"image\":{\"@id\":\"https:\\\/\\\/iberiancamps.com\\\/fr\\\/#\\\/schema\\\/logo\\\/image\\\/\"},\"sameAs\":[\"https:\\\/\\\/www.facebook.com\\\/iberiancamps\",\"https:\\\/\\\/www.youtube.com\\\/iberiancamps\",\"https:\\\/\\\/www.instagram.com\\\/iberiancamps\"]}]}<\/script>\n<!-- \/ Yoast SEO Premium plugin. -->","yoast_head_json":{"title":"\u25b7 Camp de tennis 'Ferrero Stage' \u30102026\u3011- IBERIAN CAMPS","description":"Stage de tennis officiel de la prestigieuse \u00e9cole Juan Carlos Ferrero. Complexe sportif haut de gamme et entra\u00eeneurs de premier ordre.","robots":{"index":"index","follow":"follow","max-snippet":"max-snippet:-1","max-image-preview":"max-image-preview:large","max-video-preview":"max-video-preview:-1"},"canonical":"https:\/\/iberiancamps.com\/fr\/camp-tennis\/","og_locale":"fr_FR","og_type":"article","og_title":"Camp de tennis 'Ferrero Stage'","og_description":"Stage de tennis officiel de la prestigieuse \u00e9cole Juan Carlos Ferrero. Complexe sportif haut de gamme et entra\u00eeneurs de premier ordre.","og_url":"https:\/\/iberiancamps.com\/fr\/camp-tennis\/","og_site_name":"IBERIAN CAMPS","article_publisher":"https:\/\/www.facebook.com\/iberiancamps","article_modified_time":"2026-01-22T10:28:25+00:00","og_image":[{"url":"https:\/\/iberiancamps.com\/wp-content\/uploads\/2024\/01\/LOGO-FERRERO-TENNIS-ACADEMY.png","type":"","width":"","height":""}],"twitter_card":"summary_large_image","twitter_misc":{"Dur\u00e9e de lecture estim\u00e9e":"12 minutes"},"schema":{"@context":"https:\/\/schema.org","@graph":[{"@type":"WebPage","@id":"https:\/\/iberiancamps.com\/fr\/camp-tennis\/","url":"https:\/\/iberiancamps.com\/fr\/camp-tennis\/","name":"\u25b7 Camp de tennis 'Ferrero Stage' \u30102026\u3011- IBERIAN CAMPS","isPartOf":{"@id":"https:\/\/iberiancamps.com\/fr\/#website"},"primaryImageOfPage":{"@id":"https:\/\/iberiancamps.com\/fr\/camp-tennis\/#primaryimage"},"image":{"@id":"https:\/\/iberiancamps.com\/fr\/camp-tennis\/#primaryimage"},"thumbnailUrl":"https:\/\/iberiancamps.com\/wp-content\/uploads\/2024\/01\/LOGO-FERRERO-TENNIS-ACADEMY.png","datePublished":"2017-10-18T23:47:03+00:00","dateModified":"2026-01-22T10:28:25+00:00","description":"Stage de tennis officiel de la prestigieuse \u00e9cole Juan Carlos Ferrero. Complexe sportif haut de gamme et entra\u00eeneurs de premier ordre.","breadcrumb":{"@id":"https:\/\/iberiancamps.com\/fr\/camp-tennis\/#breadcrumb"},"inLanguage":"fr-FR","potentialAction":[{"@type":"ReadAction","target":["https:\/\/iberiancamps.com\/fr\/camp-tennis\/"]}]},{"@type":"ImageObject","inLanguage":"fr-FR","@id":"https:\/\/iberiancamps.com\/fr\/camp-tennis\/#primaryimage","url":"https:\/\/iberiancamps.com\/wp-content\/uploads\/2024\/01\/LOGO-FERRERO-TENNIS-ACADEMY.png","contentUrl":"https:\/\/iberiancamps.com\/wp-content\/uploads\/2024\/01\/LOGO-FERRERO-TENNIS-ACADEMY.png"},{"@type":"BreadcrumbList","@id":"https:\/\/iberiancamps.com\/fr\/camp-tennis\/#breadcrumb","itemListElement":[{"@type":"ListItem","position":1,"name":"Portada","item":"https:\/\/iberiancamps.com\/fr\/"},{"@type":"ListItem","position":2,"name":"Camp de tennis &#8216;Ferrero Stage&#8217;"}]},{"@type":"WebSite","@id":"https:\/\/iberiancamps.com\/fr\/#website","url":"https:\/\/iberiancamps.com\/fr\/","name":"IBERIAN CAMPS","description":"The Language Experience","publisher":{"@id":"https:\/\/iberiancamps.com\/fr\/#organization"},"potentialAction":[{"@type":"SearchAction","target":{"@type":"EntryPoint","urlTemplate":"https:\/\/iberiancamps.com\/fr\/?s={search_term_string}"},"query-input":{"@type":"PropertyValueSpecification","valueRequired":true,"valueName":"search_term_string"}}],"inLanguage":"fr-FR"},{"@type":"Organization","@id":"https:\/\/iberiancamps.com\/fr\/#organization","name":"IBERIAN CAMPS","url":"https:\/\/iberiancamps.com\/fr\/","logo":{"@type":"ImageObject","inLanguage":"fr-FR","@id":"https:\/\/iberiancamps.com\/fr\/#\/schema\/logo\/image\/","url":"https:\/\/iberiancamps.com\/wp-content\/uploads\/2017\/03\/logo.png","contentUrl":"https:\/\/iberiancamps.com\/wp-content\/uploads\/2017\/03\/logo.png","width":300,"height":233,"caption":"IBERIAN CAMPS"},"image":{"@id":"https:\/\/iberiancamps.com\/fr\/#\/schema\/logo\/image\/"},"sameAs":["https:\/\/www.facebook.com\/iberiancamps","https:\/\/www.youtube.com\/iberiancamps","https:\/\/www.instagram.com\/iberiancamps"]}]}},"_links":{"self":[{"href":"https:\/\/iberiancamps.com\/fr\/wp-json\/wp\/v2\/pages\/10798","targetHints":{"allow":["GET"]}}],"collection":[{"href":"https:\/\/iberiancamps.com\/fr\/wp-json\/wp\/v2\/pages"}],"about":[{"href":"https:\/\/iberiancamps.com\/fr\/wp-json\/wp\/v2\/types\/page"}],"author":[{"embeddable":true,"href":"https:\/\/iberiancamps.com\/fr\/wp-json\/wp\/v2\/users\/1"}],"replies":[{"embeddable":true,"href":"https:\/\/iberiancamps.com\/fr\/wp-json\/wp\/v2\/comments?post=10798"}],"version-history":[{"count":37,"href":"https:\/\/iberiancamps.com\/fr\/wp-json\/wp\/v2\/pages\/10798\/revisions"}],"predecessor-version":[{"id":10800,"href":"https:\/\/iberiancamps.com\/fr\/wp-json\/wp\/v2\/pages\/10798\/revisions\/10800"}],"wp:attachment":[{"href":"https:\/\/iberiancamps.com\/fr\/wp-json\/wp\/v2\/media?parent=10798"}],"curies":[{"name":"wp","href":"https:\/\/api.w.org\/{rel}","templated":true}]}}