{"id":12069,"date":"2020-01-30T12:32:15","date_gmt":"2020-01-30T12:32:15","guid":{"rendered":"https:\/\/iberiancamps.com\/?page_id=12069"},"modified":"2026-02-23T16:52:23","modified_gmt":"2026-02-23T16:52:23","slug":"camp-de-football-sia-valencia","status":"publish","type":"page","link":"https:\/\/iberiancamps.com\/fr\/camp-de-football-sia-valencia\/","title":{"rendered":"Camp de Football SIA VALENCIA"},"content":{"rendered":"<p>[vc_row full_width=&#8221;stretch_row&#8221; css=&#8221;.vc_custom_1708447187053{margin-top: -80px !important;margin-right: -80px !important;margin-left: -80px !important;background-image: url(https:\/\/iberiancamps.com\/wp-content\/uploads\/2024\/02\/Campus-22-1-scaled.jpg?id=14860) !important;background-position: center !important;background-repeat: no-repeat !important;background-size: cover !important;}&#8221;][vc_column][vc_empty_space height=&#8221;300px&#8221;][vc_column_text css=&#8221;.vc_custom_1669205168065{padding-top: 0px !important;padding-right: 10px !important;padding-bottom: 10px !important;padding-left: 10px !important;background-color: rgba(248,248,248,0.89) !important;*background-color: rgb(248,248,248) !important;}&#8221;]<\/p>\n<h1 style=\"text-align: center;\">Camp de Football SIA VALENCIA 2026<\/h1>\n<p>[\/vc_column_text][vc_separator color=&#8221;white&#8221; css=&#8221;.vc_custom_1490176660267{padding-top: 10px !important;padding-bottom: 10px !important;}&#8221;][vc_empty_space height=&#8221;50px&#8221;][\/vc_column][\/vc_row][vc_row full_width=&#8221;stretch_row&#8221; gap=&#8221;20&#8243; equal_height=&#8221;yes&#8221; el_id=&#8221;info-general&#8221;][vc_column width=&#8221;1\/2&#8243;][vc_empty_space 0=&#8221;&#8221;][vc_column_text 0=&#8221;&#8221;]Iberian Camps ne travaille qu\u2019avec les meilleurs professionnels, et c\u2019est pour cela que nous proposons ce camp international d\u2019\u00e9t\u00e9 d&#8217;une \u00e9cole performante.<\/p>\n<p>Le Camp de Foot aura lieu <strong>de mi-juin \u00e0 mi-ao\u00fbt\u00a0dans les excellentes installations de l\u2019Acad\u00e9mie de Football SOCCER INTER-ACTION (Enguera, Valencia)<\/strong> et est destin\u00e9 \u00e0 <strong>des joueurs de 13 \u00e0 22 ans<\/strong> qui veulent vivre l\u2019exp\u00e9rience de se sentir d\u2019authentiques joueurs professionnels.<\/p>\n<p>Des techniciens avec licence UEFA PRO et exp\u00e9rience dans des \u00e9quipes de haut niveau transmettront aux jeunes toutes leurs connaissances et les aideront \u00e0 \u00e9voluer comme footballeurs gr\u00e2ce \u00e0 la <strong>m\u00e9thode exclusif<\/strong>.<\/p>\n<p>Ce stage <strong>comprend l&#8217;h\u00e9bergement<\/strong> (logement en r\u00e9sidence de premi\u00e8re cat\u00e9gorie) et les entra\u00eenements se font <strong>en espagnol et en anglais<\/strong> car les joueurs viennent de nombreux pays.<\/p>\n<p><strong><em>Viens \u00e0 Valence, apprends avec les meilleurs, fais-toi des amis et amuse-toi en jouant au foot!<\/em><\/strong>[\/vc_column_text][vc_empty_space 0=&#8221;&#8221;][vc_column_text 0=&#8221;&#8221; css=&#8221;.vc_custom_1669205911555{background-color: #de7b69 !important;border-radius: 3px !important;}&#8221;]<\/p>\n<h3 style=\"padding-left: 80px; text-align: left;\"><\/h3>\n<h3 style=\"padding-left: 80px; text-align: left;\">\u00a0 \u00a0 \u00a0 \u00a0 \u00a0 \u00a0 \u00a0 \u00a0 \u00a0 \u00a0 \u00a0 <span style=\"color: #ffffff;\">DATES 2026<\/span><\/h3>\n<h5 style=\"text-align: center;\"><span style=\"color: #ffffff;\">Dimanche \u00e0 Samedi<\/span><\/h5>\n<h5 style=\"text-align: center;\"><span style=\"color: #ffffff;\">21 Juin-27 Juin\u00a0 \u00a0 \u00a0 \u00a0 \u00a0 \u00a0 \u00a0 \u00a0 \u00a0 \u00a0 \u00a0 \u00a0 \u00a0 \u00a0 \u00a012 Juillet-18 Juillet<\/span><\/h5>\n<h5 style=\"text-align: center;\"><span style=\"color: #ffffff;\">28 Juin-4 Juillet\u00a0 \u00a0 \u00a0 \u00a0 \u00a0 \u00a0 \u00a0 \u00a0 \u00a0 \u00a0 \u00a0 \u00a0 \u00a0 \u00a019 Juillet-25 Juillet<\/span><\/h5>\n<h5 style=\"text-align: center;\"><span style=\"color: #ffffff;\">5 Juillet-11 Juillet\u00a0 \u00a0 \u00a0 \u00a0 \u00a0 \u00a0 \u00a0 \u00a0 \u00a0 \u00a0 \u00a0 \u00a0 \u00a0 \u00a0 \u00a0 \u00a0 \u00a026 Juillet-1 Ao\u00fbt<\/span><\/h5>\n<h5 style=\"text-align: center;\"><span style=\"color: #ffffff;\">2 Ao\u00fbt-8 Ao\u00fbt\u00a0 \u00a0 \u00a0 \u00a0 \u00a0 \u00a0 \u00a0 \u00a0 \u00a0 \u00a0 \u00a0 \u00a0 \u00a0 \u00a0 \u00a0 \u00a0 \u00a0 \u00a0 \u00a09 Ao\u00fbt-15 Ao\u00fbt<\/span><\/h5>\n<p style=\"text-align: center;\"><span style=\"color: #ffffff;\">* Les participants peuvent s&#8217;inscrire 1 ou plusieurs semaines.<\/span><\/p>\n<h4 style=\"padding-left: 90px;\"><\/h4>\n<p>[\/vc_column_text][\/vc_column][vc_column width=&#8221;1\/2&#8243; css=&#8221;.vc_custom_1539258831786{border-radius: 10px !important;}&#8221;][vc_single_image image=&#8221;14729&#8243; img_size=&#8221;full&#8221; alignment=&#8221;center&#8221;][vc_empty_space 0=&#8221;&#8221;][vc_column_text 0=&#8221;&#8221; css=&#8221;.vc_custom_1580385284713{padding-top: 30px !important;padding-right: 30px !important;padding-bottom: 30px !important;padding-left: 30px !important;background-color: #49b7a1 !important;border-radius: 10px !important;}&#8221;]<\/p>\n<h4 style=\"text-align: center;\"><span style=\"color: #ffffff;\">Si vous souhaitez plus d\u2019information, merci de nous indiquer:<\/span><\/h4>\n<div class=\"wpcf7 no-js\" id=\"wpcf7-f10061-o1\" lang=\"es-ES\" dir=\"ltr\" data-wpcf7-id=\"10061\">\n<div class=\"screen-reader-response\"><p role=\"status\" aria-live=\"polite\" aria-atomic=\"true\"><\/p> <ul><\/ul><\/div>\n<form action=\"\/fr\/wp-json\/wp\/v2\/pages\/12069#wpcf7-f10061-o1\" method=\"post\" class=\"wpcf7-form init cf7-style\" aria-label=\"Formulario de contacto\" novalidate=\"novalidate\" data-status=\"init\">\n<fieldset class=\"hidden-fields-container\"><input type=\"hidden\" name=\"_wpcf7\" value=\"10061\" \/><input type=\"hidden\" name=\"_wpcf7_version\" value=\"6.1.5\" \/><input type=\"hidden\" name=\"_wpcf7_locale\" value=\"es_ES\" \/><input type=\"hidden\" name=\"_wpcf7_unit_tag\" value=\"wpcf7-f10061-o1\" \/><input type=\"hidden\" name=\"_wpcf7_container_post\" value=\"0\" \/><input type=\"hidden\" name=\"_wpcf7_posted_data_hash\" value=\"\" \/><input type=\"hidden\" name=\"_wpcf7cf_hidden_group_fields\" value=\"[]\" \/><input type=\"hidden\" name=\"_wpcf7cf_hidden_groups\" value=\"[]\" \/><input type=\"hidden\" name=\"_wpcf7cf_visible_groups\" value=\"[]\" \/><input type=\"hidden\" name=\"_wpcf7cf_repeaters\" value=\"[]\" \/><input type=\"hidden\" name=\"_wpcf7cf_steps\" value=\"{}\" \/><input type=\"hidden\" name=\"_wpcf7cf_options\" value=\"{&quot;form_id&quot;:10061,&quot;conditions&quot;:[{&quot;then_field&quot;:&quot;verano2022-espanol&quot;,&quot;and_rules&quot;:[{&quot;if_field&quot;:&quot;programa&quot;,&quot;operator&quot;:&quot;equals&quot;,&quot;if_value&quot;:&quot;1. Camp d\\u2019Espagnol&quot;}]},{&quot;then_field&quot;:&quot;verano2022-ingles&quot;,&quot;and_rules&quot;:[{&quot;if_field&quot;:&quot;programa&quot;,&quot;operator&quot;:&quot;equals&quot;,&quot;if_value&quot;:&quot;2. Camp d\\u2019Anglais&quot;}]},{&quot;then_field&quot;:&quot;verano2022-frances&quot;,&quot;and_rules&quot;:[{&quot;if_field&quot;:&quot;programa&quot;,&quot;operator&quot;:&quot;equals&quot;,&quot;if_value&quot;:&quot;3. Camp de Fran\\u00e7ais&quot;}]},{&quot;then_field&quot;:&quot;verano2022-espanol-dia&quot;,&quot;and_rules&quot;:[{&quot;if_field&quot;:&quot;programa&quot;,&quot;operator&quot;:&quot;equals&quot;,&quot;if_value&quot;:&quot;4. Camp d\\u2019Espagnol (camp de jour)&quot;}]},{&quot;then_field&quot;:&quot;verano2022-ingles-dia&quot;,&quot;and_rules&quot;:[{&quot;if_field&quot;:&quot;programa&quot;,&quot;operator&quot;:&quot;equals&quot;,&quot;if_value&quot;:&quot;5. Camp d\\u2019Anglais (camp de jour)&quot;}]},{&quot;then_field&quot;:&quot;verano2022-frances-dia&quot;,&quot;and_rules&quot;:[{&quot;if_field&quot;:&quot;programa&quot;,&quot;operator&quot;:&quot;equals&quot;,&quot;if_value&quot;:&quot;6. Camp de Fran\\u00e7ais (camp de jour)&quot;}]}],&quot;settings&quot;:{&quot;animation&quot;:&quot;yes&quot;,&quot;animation_intime&quot;:&quot;200&quot;,&quot;animation_outtime&quot;:&quot;200&quot;,&quot;conditions_ui&quot;:&quot;normal&quot;,&quot;notice_dismissed&quot;:&quot;&quot;,&quot;wpcf7cf_settings_saved&quot;:&quot;1&quot;,&quot;notice_dismissed_update-cf7-5.3.2&quot;:true,&quot;notice_dismissed_rollback-cf7-5.5.6&quot;:true}}\" \/><input type=\"hidden\" name=\"_wpcf7_recaptcha_response\" value=\"\" \/>\n<\/fieldset>\n<div style=\"background-color: #FFF; color:#666; padding: 25px; -webkit-border-radius: 5px 10px; \/* Safari *\/ -moz-border-radius: 5px 10px;\/*Firefox *\/\">\n\t<div id=\"responsive-form\" class=\"clearfix\">\n\t\t<div class=\"form-row\">\n\t\t\t<div class=\"column-half\">\n\t\t\t\t<p><span class=\"wpcf7-form-control-wrap\" data-name=\"nombre\"><input size=\"40\" maxlength=\"400\" class=\"wpcf7-form-control wpcf7-text wpcf7-validates-as-required\" aria-required=\"true\" aria-invalid=\"false\" placeholder=\"Nom et Pr\u00e9nom\" value=\"\" type=\"text\" name=\"nombre\" \/><\/span>\n\t\t\t\t<\/p>\n\t\t\t<\/div>\n\t\t\t<div class=\"column-half\">\n\t\t\t\t<p><span class=\"wpcf7-form-control-wrap\" data-name=\"correo\"><input size=\"40\" maxlength=\"400\" class=\"wpcf7-form-control wpcf7-email wpcf7-validates-as-required wpcf7-text wpcf7-validates-as-email\" aria-required=\"true\" aria-invalid=\"false\" placeholder=\"Email\" value=\"\" type=\"email\" name=\"correo\" \/><\/span>\n\t\t\t\t<\/p>\n\t\t\t<\/div>\n\t\t<\/div>\n\t\t<div class=\"form-row\">\n\t\t\t<div class=\"column-half\">\n\t\t\t\t<p><span class=\"wpcf7-form-control-wrap\" data-name=\"pais\"><input size=\"40\" maxlength=\"400\" class=\"wpcf7-form-control wpcf7-text wpcf7-validates-as-required\" aria-required=\"true\" aria-invalid=\"false\" placeholder=\"Pays\" value=\"\" type=\"text\" name=\"pais\" \/><\/span>\n\t\t\t\t<\/p>\n\t\t\t<\/div>\n\t\t\t<div class=\"column-half\">\n\t\t\t\t<p><span class=\"wpcf7-form-control-wrap\" data-name=\"telefono\"><input class=\"wpcf7-form-control wpcf7-number wpcf7-validates-as-number\" aria-invalid=\"false\" placeholder=\"T\u00e9l\u00e9phone\" value=\"\" type=\"number\" name=\"telefono\" \/><\/span>\n\t\t\t\t<\/p>\n\t\t\t<\/div>\n\t\t<\/div>\n\t\t<div class=\"form-row\">\n\t\t\t<div class=\"column-full\">\n\t\t\t\t<p>Programme:\n\t\t\t\t<\/p>\n\t\t\t\t<p><span class=\"wpcf7-form-control-wrap\" data-name=\"programa\"><select class=\"wpcf7-form-control wpcf7-select\" aria-invalid=\"false\" name=\"programa\"><option value=\"\">&#8212;Por favor, elige una opci\u00f3n&#8212;<\/option><option value=\"1. Camp d\u2019Espagnol\">1. Camp d\u2019Espagnol<\/option><option value=\"2. Camp d\u2019Anglais\">2. Camp d\u2019Anglais<\/option><option value=\"3. Camp de Fran\u00e7ais\">3. Camp de Fran\u00e7ais<\/option><option value=\"4. Camp d\u2019Espagnol (camp de jour)\">4. Camp d\u2019Espagnol (camp de jour)<\/option><option value=\"5. Camp d\u2019Anglais (camp de jour)\">5. Camp d\u2019Anglais (camp de jour)<\/option><option value=\"6. Camp de Fran\u00e7ais (camp de jour)\">6. Camp de Fran\u00e7ais (camp de jour)<\/option><option value=\"7. Stage de Tennis &#039;Ferrero Stage&#039;\">7. Stage de Tennis &#039;Ferrero Stage&#039;<\/option><option value=\"8. Camp de Football SIA VALENCIA\">8. Camp de Football SIA VALENCIA<\/option><option value=\"9. Autres programmes\">9. Autres programmes<\/option><\/select><\/span>\n\t\t\t\t<\/p>\n\t\t\t<\/div>\n\t\t<\/div>\n\t\t<div data-id=\"verano2022-espanol\" data-orig_data_id=\"verano2022-espanol\"  class=\"\" data-class=\"wpcf7cf_group\">\n\t\t\t<p>Activit\u00e9 de l'apr\u00e8s-midi:<br \/>\n<span class=\"wpcf7-form-control-wrap\" data-name=\"verano2022-espanol-tarde\"><select class=\"wpcf7-form-control wpcf7-select wpcf7-validates-as-required\" aria-required=\"true\" aria-invalid=\"false\" name=\"verano2022-espanol-tarde\"><option value=\"\">&#8212;Por favor, elige una opci\u00f3n&#8212;<\/option><option value=\"Pas encore d\u00e9cid\u00e9\">Pas encore d\u00e9cid\u00e9<\/option><option value=\"Multisports\">Multisports<\/option><option value=\"Art et Culture\">Art et Culture<\/option><option value=\"Golf\">Golf<\/option><option value=\"Football\">Football<\/option><option value=\"Basket\">Basket<\/option><\/select><\/span>\n\t\t\t<\/p>\n\t\t<\/div>\n\t\t<div data-id=\"verano2022-ingles\" data-orig_data_id=\"verano2022-ingles\"  class=\"\" data-class=\"wpcf7cf_group\">\n\t\t\t<p>Activit\u00e9 de l'apr\u00e8s-midi:<br \/>\n<span class=\"wpcf7-form-control-wrap\" data-name=\"verano2022-ingles-tarde\"><select class=\"wpcf7-form-control wpcf7-select wpcf7-validates-as-required\" aria-required=\"true\" aria-invalid=\"false\" name=\"verano2022-ingles-tarde\"><option value=\"\">&#8212;Por favor, elige una opci\u00f3n&#8212;<\/option><option value=\"Pas encore d\u00e9cid\u00e9\">Pas encore d\u00e9cid\u00e9<\/option><option value=\"Multisports\">Multisports<\/option><option value=\"Art et Culture\">Art et Culture<\/option><option value=\"Golf\">Golf<\/option><option value=\"Football\">Football<\/option><option value=\"Basket\">Basket<\/option><\/select><\/span>\n\t\t\t<\/p>\n\t\t<\/div>\n\t\t<div data-id=\"verano2022-frances\" data-orig_data_id=\"verano2022-frances\"  class=\"\" data-class=\"wpcf7cf_group\">\n\t\t\t<p>Activit\u00e9 de l'apr\u00e8s-midi:<br \/>\n<span class=\"wpcf7-form-control-wrap\" data-name=\"verano2022-frances-tarde\"><select class=\"wpcf7-form-control wpcf7-select wpcf7-validates-as-required\" aria-required=\"true\" aria-invalid=\"false\" name=\"verano2022-frances-tarde\"><option value=\"\">&#8212;Por favor, elige una opci\u00f3n&#8212;<\/option><option value=\"Pas encore d\u00e9cid\u00e9\">Pas encore d\u00e9cid\u00e9<\/option><option value=\"Multisports\">Multisports<\/option><option value=\"Art et Culture\">Art et Culture<\/option><option value=\"Golf\">Golf<\/option><option value=\"Football\">Football<\/option><option value=\"Basket\">Basket<\/option><\/select><\/span>\n\t\t\t<\/p>\n\t\t<\/div>\n\t\t<div data-id=\"verano2022-espanol-dia\" data-orig_data_id=\"verano2022-espanol-dia\"  class=\"\" data-class=\"wpcf7cf_group\">\n\t\t\t<p>Activit\u00e9 de l'apr\u00e8s-midi:<br \/>\n<span class=\"wpcf7-form-control-wrap\" data-name=\"verano2022-espanol-dia-tarde\"><select class=\"wpcf7-form-control wpcf7-select wpcf7-validates-as-required\" aria-required=\"true\" aria-invalid=\"false\" name=\"verano2022-espanol-dia-tarde\"><option value=\"\">&#8212;Por favor, elige una opci\u00f3n&#8212;<\/option><option value=\"Pas encore d\u00e9cid\u00e9\">Pas encore d\u00e9cid\u00e9<\/option><option value=\"Multisports\">Multisports<\/option><option value=\"Art et Culture\">Art et Culture<\/option><option value=\"Golf\">Golf<\/option><option value=\"Football\">Football<\/option><option value=\"Basket\">Basket<\/option><\/select><\/span>\n\t\t\t<\/p>\n\t\t<\/div>\n\t\t<div data-id=\"verano2022-ingles-dia\" data-orig_data_id=\"verano2022-ingles-dia\"  class=\"\" data-class=\"wpcf7cf_group\">\n\t\t\t<p>Activit\u00e9 de l'apr\u00e8s-midi:<br \/>\n<span class=\"wpcf7-form-control-wrap\" data-name=\"verano2022-ingles-dia-tarde\"><select class=\"wpcf7-form-control wpcf7-select wpcf7-validates-as-required\" aria-required=\"true\" aria-invalid=\"false\" name=\"verano2022-ingles-dia-tarde\"><option value=\"\">&#8212;Por favor, elige una opci\u00f3n&#8212;<\/option><option value=\"Pas encore d\u00e9cid\u00e9\">Pas encore d\u00e9cid\u00e9<\/option><option value=\"Multisports\">Multisports<\/option><option value=\"Art et Culture\">Art et Culture<\/option><option value=\"Golf\">Golf<\/option><option value=\"Football\">Football<\/option><option value=\"Basket\">Basket<\/option><\/select><\/span>\n\t\t\t<\/p>\n\t\t<\/div>\n\t\t<div data-id=\"verano2022-frances-dia\" data-orig_data_id=\"verano2022-frances-dia\"  class=\"\" data-class=\"wpcf7cf_group\">\n\t\t\t<p>Activit\u00e9 de l'apr\u00e8s-midi:<br \/>\n<span class=\"wpcf7-form-control-wrap\" data-name=\"verano2022-frances-dia-tarde\"><select class=\"wpcf7-form-control wpcf7-select wpcf7-validates-as-required\" aria-required=\"true\" aria-invalid=\"false\" name=\"verano2022-frances-dia-tarde\"><option value=\"\">&#8212;Por favor, elige una opci\u00f3n&#8212;<\/option><option value=\"Pas encore d\u00e9cid\u00e9\">Pas encore d\u00e9cid\u00e9<\/option><option value=\"Multisports\">Multisports<\/option><option value=\"Art et Culture\">Art et Culture<\/option><option value=\"Golf\">Golf<\/option><option value=\"Football\">Football<\/option><option value=\"Basket\">Basket<\/option><\/select><\/span>\n\t\t\t<\/p>\n\t\t<\/div>\n\t\t<div class=\"form-row\">\n\t\t\t<div class=\"column-full\">\n\t\t\t\t<p><span class=\"wpcf7-form-control-wrap\" data-name=\"privacidad\"><span class=\"wpcf7-form-control wpcf7-acceptance\"><span class=\"wpcf7-list-item\"><input type=\"checkbox\" name=\"privacidad\" value=\"1\" aria-invalid=\"false\" \/><\/span><\/span><\/span> J'accepte la <a target=\"_blank\" href=\"https:\/\/iberiancamps.com\/fr\/politique-de-confidentialite\/\"> Politique de confidentialit\u00e9<\/a>.\n\t\t\t\t<\/p>\n\t\t\t<\/div>\n\t\t<\/div>\n\t\t<div class=\"form-row\">\n\t\t\t<div class=\"column-full\">\n\t\t\t\t<p><input class=\"wpcf7-form-control wpcf7-submit has-spinner\" type=\"submit\" value=\"Envoyer\" \/>\n\t\t\t\t<\/p>\n\t\t\t<\/div>\n\t\t<\/div>\n\t\t<p><span style=\"font-size:13px;\">Vos donn\u00e9es personnelles seront utilis\u00e9es uniquement dans le but de donner r\u00e9ponse \u00e0 vos demandes. Vous pouvez exercer vos droits d\u2019acc\u00e8s, modification, annulation, suppression, opposition et limitation du traitement et portabilit\u00e9 en nous \u00e9crivant \u00e0 info@iberiancamps.com.<\/span>\n\t\t<\/p>\n\t\t<p><span style=\"font-size:13px;\">Ce site est prot\u00e9g\u00e9 par reCAPTCHA et Google.<\/span>\n\t\t<\/p>\n\t<\/div><!--end responsive-form-->\n<\/div><input type='hidden' class='wpcf7-pum' value='{\"closepopup\":false,\"closedelay\":0,\"openpopup\":false,\"openpopup_id\":0}' \/><div class=\"wpcf7-response-output\" aria-hidden=\"true\"><\/div>\n<\/form>\n<\/div>\n[\/vc_column_text][vc_empty_space 0=&#8221;&#8221;][\/vc_column][\/vc_row][vc_row full_width=&#8221;stretch_row&#8221; css=&#8221;.vc_custom_1706874178799{background-image: url(https:\/\/iberiancamps.com\/wp-content\/uploads\/2024\/02\/entrenamiento-campus-sia.jpg?id=14756) !important;}&#8221; el_id=&#8221;methode&#8221;][vc_column css=&#8221;.vc_custom_1537378021971{margin-bottom: 50px !important;}&#8221;][vc_empty_space 0=&#8221;&#8221;][vc_column_text css=&#8221;.vc_custom_1706874211457{padding-top: 30px !important;padding-right: 50px !important;padding-bottom: 50px !important;padding-left: 50px !important;background-color: rgba(248,248,248,0.9) !important;*background-color: rgb(248,248,248) !important;}&#8221;]<\/p>\n<h2 style=\"text-align: center; padding: -20px;\"><strong>PROGRAMME DE FOOTBALL<\/strong><\/h2>\n<p>Votre enfant aura la possibilit\u00e9 de s\u2019entra\u00eener et d\u2019\u00eatre \u00e9valu\u00e9 par les techniciens avec licence UEFA PRO, qui travaillent chaque jour pour former les footballeurs afin qu\u2019ils deviennent pros.<\/p>\n<p><img decoding=\"async\" class=\"alignright wp-image-14760 size-full\" src=\"https:\/\/iberiancamps.com\/wp-content\/uploads\/2024\/02\/entrenadores-campus-sia-1.jpg\" alt=\"Entrenadores Campus SIA\" width=\"440\" height=\"334\" srcset=\"https:\/\/iberiancamps.com\/wp-content\/uploads\/2024\/02\/entrenadores-campus-sia-1.jpg 440w, https:\/\/iberiancamps.com\/wp-content\/uploads\/2024\/02\/entrenadores-campus-sia-1-300x228.jpg 300w\" sizes=\"(max-width: 440px) 100vw, 440px\" \/><\/p>\n<p>Des s\u00e9ances de travail d\u2019analyse et globales, structur\u00e9es suivant le niveau de jeu de votre enfant; des conf\u00e9rences et des activit\u00e9s qui lui permettront de s\u2019am\u00e9liorer de mani\u00e8re globale.<\/p>\n<p>Les gardiens de but b\u00e9n\u00e9ficieront d\u2019un travail sp\u00e9cifique du plus haut niveau, dirig\u00e9 par des entra\u00eeneurs professionnels avec de nombreuses ann\u00e9es d\u2019exp\u00e9rience.<\/p>\n<h4><strong>Personnel technique avec une exp\u00e9rience dans des \u00e9quipes de premi\u00e8re classe<\/strong><\/h4>\n<p>L\u2019\u00e9quipe de travail qui va diriger et g\u00e9rer le camp est hautement qualifi\u00e9e, et poss\u00e8de une grande exp\u00e9rience dans la formation de jeunes talents. Pendant la dur\u00e9e du stage, votre enfant sera \u00e9valu\u00e9 \u00e0 tout moment, autant sur son jeu sur le terrain que sur son comportement.<\/p>\n<h4><strong>Plan de Travail<\/strong><\/h4>\n<p>Les s\u00e9ances de travail s\u2019adapteront au niveau de jeu et \u00e0 l\u2019\u00e2ge des participants. Ils auront la possibilit\u00e9 de s\u2019entra\u00eener avec un personnel technique qui leur permettra d\u2019am\u00e9liorer leur technique, jeu tactique, aptitudes et la mani\u00e8re d\u2019interpr\u00e9ter le jeu.<\/p>\n<p>Ils cohabiteront avec des joueurs de leur \u00e2ge d\u2019autres clubs et pourront ainsi comparer leur niveau avec d\u2019autres jeunes aillant la m\u00eame passion.<\/p>\n<p>Les joueurs s&#8217;entra\u00eenent au total 3 heures par jour. Diff\u00e9rents groupes sont form\u00e9s en fonction de leur \u00e2ge et de leur niveau.<\/p>\n<p>La formation est divis\u00e9e en plusieurs courtes sessions pendant la journ\u00e9e. Le matin, les entra\u00eeneurs se concentrent sur l&#8217;am\u00e9lioration des comp\u00e9tences individuelles des joueurs. L&#8217;apr\u00e8s-midi, ils s\u2019occupent davantage de la strat\u00e9gie tactique et du travail d&#8217;\u00e9quipe.<\/p>\n<p>Les participants joueront \u00e9galement des matchs amicaux tous les samedis, o\u00f9 ils mettront en pratique ce qu&#8217;ils ont appris au cours de la semaine.<\/p>\n<p>Afin d&#8217;am\u00e9liorer les relations entre les joueurs, les entra\u00eeneurs organisent des exercices amusants tels que des comp\u00e9titions de tirs aux buts ou d\u2019un contre un.<\/p>\n<p><img decoding=\"async\" class=\"size-full wp-image-12158 alignright\" src=\"https:\/\/iberiancamps.com\/wp-content\/uploads\/2020\/01\/porteros-reducida-e1579170047823.jpg\" alt=\"\" width=\"480\" height=\"334\" \/>Ils d\u00e9couvriront comment est le quotidien des footballeurs professionnels (manger comme un pro, se reposer dans un h\u00f4tel comme ils le font, apprendre les normes de discipline, etc.). Il se sentira comme un pro du foot durant une semaine.<\/p>\n<h4><strong>Entra\u00eenement sp\u00e9cifique du gardien<\/strong><\/h4>\n<p>Le travail du gardien est fondamental dans une \u00e9quipe. Pour autant, le plan de formation sera de haut niveau international.<\/p>\n<p>L\u2019avantage de ce stage pour gardien est qu\u2019en plus de l\u2019entra\u00eenement analytique (blocage, d\u00e9viations, jeu a\u00e9rien, jeu au pied, etc.), votre enfant fera un travail de groupe avec des joueurs de champ (tr\u00e8s sollicit\u00e9 par les entra\u00eeneurs), rendant la formation encore plus compl\u00e8te.[\/vc_column_text][vc_empty_space 0=&#8221;&#8221;][\/vc_column][\/vc_row][vc_row 0=&#8221;&#8221; el_id=&#8221;installations&#8221;][vc_column 0=&#8221;&#8221;][vc_column_text 0=&#8221;&#8221;]<\/p>\n<h2 style=\"text-align: center;\">INSTALLATIONS<\/h2>\n<p>[\/vc_column_text][vc_empty_space 0=&#8221;&#8221;][vc_row_inner 0=&#8221;&#8221;][vc_column_inner width=&#8221;1\/2&#8243;][vc_gallery type=&#8221;image_grid&#8221; images=&#8221;12167&#8243; img_size=&#8221;530&#215;370&#8243;][vc_column_text 0=&#8221;&#8221;]<\/p>\n<h4><strong>Installations sportives<\/strong><\/h4>\n<p>Le camp de foot se d\u00e9roule enti\u00e8rement dans les installations de l&#8217;Acad\u00e9mie de Football SOCCER INTER-ACTION, un centre sportif de haute performance, compos\u00e9 de:<\/p>\n<p>\u2022 1 terrain en gazon naturel avec les mesures officielles de la FIFA pour les comp\u00e9titions internationales<\/p>\n<p>\u2022 1 terrain en gazon naturel pour les entra\u00eenements et la formation technique des gardiens de but<\/p>\n<p>\u2022 1 terrain en gazon artificiel 11 adaptable \u00e0 2 terrains de 8, avec technologie synth\u00e9tique 3G<\/p>\n<p>\u2022 \u00c9clairage LED certifi\u00e9 pour le sport<\/p>\n<p>\u2022 Mat\u00e9riel d&#8217;entra\u00eenement (buts suppl\u00e9mentaires, dossards, c\u00f4nes, b\u00e2tons, barri\u00e8res &#8230;)<\/p>\n<p>\u2022 7 vestiaires r\u00e9partis sur deux \u00e9tages avec des espaces r\u00e9serv\u00e9s aux femmes<\/p>\n<p>\u2022 Clinique m\u00e9dicale pour les mesures et les traitements<\/p>\n<p>\u2022 Salle de physioth\u00e9rapie avec tables de massage<\/p>\n<p>\u2022 Salle de sport pour la pr\u00e9paration physique et musculaire[\/vc_column_text][vc_empty_space 0=&#8221;&#8221;][\/vc_column_inner][vc_column_inner width=&#8221;1\/2&#8243;][vc_gallery type=&#8221;image_grid&#8221; images=&#8221;12182,12186,12191,12195&#8243; img_size=&#8221;215&#215;175&#8243;][vc_column_text 0=&#8221;&#8221;]<\/p>\n<h4><strong>Installations logement<\/strong><\/h4>\n<p>Logement en chambres doubles avec salle de bain priv\u00e9e dans des installations r\u00e9sidentielles haut de gamme.<\/p>\n<p>\u2022 R\u00e9ception<\/p>\n<p>\u2022 Chambres doubles (salle de bain priv\u00e9e, armoire et bureau)<\/p>\n<p>\u2022 Connexion Wi-Fi gratuite, chauffage et climatisation<\/p>\n<p>\u2022 Chambres sup\u00e9rieures pour les footballeurs professionnels (avec t\u00e9l\u00e9vision, salle de bain priv\u00e9e, r\u00e9frig\u00e9rateur et terrasse)<\/p>\n<p>\u2022 Service de nettoyage et buanderie<\/p>\n<p>\u2022 Restaurant\/caf\u00e9t\u00e9ria (service de restauration interne) Les menus sont adapt\u00e9s aux besoins individuels de chaque groupe en suivant les conseils de notre nutritionniste<\/p>\n<p>\u2022 Salle de loisirs (avec TV, console vid\u00e9o, billard, ping-pong&#8230;)<\/p>\n<p>\u2022 Salle de r\u00e9union et de conf\u00e9rence, analyse des entra\u00eenements et des matchs, \u00e9quip\u00e9e d&#8217;un \u00e9cran, d&#8217;un projecteur et d&#8217;un tableau de conf\u00e9rence<\/p>\n<p>\u2022 Salle de r\u00e9union \u00e0 c\u00f4t\u00e9 du terrain pour analyser les entra\u00eenements et les matchs sur place<\/p>\n<p>\u2022 Salle d&#8217;\u00e9tude et d&#8217;analyse vid\u00e9o<\/p>\n<p>\u2022 Piscine[\/vc_column_text][\/vc_column_inner][\/vc_row_inner][\/vc_column][\/vc_row][vc_row 0=&#8221;&#8221; el_id=&#8221;programme&#8221;][vc_column 0=&#8221;&#8221;][vc_column_text 0=&#8221;&#8221;]<\/p>\n<h2 style=\"text-align: center;\">PROGRAMME<\/h2>\n<p>[\/vc_column_text][\/vc_column][\/vc_row][vc_row full_width=&#8221;stretch_row&#8221; css=&#8221;.vc_custom_1537400482904{background-color: #1bbc9b !important;}&#8221;][vc_column][vc_column_text 0=&#8221;&#8221;]<\/p>\n<h3 style=\"text-align: center;\"><span style=\"color: #ffffff;\">UNE SEMAINE DE CAMP<\/span><\/h3>\n<p>[\/vc_column_text][vc_empty_space 0=&#8221;&#8221;][vc_column_text]<\/p>\n<table>\n<tbody>\n<tr>\n<th style=\"text-align: center; height: 21px; background-color: #ed7563; color: #fff; border: #1bbc9b 5px solid;\" width=\"33%\">DIMANCHE<\/th>\n<th style=\"text-align: center; height: 21px; background-color: #ed7563; color: #fff; border: #1bbc9b 5px solid;\" width=\"33%\">LUNDI \u00c0 VENDREDI<\/th>\n<th style=\"text-align: center; height: 21px; background-color: #ed7563; color: #fff; border: #1bbc9b 5px solid;\" width=\"33%\">WEEK-END<\/th>\n<\/tr>\n<tr>\n<td style=\"text-align: center; height: 21px; background-color: #fff; border: #1bbc9b 5px solid;\" rowspan=\"7\">Arriv\u00e9e \u00e0 l\u2019Acad\u00e9mie<\/td>\n<td style=\"text-align: center; height: 21px; background-color: #fff; border: #1bbc9b 5px solid;\">08:00 Debout et petit-d\u00e9jeuner<\/td>\n<td style=\"text-align: center; height: 21px; background-color: #fff; border: #1bbc9b 5px solid;\" rowspan=\"16\">Certains participants partiront le samedi pendant la journ\u00e9e. Les personnes qui s\u00e9journent effectueront les activit\u00e9s de loisirs suivantes:<\/p>\n<p>&#8211; Cin\u00e9ma<br \/>\n&#8211; Jeux vid\u00e9o<br \/>\n&#8211; Activit\u00e9s multi-aventure<br \/>\n<span style=\"font-family: inherit; font-size: inherit;\">&#8211; Tournois sportifs<\/span><\/td>\n<\/tr>\n<tr>\n<td style=\"text-align: center; height: 21px; background-color: #fff; border: #1bbc9b 5px solid;\">09:00 Formation aux comp\u00e9tences individuelles<\/td>\n<\/tr>\n<tr>\n<td style=\"text-align: center; height: 21px; background-color: #fff; border: #1bbc9b 5px solid;\">09:30 Tirs aux buts<\/td>\n<\/tr>\n<tr>\n<td style=\"text-align: center; height: 21px; background-color: #fff; border: #1bbc9b 5px solid;\">10:00 Principes du jeu<\/td>\n<\/tr>\n<tr>\n<td style=\"text-align: center; height: 21px; background-color: #fff; border: #1bbc9b 5px solid;\">10:30 En-cas<\/td>\n<\/tr>\n<tr>\n<td style=\"text-align: center; height: 21px; background-color: #fff; border: #1bbc9b 5px solid;\">11:30 Formation tactique<\/td>\n<\/tr>\n<tr>\n<td style=\"text-align: center; height: 21px; background-color: #fff; border: #1bbc9b 5px solid;\">12:00 Tournoi<\/td>\n<\/tr>\n<tr>\n<td style=\"text-align: center; height: 21px; background-color: #fff; border: #1bbc9b 5px solid;\" rowspan=\"2\">R\u00e9partition des chambres<\/td>\n<td style=\"text-align: center; height: 21px; background-color: #fff; border: #1bbc9b 5px solid;\">13:30 D\u00e9jeuner<\/td>\n<\/tr>\n<tr>\n<td style=\"text-align: center; height: 21px; background-color: #fff; border: #1bbc9b 5px solid;\">15:00 Atelier de nutrition\/psychologie<\/td>\n<\/tr>\n<tr>\n<td style=\"text-align: center; height: 21px; background-color: #fff; border: #1bbc9b 5px solid;\" rowspan=\"4\">Jeux et divertissements<\/td>\n<td style=\"text-align: center; height: 21px; background-color: #fff; border: #1bbc9b 5px solid;\">16:00 Divertissement<\/td>\n<\/tr>\n<tr>\n<td style=\"text-align: center; height: 21px; background-color: #fff; border: #1bbc9b 5px solid;\">17:00 Passes<\/td>\n<\/tr>\n<tr>\n<td style=\"text-align: center; height: 21px; background-color: #fff; border: #1bbc9b 5px solid;\">17:30 Tournoi<\/td>\n<\/tr>\n<tr>\n<td style=\"text-align: center; height: 21px; background-color: #fff; border: #1bbc9b 5px solid;\">19:00 Douche et jeux<\/td>\n<\/tr>\n<tr>\n<td style=\"text-align: center; height: 21px; background-color: #fff; border: #1bbc9b 5px solid;\">20:00 D\u00eener<\/td>\n<td style=\"text-align: center; height: 21px; background-color: #fff; border: #1bbc9b 5px solid;\">20:00 D\u00eener<\/td>\n<\/tr>\n<tr>\n<td style=\"text-align: center; height: 21px; background-color: #fff; border: #1bbc9b 5px solid;\">Jeux et divertissements<\/td>\n<td style=\"text-align: center; height: 21px; background-color: #fff; border: #1bbc9b 5px solid;\">21:00 Appel \u00e0 la famille<\/td>\n<\/tr>\n<tr>\n<td style=\"text-align: center; height: 21px; background-color: #fff; border: #1bbc9b 5px solid;\">22:00 Au lit!<\/td>\n<td style=\"text-align: center; height: 21px; background-color: #fff; border: #1bbc9b 5px solid;\">22:00 Au lit!<\/td>\n<\/tr>\n<\/tbody>\n<\/table>\n<p>[\/vc_column_text][vc_empty_space 0=&#8221;&#8221;][\/vc_column][\/vc_row][vc_row full_width=&#8221;stretch_row_content_no_spaces&#8221;][vc_column]<div id=\"mpc_grid_images-4769f53dfab0bde\" class=\"mpc-grid-images mpc-init mpc-effect--none \"  data-grid-cols=\"4\"><div class=\"mpc-item\"><div onclick=\"\" class=\"mpc-grid__image mpc-transition\"><img decoding=\"async\" width=\"300\" height=\"200\" src=\"https:\/\/iberiancamps.com\/wp-content\/uploads\/2024\/02\/campus-sia-video-300x200.jpg\" class=\"mpc-transition attachment-medium\" alt=\"Campus SIA video\" title=\"campus-sia-video\" srcset=\"https:\/\/iberiancamps.com\/wp-content\/uploads\/2024\/02\/campus-sia-video-300x200.jpg 300w, https:\/\/iberiancamps.com\/wp-content\/uploads\/2024\/02\/campus-sia-video-768x511.jpg 768w, https:\/\/iberiancamps.com\/wp-content\/uploads\/2024\/02\/campus-sia-video.jpg 1000w\" sizes=\"(max-width: 300px) 100vw, 300px\" \/><\/div><\/div><div class=\"mpc-item\"><div onclick=\"\" class=\"mpc-grid__image mpc-transition\"><img decoding=\"async\" width=\"300\" height=\"200\" src=\"https:\/\/iberiancamps.com\/wp-content\/uploads\/2024\/02\/campus-sia-velocidad-300x200.jpg\" class=\"mpc-transition attachment-medium\" alt=\"Campus SIA\" title=\"campus-sia-velocidad\" srcset=\"https:\/\/iberiancamps.com\/wp-content\/uploads\/2024\/02\/campus-sia-velocidad-300x200.jpg 300w, https:\/\/iberiancamps.com\/wp-content\/uploads\/2024\/02\/campus-sia-velocidad-768x511.jpg 768w, https:\/\/iberiancamps.com\/wp-content\/uploads\/2024\/02\/campus-sia-velocidad.jpg 1000w\" sizes=\"(max-width: 300px) 100vw, 300px\" \/><\/div><\/div><div class=\"mpc-item\"><div onclick=\"\" class=\"mpc-grid__image mpc-transition\"><img decoding=\"async\" width=\"300\" height=\"200\" src=\"https:\/\/iberiancamps.com\/wp-content\/uploads\/2024\/02\/campus-sia-trabajo-300x200.jpg\" class=\"mpc-transition attachment-medium\" alt=\"\" title=\"campus-sia-trabajo\" srcset=\"https:\/\/iberiancamps.com\/wp-content\/uploads\/2024\/02\/campus-sia-trabajo-300x200.jpg 300w, https:\/\/iberiancamps.com\/wp-content\/uploads\/2024\/02\/campus-sia-trabajo-768x511.jpg 768w, https:\/\/iberiancamps.com\/wp-content\/uploads\/2024\/02\/campus-sia-trabajo.jpg 1000w\" sizes=\"(max-width: 300px) 100vw, 300px\" \/><\/div><\/div><div class=\"mpc-item\"><div onclick=\"\" class=\"mpc-grid__image mpc-transition\"><img decoding=\"async\" width=\"300\" height=\"200\" src=\"https:\/\/iberiancamps.com\/wp-content\/uploads\/2024\/02\/campus-sia-tecnica-300x200.jpg\" class=\"mpc-transition attachment-medium\" alt=\"\" title=\"campus-sia-tecnica\" srcset=\"https:\/\/iberiancamps.com\/wp-content\/uploads\/2024\/02\/campus-sia-tecnica-300x200.jpg 300w, https:\/\/iberiancamps.com\/wp-content\/uploads\/2024\/02\/campus-sia-tecnica-768x511.jpg 768w, https:\/\/iberiancamps.com\/wp-content\/uploads\/2024\/02\/campus-sia-tecnica.jpg 1000w\" sizes=\"(max-width: 300px) 100vw, 300px\" \/><\/div><\/div><div class=\"mpc-item\"><div onclick=\"\" class=\"mpc-grid__image mpc-transition\"><img decoding=\"async\" width=\"300\" height=\"200\" src=\"https:\/\/iberiancamps.com\/wp-content\/uploads\/2024\/02\/campus-sia-piscina-300x200.jpg\" class=\"mpc-transition attachment-medium\" alt=\"\" title=\"campus-sia-piscina\" srcset=\"https:\/\/iberiancamps.com\/wp-content\/uploads\/2024\/02\/campus-sia-piscina-300x200.jpg 300w, https:\/\/iberiancamps.com\/wp-content\/uploads\/2024\/02\/campus-sia-piscina-768x511.jpg 768w, https:\/\/iberiancamps.com\/wp-content\/uploads\/2024\/02\/campus-sia-piscina.jpg 1000w\" sizes=\"(max-width: 300px) 100vw, 300px\" \/><\/div><\/div><div class=\"mpc-item\"><div onclick=\"\" class=\"mpc-grid__image mpc-transition\"><img decoding=\"async\" width=\"300\" height=\"200\" src=\"https:\/\/iberiancamps.com\/wp-content\/uploads\/2024\/02\/campus-sia-fisico-300x200.jpg\" class=\"mpc-transition attachment-medium\" alt=\"Campus SIA f\u00edsico\" title=\"campus-sia-fisico\" srcset=\"https:\/\/iberiancamps.com\/wp-content\/uploads\/2024\/02\/campus-sia-fisico-300x200.jpg 300w, https:\/\/iberiancamps.com\/wp-content\/uploads\/2024\/02\/campus-sia-fisico-768x511.jpg 768w, https:\/\/iberiancamps.com\/wp-content\/uploads\/2024\/02\/campus-sia-fisico.jpg 1000w\" sizes=\"(max-width: 300px) 100vw, 300px\" \/><\/div><\/div><div class=\"mpc-item\"><div onclick=\"\" class=\"mpc-grid__image mpc-transition\"><img decoding=\"async\" width=\"300\" height=\"200\" src=\"https:\/\/iberiancamps.com\/wp-content\/uploads\/2024\/02\/campus-sia-estiramientos-300x200.jpg\" class=\"mpc-transition attachment-medium\" alt=\"Campus SIA estiramientos\" title=\"campus-sia-estiramientos\" srcset=\"https:\/\/iberiancamps.com\/wp-content\/uploads\/2024\/02\/campus-sia-estiramientos-300x200.jpg 300w, https:\/\/iberiancamps.com\/wp-content\/uploads\/2024\/02\/campus-sia-estiramientos-768x511.jpg 768w, https:\/\/iberiancamps.com\/wp-content\/uploads\/2024\/02\/campus-sia-estiramientos.jpg 1000w\" sizes=\"(max-width: 300px) 100vw, 300px\" \/><\/div><\/div><div class=\"mpc-item\"><div onclick=\"\" class=\"mpc-grid__image mpc-transition\"><img decoding=\"async\" width=\"300\" height=\"200\" src=\"https:\/\/iberiancamps.com\/wp-content\/uploads\/2024\/02\/campus-sia-esfuerzo-300x200.jpg\" class=\"mpc-transition attachment-medium\" alt=\"Campus SIA esfuerzo\" title=\"campus-sia-esfuerzo\" srcset=\"https:\/\/iberiancamps.com\/wp-content\/uploads\/2024\/02\/campus-sia-esfuerzo-300x200.jpg 300w, https:\/\/iberiancamps.com\/wp-content\/uploads\/2024\/02\/campus-sia-esfuerzo-768x511.jpg 768w, https:\/\/iberiancamps.com\/wp-content\/uploads\/2024\/02\/campus-sia-esfuerzo.jpg 1000w\" sizes=\"(max-width: 300px) 100vw, 300px\" \/><\/div><\/div><\/div>[\/vc_column][\/vc_row][vc_row full_width=&#8221;stretch_row&#8221; css=&#8221;.vc_custom_1706874300440{background-image: url(https:\/\/iberiancamps.com\/wp-content\/uploads\/2024\/02\/experiencia-campus-sia.jpg?id=14799) !important;}&#8221; el_id=&#8221;precios&#8221;][vc_column css=&#8221;.vc_custom_1537378021971{margin-bottom: 50px !important;}&#8221;][vc_empty_space 0=&#8221;&#8221;][vc_column_text css=&#8221;.vc_custom_1669206344145{padding-top: 30px !important;padding-right: 50px !important;padding-bottom: 50px !important;padding-left: 50px !important;background-color: rgba(248,248,248,0.9) !important;*background-color: rgb(248,248,248) !important;}&#8221;]<\/p>\n<h2 style=\"text-align: center; padding: -20px;\"><strong>PRIX DU CAMP DE FOOT AVEC LOGEMENT 2026<\/strong><\/h2>\n<h3 style=\"text-align: left;\">\u00a0 \u00a0 \u00a0 \u00a0 \u00a0 \u00a0 \u00a0 \u00a0 \u00a0 \u00a0 \u00a0 \u00a0 \u00a0 \u00a0 \u00a0 \u00a0 \u00a0 \u00a0 \u00a0 \u00a0 \u00a0 \u00a0 \u00a0 \u00a0 \u00a0 \u00a0 \u00a0 \u00a0 \u00a0 \u00a0 \u00a0 \u00a0 \u00a0 \u00a0 \u00a0 \u00a0 \u00a0 \u00a0 \u00a0 \u00a01 semaine\u00a0 \u00a0&#8230;.. 1.390\u20ac<\/h3>\n<h3>\u00a0 \u00a0 \u00a0 \u00a0 \u00a0 \u00a0 \u00a0 \u00a0 \u00a0 \u00a0 \u00a0 \u00a0 \u00a0 \u00a0 \u00a0 \u00a0 \u00a0 \u00a0 \u00a0 \u00a0 \u00a0 \u00a0 \u00a0 \u00a0 \u00a0 \u00a0 \u00a0 \u00a0 \u00a0 \u00a0 \u00a0 \u00a0 \u00a0 \u00a0 \u00a0 \u00a0 \u00a0 \u00a0 \u00a0 \u00a02 semaines &#8230;.. 2.515\u20ac<\/h3>\n<h3>\u00a0 \u00a0 \u00a0 \u00a0 \u00a0 \u00a0 \u00a0 \u00a0 \u00a0 \u00a0 \u00a0 \u00a0 \u00a0 \u00a0 \u00a0 \u00a0 \u00a0 \u00a0 \u00a0 \u00a0 \u00a0 \u00a0 \u00a0 \u00a0 \u00a0 \u00a0 \u00a0 \u00a0 \u00a0 \u00a0 \u00a0 \u00a0 \u00a0 \u00a0 \u00a0 \u00a0 \u00a0 \u00a0 \u00a0 \u00a03 semaines &#8230;.. 3.665\u20ac<\/h3>\n<h3>\u00a0 \u00a0 \u00a0 \u00a0 \u00a0 \u00a0 \u00a0 \u00a0 \u00a0 \u00a0 \u00a0 \u00a0 \u00a0 \u00a0 \u00a0 \u00a0 \u00a0 \u00a0 \u00a0 \u00a0 \u00a0 \u00a0 \u00a0 \u00a0 \u00a0 \u00a0 \u00a0 \u00a0 \u00a0 \u00a0 \u00a0 \u00a0 \u00a0 \u00a0 \u00a0 \u00a0 \u00a0 \u00a0 \u00a0 \u00a04 semaines &#8230;.. 4.790\u20ac<\/h3>\n<h3>\u00a0 \u00a0 \u00a0 \u00a0 \u00a0 \u00a0 \u00a0 \u00a0 \u00a0 \u00a0 \u00a0 \u00a0 \u00a0 \u00a0 \u00a0 \u00a0 \u00a0 \u00a0 \u00a0 \u00a0 \u00a0 \u00a0 \u00a0 \u00a0 \u00a0 \u00a0 \u00a0 \u00a0 \u00a0 \u00a0 \u00a0 \u00a0 \u00a0 \u00a0 \u00a0 \u00a0 \u00a0 \u00a0 \u00a0 \u00a05 semaines &#8230;.. 5.890\u20ac<\/h3>\n<p style=\"text-align: center;\"><strong>*10 % de r\u00e9duction pour les joueurs r\u00e9p\u00e9titeurs ou les fr\u00e8res et s\u0153urs (r\u00e9ductions non cumulables).<\/strong><\/p>\n<p>Si vous souhaitez que votre enfant vive une exp\u00e9rience plus compl\u00e8te, nous vous recommandons cette modalit\u00e9 de stage 24 heures, qui inclut:<\/p>\n<p><strong>\u2022<\/strong> 16 s\u00e9ances d&#8217;entra\u00eenement par semaine (tactique, travail individuel, tournois analyse vid\u00e9o&#8230;). Programme sp\u00e9cifique pour les gardiens<\/p>\n<p><strong>\u2022<\/strong> Logement en chambres doubles avec salle de bain priv\u00e9e<\/p>\n<p><strong>\u2022<\/strong> Pension compl\u00e8te (5 repas). Des menus sp\u00e9ciaux sont disponibles<\/p>\n<p><strong>\u2022<\/strong> Jeux r\u00e9cr\u00e9atifs: consoles, ping-pong, fl\u00e9chettes, mini paniers\u2026.<\/p>\n<p><strong>\u2022<\/strong> Activit\u00e9s multi-aventures le week-end<\/p>\n<p><strong>\u2022<\/strong> Moniteurs 24h\/24<\/p>\n<p><strong>\u2022<\/strong> 2 \u00e9quipements complets de football (maillot, short et chaussettes)<\/p>\n<p><strong>\u2022<\/strong> Dipl\u00f4me officiel attestant la participation<\/p>\n<p><strong>\u2022<\/strong> Soins de sant\u00e9, physioth\u00e9rapie, urgences m\u00e9dicales et \u00e9quipement de premiers secours<\/p>\n<p>Non-inclus dans le programme:<\/p>\n<p><strong>\u2022<\/strong> Le transport camp-a\u00e9roport. Le transport depuis\/\u00e0 l\u2019a\u00e9roport de Valence (175\u20ac\/trajet). Le transport depuis\/\u00e0 l\u2019a\u00e9roport d\u2019Alicante (175\u20ac\/trajet)<\/p>\n<p><strong>\u2022<\/strong> Nuit suppl\u00e9mentaire, avant ou apr\u00e8s le camp: 140\u20ac[\/vc_column_text][vc_empty_space 0=&#8221;&#8221;][\/vc_column][\/vc_row][vc_row full_width=&#8221;stretch_row&#8221; css=&#8221;.vc_custom_1527241906032{background-color: #ed7563 !important;}&#8221; el_id=&#8221;me-interesa&#8221;][vc_column width=&#8221;1\/6&#8243;][\/vc_column][vc_column width=&#8221;2\/3&#8243;][vc_column_text 0=&#8221;&#8221;]<\/p>\n<h3 style=\"text-align: center;\"><span style=\"color: #ffffff;\">Consultez les Prix et disponibilit\u00e9s. Nous vous r\u00e9pondrons au plus vite.<\/span><\/h3>\n<p>[\/vc_column_text]\n<div class=\"wpcf7 no-js\" id=\"wpcf7-f10061-o2\" lang=\"es-ES\" dir=\"ltr\" data-wpcf7-id=\"10061\">\n<div class=\"screen-reader-response\"><p role=\"status\" aria-live=\"polite\" aria-atomic=\"true\"><\/p> <ul><\/ul><\/div>\n<form action=\"\/fr\/wp-json\/wp\/v2\/pages\/12069#wpcf7-f10061-o2\" method=\"post\" class=\"wpcf7-form init cf7-style\" aria-label=\"Formulario de contacto\" novalidate=\"novalidate\" data-status=\"init\">\n<fieldset class=\"hidden-fields-container\"><input type=\"hidden\" name=\"_wpcf7\" value=\"10061\" \/><input type=\"hidden\" name=\"_wpcf7_version\" value=\"6.1.5\" \/><input type=\"hidden\" name=\"_wpcf7_locale\" value=\"es_ES\" \/><input type=\"hidden\" name=\"_wpcf7_unit_tag\" value=\"wpcf7-f10061-o2\" \/><input type=\"hidden\" name=\"_wpcf7_container_post\" value=\"0\" \/><input type=\"hidden\" name=\"_wpcf7_posted_data_hash\" value=\"\" \/><input type=\"hidden\" name=\"_wpcf7cf_hidden_group_fields\" value=\"[]\" \/><input type=\"hidden\" name=\"_wpcf7cf_hidden_groups\" value=\"[]\" \/><input type=\"hidden\" name=\"_wpcf7cf_visible_groups\" value=\"[]\" \/><input type=\"hidden\" name=\"_wpcf7cf_repeaters\" value=\"[]\" \/><input type=\"hidden\" name=\"_wpcf7cf_steps\" value=\"{}\" \/><input type=\"hidden\" name=\"_wpcf7cf_options\" value=\"{&quot;form_id&quot;:10061,&quot;conditions&quot;:[{&quot;then_field&quot;:&quot;verano2022-espanol&quot;,&quot;and_rules&quot;:[{&quot;if_field&quot;:&quot;programa&quot;,&quot;operator&quot;:&quot;equals&quot;,&quot;if_value&quot;:&quot;1. Camp d\\u2019Espagnol&quot;}]},{&quot;then_field&quot;:&quot;verano2022-ingles&quot;,&quot;and_rules&quot;:[{&quot;if_field&quot;:&quot;programa&quot;,&quot;operator&quot;:&quot;equals&quot;,&quot;if_value&quot;:&quot;2. Camp d\\u2019Anglais&quot;}]},{&quot;then_field&quot;:&quot;verano2022-frances&quot;,&quot;and_rules&quot;:[{&quot;if_field&quot;:&quot;programa&quot;,&quot;operator&quot;:&quot;equals&quot;,&quot;if_value&quot;:&quot;3. Camp de Fran\\u00e7ais&quot;}]},{&quot;then_field&quot;:&quot;verano2022-espanol-dia&quot;,&quot;and_rules&quot;:[{&quot;if_field&quot;:&quot;programa&quot;,&quot;operator&quot;:&quot;equals&quot;,&quot;if_value&quot;:&quot;4. Camp d\\u2019Espagnol (camp de jour)&quot;}]},{&quot;then_field&quot;:&quot;verano2022-ingles-dia&quot;,&quot;and_rules&quot;:[{&quot;if_field&quot;:&quot;programa&quot;,&quot;operator&quot;:&quot;equals&quot;,&quot;if_value&quot;:&quot;5. Camp d\\u2019Anglais (camp de jour)&quot;}]},{&quot;then_field&quot;:&quot;verano2022-frances-dia&quot;,&quot;and_rules&quot;:[{&quot;if_field&quot;:&quot;programa&quot;,&quot;operator&quot;:&quot;equals&quot;,&quot;if_value&quot;:&quot;6. Camp de Fran\\u00e7ais (camp de jour)&quot;}]}],&quot;settings&quot;:{&quot;animation&quot;:&quot;yes&quot;,&quot;animation_intime&quot;:&quot;200&quot;,&quot;animation_outtime&quot;:&quot;200&quot;,&quot;conditions_ui&quot;:&quot;normal&quot;,&quot;notice_dismissed&quot;:&quot;&quot;,&quot;wpcf7cf_settings_saved&quot;:&quot;1&quot;,&quot;notice_dismissed_update-cf7-5.3.2&quot;:true,&quot;notice_dismissed_rollback-cf7-5.5.6&quot;:true}}\" \/><input type=\"hidden\" name=\"_wpcf7_recaptcha_response\" value=\"\" \/>\n<\/fieldset>\n<div style=\"background-color: #FFF; color:#666; padding: 25px; -webkit-border-radius: 5px 10px; \/* Safari *\/ -moz-border-radius: 5px 10px;\/*Firefox *\/\">\n\t<div id=\"responsive-form\" class=\"clearfix\">\n\t\t<div class=\"form-row\">\n\t\t\t<div class=\"column-half\">\n\t\t\t\t<p><span class=\"wpcf7-form-control-wrap\" data-name=\"nombre\"><input size=\"40\" maxlength=\"400\" class=\"wpcf7-form-control wpcf7-text wpcf7-validates-as-required\" aria-required=\"true\" aria-invalid=\"false\" placeholder=\"Nom et Pr\u00e9nom\" value=\"\" type=\"text\" name=\"nombre\" \/><\/span>\n\t\t\t\t<\/p>\n\t\t\t<\/div>\n\t\t\t<div class=\"column-half\">\n\t\t\t\t<p><span class=\"wpcf7-form-control-wrap\" data-name=\"correo\"><input size=\"40\" maxlength=\"400\" class=\"wpcf7-form-control wpcf7-email wpcf7-validates-as-required wpcf7-text wpcf7-validates-as-email\" aria-required=\"true\" aria-invalid=\"false\" placeholder=\"Email\" value=\"\" type=\"email\" name=\"correo\" \/><\/span>\n\t\t\t\t<\/p>\n\t\t\t<\/div>\n\t\t<\/div>\n\t\t<div class=\"form-row\">\n\t\t\t<div class=\"column-half\">\n\t\t\t\t<p><span class=\"wpcf7-form-control-wrap\" data-name=\"pais\"><input size=\"40\" maxlength=\"400\" class=\"wpcf7-form-control wpcf7-text wpcf7-validates-as-required\" aria-required=\"true\" aria-invalid=\"false\" placeholder=\"Pays\" value=\"\" type=\"text\" name=\"pais\" \/><\/span>\n\t\t\t\t<\/p>\n\t\t\t<\/div>\n\t\t\t<div class=\"column-half\">\n\t\t\t\t<p><span class=\"wpcf7-form-control-wrap\" data-name=\"telefono\"><input class=\"wpcf7-form-control wpcf7-number wpcf7-validates-as-number\" aria-invalid=\"false\" placeholder=\"T\u00e9l\u00e9phone\" value=\"\" type=\"number\" name=\"telefono\" \/><\/span>\n\t\t\t\t<\/p>\n\t\t\t<\/div>\n\t\t<\/div>\n\t\t<div class=\"form-row\">\n\t\t\t<div class=\"column-full\">\n\t\t\t\t<p>Programme:\n\t\t\t\t<\/p>\n\t\t\t\t<p><span class=\"wpcf7-form-control-wrap\" data-name=\"programa\"><select class=\"wpcf7-form-control wpcf7-select\" aria-invalid=\"false\" name=\"programa\"><option value=\"\">&#8212;Por favor, elige una opci\u00f3n&#8212;<\/option><option value=\"1. Camp d\u2019Espagnol\">1. Camp d\u2019Espagnol<\/option><option value=\"2. Camp d\u2019Anglais\">2. Camp d\u2019Anglais<\/option><option value=\"3. Camp de Fran\u00e7ais\">3. Camp de Fran\u00e7ais<\/option><option value=\"4. Camp d\u2019Espagnol (camp de jour)\">4. Camp d\u2019Espagnol (camp de jour)<\/option><option value=\"5. Camp d\u2019Anglais (camp de jour)\">5. Camp d\u2019Anglais (camp de jour)<\/option><option value=\"6. Camp de Fran\u00e7ais (camp de jour)\">6. Camp de Fran\u00e7ais (camp de jour)<\/option><option value=\"7. Stage de Tennis &#039;Ferrero Stage&#039;\">7. Stage de Tennis &#039;Ferrero Stage&#039;<\/option><option value=\"8. Camp de Football SIA VALENCIA\">8. Camp de Football SIA VALENCIA<\/option><option value=\"9. Autres programmes\">9. Autres programmes<\/option><\/select><\/span>\n\t\t\t\t<\/p>\n\t\t\t<\/div>\n\t\t<\/div>\n\t\t<div data-id=\"verano2022-espanol\" data-orig_data_id=\"verano2022-espanol\"  class=\"\" data-class=\"wpcf7cf_group\">\n\t\t\t<p>Activit\u00e9 de l'apr\u00e8s-midi:<br \/>\n<span class=\"wpcf7-form-control-wrap\" data-name=\"verano2022-espanol-tarde\"><select class=\"wpcf7-form-control wpcf7-select wpcf7-validates-as-required\" aria-required=\"true\" aria-invalid=\"false\" name=\"verano2022-espanol-tarde\"><option value=\"\">&#8212;Por favor, elige una opci\u00f3n&#8212;<\/option><option value=\"Pas encore d\u00e9cid\u00e9\">Pas encore d\u00e9cid\u00e9<\/option><option value=\"Multisports\">Multisports<\/option><option value=\"Art et Culture\">Art et Culture<\/option><option value=\"Golf\">Golf<\/option><option value=\"Football\">Football<\/option><option value=\"Basket\">Basket<\/option><\/select><\/span>\n\t\t\t<\/p>\n\t\t<\/div>\n\t\t<div data-id=\"verano2022-ingles\" data-orig_data_id=\"verano2022-ingles\"  class=\"\" data-class=\"wpcf7cf_group\">\n\t\t\t<p>Activit\u00e9 de l'apr\u00e8s-midi:<br \/>\n<span class=\"wpcf7-form-control-wrap\" data-name=\"verano2022-ingles-tarde\"><select class=\"wpcf7-form-control wpcf7-select wpcf7-validates-as-required\" aria-required=\"true\" aria-invalid=\"false\" name=\"verano2022-ingles-tarde\"><option value=\"\">&#8212;Por favor, elige una opci\u00f3n&#8212;<\/option><option value=\"Pas encore d\u00e9cid\u00e9\">Pas encore d\u00e9cid\u00e9<\/option><option value=\"Multisports\">Multisports<\/option><option value=\"Art et Culture\">Art et Culture<\/option><option value=\"Golf\">Golf<\/option><option value=\"Football\">Football<\/option><option value=\"Basket\">Basket<\/option><\/select><\/span>\n\t\t\t<\/p>\n\t\t<\/div>\n\t\t<div data-id=\"verano2022-frances\" data-orig_data_id=\"verano2022-frances\"  class=\"\" data-class=\"wpcf7cf_group\">\n\t\t\t<p>Activit\u00e9 de l'apr\u00e8s-midi:<br \/>\n<span class=\"wpcf7-form-control-wrap\" data-name=\"verano2022-frances-tarde\"><select class=\"wpcf7-form-control wpcf7-select wpcf7-validates-as-required\" aria-required=\"true\" aria-invalid=\"false\" name=\"verano2022-frances-tarde\"><option value=\"\">&#8212;Por favor, elige una opci\u00f3n&#8212;<\/option><option value=\"Pas encore d\u00e9cid\u00e9\">Pas encore d\u00e9cid\u00e9<\/option><option value=\"Multisports\">Multisports<\/option><option value=\"Art et Culture\">Art et Culture<\/option><option value=\"Golf\">Golf<\/option><option value=\"Football\">Football<\/option><option value=\"Basket\">Basket<\/option><\/select><\/span>\n\t\t\t<\/p>\n\t\t<\/div>\n\t\t<div data-id=\"verano2022-espanol-dia\" data-orig_data_id=\"verano2022-espanol-dia\"  class=\"\" data-class=\"wpcf7cf_group\">\n\t\t\t<p>Activit\u00e9 de l'apr\u00e8s-midi:<br \/>\n<span class=\"wpcf7-form-control-wrap\" data-name=\"verano2022-espanol-dia-tarde\"><select class=\"wpcf7-form-control wpcf7-select wpcf7-validates-as-required\" aria-required=\"true\" aria-invalid=\"false\" name=\"verano2022-espanol-dia-tarde\"><option value=\"\">&#8212;Por favor, elige una opci\u00f3n&#8212;<\/option><option value=\"Pas encore d\u00e9cid\u00e9\">Pas encore d\u00e9cid\u00e9<\/option><option value=\"Multisports\">Multisports<\/option><option value=\"Art et Culture\">Art et Culture<\/option><option value=\"Golf\">Golf<\/option><option value=\"Football\">Football<\/option><option value=\"Basket\">Basket<\/option><\/select><\/span>\n\t\t\t<\/p>\n\t\t<\/div>\n\t\t<div data-id=\"verano2022-ingles-dia\" data-orig_data_id=\"verano2022-ingles-dia\"  class=\"\" data-class=\"wpcf7cf_group\">\n\t\t\t<p>Activit\u00e9 de l'apr\u00e8s-midi:<br \/>\n<span class=\"wpcf7-form-control-wrap\" data-name=\"verano2022-ingles-dia-tarde\"><select class=\"wpcf7-form-control wpcf7-select wpcf7-validates-as-required\" aria-required=\"true\" aria-invalid=\"false\" name=\"verano2022-ingles-dia-tarde\"><option value=\"\">&#8212;Por favor, elige una opci\u00f3n&#8212;<\/option><option value=\"Pas encore d\u00e9cid\u00e9\">Pas encore d\u00e9cid\u00e9<\/option><option value=\"Multisports\">Multisports<\/option><option value=\"Art et Culture\">Art et Culture<\/option><option value=\"Golf\">Golf<\/option><option value=\"Football\">Football<\/option><option value=\"Basket\">Basket<\/option><\/select><\/span>\n\t\t\t<\/p>\n\t\t<\/div>\n\t\t<div data-id=\"verano2022-frances-dia\" data-orig_data_id=\"verano2022-frances-dia\"  class=\"\" data-class=\"wpcf7cf_group\">\n\t\t\t<p>Activit\u00e9 de l'apr\u00e8s-midi:<br \/>\n<span class=\"wpcf7-form-control-wrap\" data-name=\"verano2022-frances-dia-tarde\"><select class=\"wpcf7-form-control wpcf7-select wpcf7-validates-as-required\" aria-required=\"true\" aria-invalid=\"false\" name=\"verano2022-frances-dia-tarde\"><option value=\"\">&#8212;Por favor, elige una opci\u00f3n&#8212;<\/option><option value=\"Pas encore d\u00e9cid\u00e9\">Pas encore d\u00e9cid\u00e9<\/option><option value=\"Multisports\">Multisports<\/option><option value=\"Art et Culture\">Art et Culture<\/option><option value=\"Golf\">Golf<\/option><option value=\"Football\">Football<\/option><option value=\"Basket\">Basket<\/option><\/select><\/span>\n\t\t\t<\/p>\n\t\t<\/div>\n\t\t<div class=\"form-row\">\n\t\t\t<div class=\"column-full\">\n\t\t\t\t<p><span class=\"wpcf7-form-control-wrap\" data-name=\"privacidad\"><span class=\"wpcf7-form-control wpcf7-acceptance\"><span class=\"wpcf7-list-item\"><input type=\"checkbox\" name=\"privacidad\" value=\"1\" aria-invalid=\"false\" \/><\/span><\/span><\/span> J'accepte la <a target=\"_blank\" href=\"https:\/\/iberiancamps.com\/fr\/politique-de-confidentialite\/\"> Politique de confidentialit\u00e9<\/a>.\n\t\t\t\t<\/p>\n\t\t\t<\/div>\n\t\t<\/div>\n\t\t<div class=\"form-row\">\n\t\t\t<div class=\"column-full\">\n\t\t\t\t<p><input class=\"wpcf7-form-control wpcf7-submit has-spinner\" type=\"submit\" value=\"Envoyer\" \/>\n\t\t\t\t<\/p>\n\t\t\t<\/div>\n\t\t<\/div>\n\t\t<p><span style=\"font-size:13px;\">Vos donn\u00e9es personnelles seront utilis\u00e9es uniquement dans le but de donner r\u00e9ponse \u00e0 vos demandes. Vous pouvez exercer vos droits d\u2019acc\u00e8s, modification, annulation, suppression, opposition et limitation du traitement et portabilit\u00e9 en nous \u00e9crivant \u00e0 info@iberiancamps.com.<\/span>\n\t\t<\/p>\n\t\t<p><span style=\"font-size:13px;\">Ce site est prot\u00e9g\u00e9 par reCAPTCHA et Google.<\/span>\n\t\t<\/p>\n\t<\/div><!--end responsive-form-->\n<\/div><input type='hidden' class='wpcf7-pum' value='{\"closepopup\":false,\"closedelay\":0,\"openpopup\":false,\"openpopup_id\":0}' \/><div class=\"wpcf7-response-output\" aria-hidden=\"true\"><\/div>\n<\/form>\n<\/div>\n[vc_empty_space height=&#8221;50px&#8221;][\/vc_column][vc_column width=&#8221;1\/6&#8243;][\/vc_column][\/vc_row][vc_row 0=&#8221;&#8221; el_id=&#8221;localisation&#8221;][vc_column 0=&#8221;&#8221;][vc_column_text 0=&#8221;&#8221;]<\/p>\n<h2 style=\"text-align: center;\">LOCALISATION<\/h2>\n<p>[\/vc_column_text][\/vc_column][\/vc_row][vc_row 0=&#8221;&#8221; full_width=&#8221;stretch_row&#8221; css=&#8221;.vc_custom_1706874359086{background-image: url(https:\/\/iberiancamps.com\/wp-content\/uploads\/2024\/02\/grupo-campus-sia.jpg?id=14805) !important;}&#8221;][vc_column 0=&#8221;&#8221; width=&#8221;2\/3&#8243;][vc_empty_space][vc_gmaps link=&#8221;#E-8_JTNDaWZyYW1lJTIwc3JjJTNEJTIyaHR0cHMlM0ElMkYlMkZ3d3cuZ29vZ2xlLmNvbSUyRm1hcHMlMkZlbWJlZCUzRnBiJTNEJTIxMW0xOCUyMTFtMTIlMjExbTMlMjExZDMxMDAuOTAxMzQyMzEzMDc2JTIxMmQtMC42NjYzMzE0ODQ4MDc3ODI1JTIxM2QzOC45OTQ3NDc5NDg4MDUyNyUyMTJtMyUyMTFmMCUyMTJmMCUyMTNmMCUyMTNtMiUyMTFpMTAyNCUyMTJpNzY4JTIxNGYxMy4xJTIxM20zJTIxMW0yJTIxMXMweGQ2MTBiNGYxM2NmNmJiZiUyNTNBMHg5N2VmOWM3YzQ0Yjk3ODAzJTIxMnNTb2NjZXIlMjUyMEludGVyLUFjdGlvbiUyMTVlMCUyMTNtMiUyMTFzZXMlMjEyc2VzJTIxNHYxNTc4OTk4NjY0NjkzJTIxNW0yJTIxMXNlcyUyMTJzZXMlMjIlMjB3aWR0aCUzRCUyMjYwMCUyMiUyMGhlaWdodCUzRCUyMjQ1MCUyMiUyMGZyYW1lYm9yZGVyJTNEJTIyMCUyMiUyMHN0eWxlJTNEJTIyYm9yZGVyJTNBMCUzQiUyMiUyMGFsbG93ZnVsbHNjcmVlbiUzRCUyMiUyMiUzRSUzQyUyRmlmcmFtZSUzRQ==&#8221;][vc_empty_space][vc_empty_space][\/vc_column][vc_column width=&#8221;1\/3&#8243;][vc_empty_space][vc_column_text css=&#8221;.vc_custom_1617826658225{padding-top: 50px !important;padding-right: 50px !important;padding-bottom: 50px !important;padding-left: 50px !important;background-color: rgba(248,248,248,0.9) !important;*background-color: rgb(248,248,248) !important;}&#8221;]<\/p>\n<p style=\"text-align: left;\"><strong>SOCCER INTER-ACTION<\/strong><\/p>\n<p><strong>Centre Sportif de Haute Performance<\/strong><\/p>\n<p><strong>Ctra. Enguera km51<\/strong><\/p>\n<p><strong>46810, Enguera (Valencia)<\/strong><\/p>\n<p><strong>ESPAGNE<\/strong><\/p>\n<p>Le logement et les installations sportives se trouvent au m\u00eame endroit, il n&#8217;est donc pas n\u00e9cessaire de faire des transferts quotidiens:<\/p>\n<p><strong>\u2022 <\/strong>A 50 minutes en voiture depuis l\u2019a\u00e9roport de Valence (75 km).<\/p>\n<p><strong>\u2022 <\/strong>A 1h 15 m en voiture depuis l\u2019a\u00e9roport d\u2019Alicante (120 km).<\/p>\n<p>[\/vc_column_text][vc_empty_space][vc_empty_space][\/vc_column][\/vc_row][vc_row el_id=&#8221;conditions&#8221;][vc_column width=&#8221;5\/12&#8243;][vc_column_text]<\/p>\n<h3>CONDITIONS<\/h3>\n<p><strong>Mode de paiement<\/strong><\/p>\n<p>Pour r\u00e9server le stage, nous vous enverrons par email le formulaire d\u2019inscription, qu\u2019il vous faudra nous retourner rempli.<\/p>\n<p>Pour la confirmation de la r\u00e9servation, le paiement de 100 % devra \u00eatre effectu\u00e9 par virement bancaire:<\/p>\n<blockquote><p>Titulaire: SOCCER INTER-ACTION<br \/>\nBanco Santander<br \/>\nIBAN: ES76-0049-4900-05-2616075304<br \/>\nSWIFT\/BIC: BSCHESMMXXX<\/p><\/blockquote>\n<p>Les frais bancaires seront \u00e0 charge du client.<\/p>\n<p>N\u2019oubliez pas d\u2019indiquer le nom du participant dans le concept du virement.[\/vc_column_text][\/vc_column][vc_column width=&#8221;7\/12&#8243;][vc_column_text]<\/p>\n<h3>FAQ (<strong>QUESTIONS FR\u00c9QUENTES<\/strong>)<\/h3>\n<p>[\/vc_column_text][vc_empty_space][vc_tta_accordion active_section=&#8221;1&#8243; collapsible_all=&#8221;true&#8221;][vc_tta_section title=&#8221;Quelle est la politique d\u2019annulation?&#8221; tab_id=&#8221;5902543626236&#8243;][vc_column_text]<strong>\u2022 <\/strong>Il n\u2019y a aucun droit de remboursement.<\/p>\n<p><strong>\u2022 <\/strong>Si le participant ne peut pas assister, il pourra l\u2019\u00e9changer pour un autre campus organis\u00e9 par Soccer Inter-Action.<\/p>\n<p><strong>\u2022 <\/strong>L\u2019organisation se d\u00e9gage de toute responsabilit\u00e9 concernant l\u2019\u00e9tat de sant\u00e9 du participant, puisque la soci\u00e9t\u00e9 Soccer Inter-Action veillera au bon respect du protocole \u00e9tabli.[\/vc_column_text][\/vc_tta_section][vc_tta_section title=&#8221;Ce camp de foot a-t-il un entra\u00eenement sp\u00e9cifique pour les gardiens?&#8221; tab_id=&#8221;52323509230&#8243;][vc_column_text]Oui, nous avons des techniciens qui centreront leur travail sur ce poste tellement important.[\/vc_column_text][\/vc_tta_section][vc_tta_section title=&#8221;O\u00f9 puis-je trouver le prix de ce stage pour plus de 6 semaines?&#8221; tab_id=&#8221;230950923502&#8243;][vc_column_text]En nous appelant (au +34 647 26 17 17) ou en remplissant un de nos formulaires de contact, et nous vous enverrons l\u2019information par email dans les plus brefs d\u00e9lais.[\/vc_column_text][\/vc_tta_section][vc_tta_section title=&#8221;Les filles peuvent-elles assister au camp?&#8221; tab_id=&#8221;2359025023009223&#8243;][vc_column_text]Tout \u00e0 fait, le campus est mixte; ce qui signifie qu\u2019aussi bien les gar\u00e7ons que les filles peuvent y participer.[\/vc_column_text][\/vc_tta_section][vc_tta_section title=&#8221;Que dois-je mettre dans la valise de mon enfant?&#8221; tab_id=&#8221;530932023623&#8243;][vc_column_text]<strong>\u2022 <\/strong>V\u00eatements de sport et baskets<\/p>\n<p><strong>\u2022 <\/strong>Cr\u00e8me solaire d\u2019un facteur de protection \u00e9lev\u00e9<\/p>\n<p><strong>\u2022 <\/strong>Maillot de bain et serviette de plage (pour les activit\u00e9s aquatiques). La r\u00e9sidence fournit les draps et serviette de bain pour les internes.<\/p>\n<p><strong>\u2022 <\/strong><strong>\u00a0<\/strong>Argent de poche. Tous les frais sont compris, pour autant, votre enfant aura besoin de tr\u00e8s peu d\u2019argent extra. Notre recommandation est de 5\u20ac maximum par jour.[\/vc_column_text][\/vc_tta_section][vc_tta_section title=&#8221;D\u2019o\u00f9 sont les techniciens qui se chargeront des entra\u00eenements pendant le stage?&#8221; tab_id=&#8221;523095230092390&#8243;][vc_column_text]Les entra\u00eeneurs qui dirigeront les s\u00e9ances sont des techniciens licenci\u00e9s UEFA PRO, dipl\u00f4m\u00e9s en activit\u00e9 physique et sport, ayant une exp\u00e9rience dans des \u00e9quipes de haut niveau. De plus, la formation se fera en espagnol et en anglais.[\/vc_column_text][\/vc_tta_section][vc_tta_section title=&#8221;Quel niveau de foot doit avoir un participant?&#8221; tab_id=&#8221;492409230923&#8243;][vc_column_text]La seule exigence est que les participants soient des passionn\u00e9s de foot.[\/vc_column_text][\/vc_tta_section][vc_tta_section title=&#8221;Quel \u00e9quipement sportif porteront les jeunes pendant le stage?&#8221; tab_id=&#8221;325923502&#8243;][vc_column_text]2 \u00e9quipements complets (maillot, short et chaussettes).[\/vc_column_text][\/vc_tta_section][vc_tta_section title=&#8221;Que mangeront les ados pendant le stage et qui le contr\u00f4lera?&#8221; tab_id=&#8221;534532990532&#8243;][vc_column_text]Nos \u00e9l\u00e8ves auront \u00e0 leur disposition un menu sp\u00e9cialement con\u00e7u avec des aliments sp\u00e9ciaux pour les jeunes sportifs, \u00e9labor\u00e9 par notre nutritionniste. Si votre enfant suit un r\u00e9gime sp\u00e9cial, il vous suffit de nous en informer.[\/vc_column_text][\/vc_tta_section][vc_tta_section title=&#8221;Qui sera le compagnon de chambre de mon enfant?&#8221; tab_id=&#8221;5309235902359&#8243;][vc_column_text]Il dormira dans une chambre double, avec un jeune\u00a0de son \u00e2ge et sexe. S\u2019il participe au camp avec un de ses amis, il est possible de demander \u00e0 ce qu\u2019ils soient log\u00e9s dans la m\u00eame chambre.[\/vc_column_text][\/vc_tta_section][vc_tta_section title=&#8221;Les parents peuvent-ils venir voir leurs enfants pendant les entra\u00eenements et \u00e0 l\u2019acad\u00e9mie?&#8221; tab_id=&#8221;53298532899835&#8243;][vc_column_text]Aucun probl\u00e8me, \u00e0 condition de respecter les horaires et normes de conduite.[\/vc_column_text][\/vc_tta_section][\/vc_tta_accordion][\/vc_column][\/vc_row][vc_row full_width=&#8221;stretch_row&#8221; css=&#8221;.vc_custom_1527241906032{background-color: #ed7563 !important;}&#8221;][vc_column width=&#8221;1\/6&#8243;][\/vc_column][vc_column width=&#8221;2\/3&#8243;][vc_column_text 0=&#8221;&#8221;]<\/p>\n<h3 style=\"text-align: center;\"><span style=\"color: #ffffff;\">Consultez les Prix et disponibilit\u00e9s. Nous vous r\u00e9pondrons au plus vite.<\/span><\/h3>\n<p>[\/vc_column_text]\n<div class=\"wpcf7 no-js\" id=\"wpcf7-f10061-o3\" lang=\"es-ES\" dir=\"ltr\" data-wpcf7-id=\"10061\">\n<div class=\"screen-reader-response\"><p role=\"status\" aria-live=\"polite\" aria-atomic=\"true\"><\/p> <ul><\/ul><\/div>\n<form action=\"\/fr\/wp-json\/wp\/v2\/pages\/12069#wpcf7-f10061-o3\" method=\"post\" class=\"wpcf7-form init cf7-style\" aria-label=\"Formulario de contacto\" novalidate=\"novalidate\" data-status=\"init\">\n<fieldset class=\"hidden-fields-container\"><input type=\"hidden\" name=\"_wpcf7\" value=\"10061\" \/><input type=\"hidden\" name=\"_wpcf7_version\" value=\"6.1.5\" \/><input type=\"hidden\" name=\"_wpcf7_locale\" value=\"es_ES\" \/><input type=\"hidden\" name=\"_wpcf7_unit_tag\" value=\"wpcf7-f10061-o3\" \/><input type=\"hidden\" name=\"_wpcf7_container_post\" value=\"0\" \/><input type=\"hidden\" name=\"_wpcf7_posted_data_hash\" value=\"\" \/><input type=\"hidden\" name=\"_wpcf7cf_hidden_group_fields\" value=\"[]\" \/><input type=\"hidden\" name=\"_wpcf7cf_hidden_groups\" value=\"[]\" \/><input type=\"hidden\" name=\"_wpcf7cf_visible_groups\" value=\"[]\" \/><input type=\"hidden\" name=\"_wpcf7cf_repeaters\" value=\"[]\" \/><input type=\"hidden\" name=\"_wpcf7cf_steps\" value=\"{}\" \/><input type=\"hidden\" name=\"_wpcf7cf_options\" value=\"{&quot;form_id&quot;:10061,&quot;conditions&quot;:[{&quot;then_field&quot;:&quot;verano2022-espanol&quot;,&quot;and_rules&quot;:[{&quot;if_field&quot;:&quot;programa&quot;,&quot;operator&quot;:&quot;equals&quot;,&quot;if_value&quot;:&quot;1. Camp d\\u2019Espagnol&quot;}]},{&quot;then_field&quot;:&quot;verano2022-ingles&quot;,&quot;and_rules&quot;:[{&quot;if_field&quot;:&quot;programa&quot;,&quot;operator&quot;:&quot;equals&quot;,&quot;if_value&quot;:&quot;2. Camp d\\u2019Anglais&quot;}]},{&quot;then_field&quot;:&quot;verano2022-frances&quot;,&quot;and_rules&quot;:[{&quot;if_field&quot;:&quot;programa&quot;,&quot;operator&quot;:&quot;equals&quot;,&quot;if_value&quot;:&quot;3. Camp de Fran\\u00e7ais&quot;}]},{&quot;then_field&quot;:&quot;verano2022-espanol-dia&quot;,&quot;and_rules&quot;:[{&quot;if_field&quot;:&quot;programa&quot;,&quot;operator&quot;:&quot;equals&quot;,&quot;if_value&quot;:&quot;4. Camp d\\u2019Espagnol (camp de jour)&quot;}]},{&quot;then_field&quot;:&quot;verano2022-ingles-dia&quot;,&quot;and_rules&quot;:[{&quot;if_field&quot;:&quot;programa&quot;,&quot;operator&quot;:&quot;equals&quot;,&quot;if_value&quot;:&quot;5. Camp d\\u2019Anglais (camp de jour)&quot;}]},{&quot;then_field&quot;:&quot;verano2022-frances-dia&quot;,&quot;and_rules&quot;:[{&quot;if_field&quot;:&quot;programa&quot;,&quot;operator&quot;:&quot;equals&quot;,&quot;if_value&quot;:&quot;6. Camp de Fran\\u00e7ais (camp de jour)&quot;}]}],&quot;settings&quot;:{&quot;animation&quot;:&quot;yes&quot;,&quot;animation_intime&quot;:&quot;200&quot;,&quot;animation_outtime&quot;:&quot;200&quot;,&quot;conditions_ui&quot;:&quot;normal&quot;,&quot;notice_dismissed&quot;:&quot;&quot;,&quot;wpcf7cf_settings_saved&quot;:&quot;1&quot;,&quot;notice_dismissed_update-cf7-5.3.2&quot;:true,&quot;notice_dismissed_rollback-cf7-5.5.6&quot;:true}}\" \/><input type=\"hidden\" name=\"_wpcf7_recaptcha_response\" value=\"\" \/>\n<\/fieldset>\n<div style=\"background-color: #FFF; color:#666; padding: 25px; -webkit-border-radius: 5px 10px; \/* Safari *\/ -moz-border-radius: 5px 10px;\/*Firefox *\/\">\n\t<div id=\"responsive-form\" class=\"clearfix\">\n\t\t<div class=\"form-row\">\n\t\t\t<div class=\"column-half\">\n\t\t\t\t<p><span class=\"wpcf7-form-control-wrap\" data-name=\"nombre\"><input size=\"40\" maxlength=\"400\" class=\"wpcf7-form-control wpcf7-text wpcf7-validates-as-required\" aria-required=\"true\" aria-invalid=\"false\" placeholder=\"Nom et Pr\u00e9nom\" value=\"\" type=\"text\" name=\"nombre\" \/><\/span>\n\t\t\t\t<\/p>\n\t\t\t<\/div>\n\t\t\t<div class=\"column-half\">\n\t\t\t\t<p><span class=\"wpcf7-form-control-wrap\" data-name=\"correo\"><input size=\"40\" maxlength=\"400\" class=\"wpcf7-form-control wpcf7-email wpcf7-validates-as-required wpcf7-text wpcf7-validates-as-email\" aria-required=\"true\" aria-invalid=\"false\" placeholder=\"Email\" value=\"\" type=\"email\" name=\"correo\" \/><\/span>\n\t\t\t\t<\/p>\n\t\t\t<\/div>\n\t\t<\/div>\n\t\t<div class=\"form-row\">\n\t\t\t<div class=\"column-half\">\n\t\t\t\t<p><span class=\"wpcf7-form-control-wrap\" data-name=\"pais\"><input size=\"40\" maxlength=\"400\" class=\"wpcf7-form-control wpcf7-text wpcf7-validates-as-required\" aria-required=\"true\" aria-invalid=\"false\" placeholder=\"Pays\" value=\"\" type=\"text\" name=\"pais\" \/><\/span>\n\t\t\t\t<\/p>\n\t\t\t<\/div>\n\t\t\t<div class=\"column-half\">\n\t\t\t\t<p><span class=\"wpcf7-form-control-wrap\" data-name=\"telefono\"><input class=\"wpcf7-form-control wpcf7-number wpcf7-validates-as-number\" aria-invalid=\"false\" placeholder=\"T\u00e9l\u00e9phone\" value=\"\" type=\"number\" name=\"telefono\" \/><\/span>\n\t\t\t\t<\/p>\n\t\t\t<\/div>\n\t\t<\/div>\n\t\t<div class=\"form-row\">\n\t\t\t<div class=\"column-full\">\n\t\t\t\t<p>Programme:\n\t\t\t\t<\/p>\n\t\t\t\t<p><span class=\"wpcf7-form-control-wrap\" data-name=\"programa\"><select class=\"wpcf7-form-control wpcf7-select\" aria-invalid=\"false\" name=\"programa\"><option value=\"\">&#8212;Por favor, elige una opci\u00f3n&#8212;<\/option><option value=\"1. Camp d\u2019Espagnol\">1. Camp d\u2019Espagnol<\/option><option value=\"2. Camp d\u2019Anglais\">2. Camp d\u2019Anglais<\/option><option value=\"3. Camp de Fran\u00e7ais\">3. Camp de Fran\u00e7ais<\/option><option value=\"4. Camp d\u2019Espagnol (camp de jour)\">4. Camp d\u2019Espagnol (camp de jour)<\/option><option value=\"5. Camp d\u2019Anglais (camp de jour)\">5. Camp d\u2019Anglais (camp de jour)<\/option><option value=\"6. Camp de Fran\u00e7ais (camp de jour)\">6. Camp de Fran\u00e7ais (camp de jour)<\/option><option value=\"7. Stage de Tennis &#039;Ferrero Stage&#039;\">7. Stage de Tennis &#039;Ferrero Stage&#039;<\/option><option value=\"8. Camp de Football SIA VALENCIA\">8. Camp de Football SIA VALENCIA<\/option><option value=\"9. Autres programmes\">9. Autres programmes<\/option><\/select><\/span>\n\t\t\t\t<\/p>\n\t\t\t<\/div>\n\t\t<\/div>\n\t\t<div data-id=\"verano2022-espanol\" data-orig_data_id=\"verano2022-espanol\"  class=\"\" data-class=\"wpcf7cf_group\">\n\t\t\t<p>Activit\u00e9 de l'apr\u00e8s-midi:<br \/>\n<span class=\"wpcf7-form-control-wrap\" data-name=\"verano2022-espanol-tarde\"><select class=\"wpcf7-form-control wpcf7-select wpcf7-validates-as-required\" aria-required=\"true\" aria-invalid=\"false\" name=\"verano2022-espanol-tarde\"><option value=\"\">&#8212;Por favor, elige una opci\u00f3n&#8212;<\/option><option value=\"Pas encore d\u00e9cid\u00e9\">Pas encore d\u00e9cid\u00e9<\/option><option value=\"Multisports\">Multisports<\/option><option value=\"Art et Culture\">Art et Culture<\/option><option value=\"Golf\">Golf<\/option><option value=\"Football\">Football<\/option><option value=\"Basket\">Basket<\/option><\/select><\/span>\n\t\t\t<\/p>\n\t\t<\/div>\n\t\t<div data-id=\"verano2022-ingles\" data-orig_data_id=\"verano2022-ingles\"  class=\"\" data-class=\"wpcf7cf_group\">\n\t\t\t<p>Activit\u00e9 de l'apr\u00e8s-midi:<br \/>\n<span class=\"wpcf7-form-control-wrap\" data-name=\"verano2022-ingles-tarde\"><select class=\"wpcf7-form-control wpcf7-select wpcf7-validates-as-required\" aria-required=\"true\" aria-invalid=\"false\" name=\"verano2022-ingles-tarde\"><option value=\"\">&#8212;Por favor, elige una opci\u00f3n&#8212;<\/option><option value=\"Pas encore d\u00e9cid\u00e9\">Pas encore d\u00e9cid\u00e9<\/option><option value=\"Multisports\">Multisports<\/option><option value=\"Art et Culture\">Art et Culture<\/option><option value=\"Golf\">Golf<\/option><option value=\"Football\">Football<\/option><option value=\"Basket\">Basket<\/option><\/select><\/span>\n\t\t\t<\/p>\n\t\t<\/div>\n\t\t<div data-id=\"verano2022-frances\" data-orig_data_id=\"verano2022-frances\"  class=\"\" data-class=\"wpcf7cf_group\">\n\t\t\t<p>Activit\u00e9 de l'apr\u00e8s-midi:<br \/>\n<span class=\"wpcf7-form-control-wrap\" data-name=\"verano2022-frances-tarde\"><select class=\"wpcf7-form-control wpcf7-select wpcf7-validates-as-required\" aria-required=\"true\" aria-invalid=\"false\" name=\"verano2022-frances-tarde\"><option value=\"\">&#8212;Por favor, elige una opci\u00f3n&#8212;<\/option><option value=\"Pas encore d\u00e9cid\u00e9\">Pas encore d\u00e9cid\u00e9<\/option><option value=\"Multisports\">Multisports<\/option><option value=\"Art et Culture\">Art et Culture<\/option><option value=\"Golf\">Golf<\/option><option value=\"Football\">Football<\/option><option value=\"Basket\">Basket<\/option><\/select><\/span>\n\t\t\t<\/p>\n\t\t<\/div>\n\t\t<div data-id=\"verano2022-espanol-dia\" data-orig_data_id=\"verano2022-espanol-dia\"  class=\"\" data-class=\"wpcf7cf_group\">\n\t\t\t<p>Activit\u00e9 de l'apr\u00e8s-midi:<br \/>\n<span class=\"wpcf7-form-control-wrap\" data-name=\"verano2022-espanol-dia-tarde\"><select class=\"wpcf7-form-control wpcf7-select wpcf7-validates-as-required\" aria-required=\"true\" aria-invalid=\"false\" name=\"verano2022-espanol-dia-tarde\"><option value=\"\">&#8212;Por favor, elige una opci\u00f3n&#8212;<\/option><option value=\"Pas encore d\u00e9cid\u00e9\">Pas encore d\u00e9cid\u00e9<\/option><option value=\"Multisports\">Multisports<\/option><option value=\"Art et Culture\">Art et Culture<\/option><option value=\"Golf\">Golf<\/option><option value=\"Football\">Football<\/option><option value=\"Basket\">Basket<\/option><\/select><\/span>\n\t\t\t<\/p>\n\t\t<\/div>\n\t\t<div data-id=\"verano2022-ingles-dia\" data-orig_data_id=\"verano2022-ingles-dia\"  class=\"\" data-class=\"wpcf7cf_group\">\n\t\t\t<p>Activit\u00e9 de l'apr\u00e8s-midi:<br \/>\n<span class=\"wpcf7-form-control-wrap\" data-name=\"verano2022-ingles-dia-tarde\"><select class=\"wpcf7-form-control wpcf7-select wpcf7-validates-as-required\" aria-required=\"true\" aria-invalid=\"false\" name=\"verano2022-ingles-dia-tarde\"><option value=\"\">&#8212;Por favor, elige una opci\u00f3n&#8212;<\/option><option value=\"Pas encore d\u00e9cid\u00e9\">Pas encore d\u00e9cid\u00e9<\/option><option value=\"Multisports\">Multisports<\/option><option value=\"Art et Culture\">Art et Culture<\/option><option value=\"Golf\">Golf<\/option><option value=\"Football\">Football<\/option><option value=\"Basket\">Basket<\/option><\/select><\/span>\n\t\t\t<\/p>\n\t\t<\/div>\n\t\t<div data-id=\"verano2022-frances-dia\" data-orig_data_id=\"verano2022-frances-dia\"  class=\"\" data-class=\"wpcf7cf_group\">\n\t\t\t<p>Activit\u00e9 de l'apr\u00e8s-midi:<br \/>\n<span class=\"wpcf7-form-control-wrap\" data-name=\"verano2022-frances-dia-tarde\"><select class=\"wpcf7-form-control wpcf7-select wpcf7-validates-as-required\" aria-required=\"true\" aria-invalid=\"false\" name=\"verano2022-frances-dia-tarde\"><option value=\"\">&#8212;Por favor, elige una opci\u00f3n&#8212;<\/option><option value=\"Pas encore d\u00e9cid\u00e9\">Pas encore d\u00e9cid\u00e9<\/option><option value=\"Multisports\">Multisports<\/option><option value=\"Art et Culture\">Art et Culture<\/option><option value=\"Golf\">Golf<\/option><option value=\"Football\">Football<\/option><option value=\"Basket\">Basket<\/option><\/select><\/span>\n\t\t\t<\/p>\n\t\t<\/div>\n\t\t<div class=\"form-row\">\n\t\t\t<div class=\"column-full\">\n\t\t\t\t<p><span class=\"wpcf7-form-control-wrap\" data-name=\"privacidad\"><span class=\"wpcf7-form-control wpcf7-acceptance\"><span class=\"wpcf7-list-item\"><input type=\"checkbox\" name=\"privacidad\" value=\"1\" aria-invalid=\"false\" \/><\/span><\/span><\/span> J'accepte la <a target=\"_blank\" href=\"https:\/\/iberiancamps.com\/fr\/politique-de-confidentialite\/\"> Politique de confidentialit\u00e9<\/a>.\n\t\t\t\t<\/p>\n\t\t\t<\/div>\n\t\t<\/div>\n\t\t<div class=\"form-row\">\n\t\t\t<div class=\"column-full\">\n\t\t\t\t<p><input class=\"wpcf7-form-control wpcf7-submit has-spinner\" type=\"submit\" value=\"Envoyer\" \/>\n\t\t\t\t<\/p>\n\t\t\t<\/div>\n\t\t<\/div>\n\t\t<p><span style=\"font-size:13px;\">Vos donn\u00e9es personnelles seront utilis\u00e9es uniquement dans le but de donner r\u00e9ponse \u00e0 vos demandes. Vous pouvez exercer vos droits d\u2019acc\u00e8s, modification, annulation, suppression, opposition et limitation du traitement et portabilit\u00e9 en nous \u00e9crivant \u00e0 info@iberiancamps.com.<\/span>\n\t\t<\/p>\n\t\t<p><span style=\"font-size:13px;\">Ce site est prot\u00e9g\u00e9 par reCAPTCHA et Google.<\/span>\n\t\t<\/p>\n\t<\/div><!--end responsive-form-->\n<\/div><input type='hidden' class='wpcf7-pum' value='{\"closepopup\":false,\"closedelay\":0,\"openpopup\":false,\"openpopup_id\":0}' \/><div class=\"wpcf7-response-output\" aria-hidden=\"true\"><\/div>\n<\/form>\n<\/div>\n[vc_empty_space height=&#8221;50px&#8221;][\/vc_column][vc_column width=&#8221;1\/6&#8243;][\/vc_column][\/vc_row][vc_row][vc_column][vc_empty_space][\/vc_column][\/vc_row]<\/p>\n","protected":false},"excerpt":{"rendered":"<p>[vc_row full_width=&#8221;stretch_row&#8221; css=&#8221;.vc_custom_1708447187053{margin-top: -80px !important;margin-right: -80px !important;margin-left: -80px !important;background-image: url(https:\/\/iberiancamps.com\/wp-content\/uploads\/2024\/02\/Campus-22-1-scaled.jpg?id=14860) !important;background-position: center !important;background-repeat: no-repeat !important;background-size: cover !important;}&#8221;][vc_column][vc_empty_space height=&#8221;300px&#8221;][vc_column_text css=&#8221;.vc_custom_1669205168065{padding-top: 0px !important;padding-right: 10px !important;padding-bottom: 10px !important;padding-left: 10px !important;background-color: rgba(248,248,248,0.89) !important;*background-color: rgb(248,248,248) !important;}&#8221;] Camp de Football SIA VALENCIA 2026 [\/vc_column_text][vc_separator color=&#8221;white&#8221; css=&#8221;.vc_custom_1490176660267{padding-top: 10px !important;padding-bottom: 10px !important;}&#8221;][vc_empty_space height=&#8221;50px&#8221;][\/vc_column][\/vc_row][vc_row full_width=&#8221;stretch_row&#8221; gap=&#8221;20&#8243; equal_height=&#8221;yes&#8221; el_id=&#8221;info-general&#8221;][vc_column width=&#8221;1\/2&#8243;][vc_empty_space 0=&#8221;&#8221;][vc_column_text 0=&#8221;&#8221;]Iberian Camps ne travaille<\/p>\n","protected":false},"author":3,"featured_media":0,"parent":0,"menu_order":0,"comment_status":"closed","ping_status":"closed","template":"","meta":{"footnotes":""},"class_list":["post-12069","page","type-page","status-publish","hentry"],"yoast_head":"<!-- This site is optimized with the Yoast SEO Premium plugin v18.2.1 (Yoast SEO v27.4) - https:\/\/yoast.com\/product\/yoast-seo-premium-wordpress\/ -->\n<title>\u25b7 Camp de Football SIA VALENCIA \u30102026\u3011 - IBERIAN CAMPS<\/title>\n<meta name=\"description\" content=\"Ce Camp de Foot se d\u00e9roule de fin juin \u00e0 mi-ao\u00fbt dans les excellentes installations de l&#039;Acad\u00e9mie SOCCER INTER-ACTION et s&#039;adresse aux joueurs de 13 \u00e0 22 ans, qui veulent vivre l&#039;exp\u00e9rience de se sentir comme des joueurs professionnels.\" \/>\n<meta name=\"robots\" content=\"index, follow, max-snippet:-1, max-image-preview:large, max-video-preview:-1\" \/>\n<link rel=\"canonical\" href=\"https:\/\/iberiancamps.com\/fr\/camp-de-football-sia-valencia\/\" \/>\n<meta property=\"og:locale\" content=\"fr_FR\" \/>\n<meta property=\"og:type\" content=\"article\" \/>\n<meta property=\"og:title\" content=\"Camp de Football SIA VALENCIA\" \/>\n<meta property=\"og:description\" content=\"Ce Camp de Foot se d\u00e9roule de fin juin \u00e0 mi-ao\u00fbt dans les excellentes installations de l&#039;Acad\u00e9mie SOCCER INTER-ACTION et s&#039;adresse aux joueurs de 13 \u00e0 22 ans, qui veulent vivre l&#039;exp\u00e9rience de se sentir comme des joueurs professionnels.\" \/>\n<meta property=\"og:url\" content=\"https:\/\/iberiancamps.com\/fr\/camp-de-football-sia-valencia\/\" \/>\n<meta property=\"og:site_name\" content=\"IBERIAN CAMPS\" \/>\n<meta property=\"article:publisher\" content=\"https:\/\/www.facebook.com\/iberiancamps\" \/>\n<meta property=\"article:modified_time\" content=\"2026-02-23T16:52:23+00:00\" \/>\n<meta property=\"og:image\" content=\"https:\/\/iberiancamps.com\/wp-content\/uploads\/2024\/02\/entrenadores-campus-sia-1.jpg\" \/>\n<meta name=\"twitter:card\" content=\"summary_large_image\" \/>\n<meta name=\"twitter:label1\" content=\"Dur\u00e9e de lecture estim\u00e9e\" \/>\n\t<meta name=\"twitter:data1\" content=\"10 minutes\" \/>\n<script type=\"application\/ld+json\" class=\"yoast-schema-graph\">{\"@context\":\"https:\\\/\\\/schema.org\",\"@graph\":[{\"@type\":\"WebPage\",\"@id\":\"https:\\\/\\\/iberiancamps.com\\\/fr\\\/camp-de-football-sia-valencia\\\/\",\"url\":\"https:\\\/\\\/iberiancamps.com\\\/fr\\\/camp-de-football-sia-valencia\\\/\",\"name\":\"\u25b7 Camp de Football SIA VALENCIA \u30102026\u3011 - IBERIAN CAMPS\",\"isPartOf\":{\"@id\":\"https:\\\/\\\/iberiancamps.com\\\/fr\\\/#website\"},\"primaryImageOfPage\":{\"@id\":\"https:\\\/\\\/iberiancamps.com\\\/fr\\\/camp-de-football-sia-valencia\\\/#primaryimage\"},\"image\":{\"@id\":\"https:\\\/\\\/iberiancamps.com\\\/fr\\\/camp-de-football-sia-valencia\\\/#primaryimage\"},\"thumbnailUrl\":\"https:\\\/\\\/iberiancamps.com\\\/wp-content\\\/uploads\\\/2024\\\/02\\\/entrenadores-campus-sia-1.jpg\",\"datePublished\":\"2020-01-30T12:32:15+00:00\",\"dateModified\":\"2026-02-23T16:52:23+00:00\",\"description\":\"Ce Camp de Foot se d\u00e9roule de fin juin \u00e0 mi-ao\u00fbt dans les excellentes installations de l'Acad\u00e9mie SOCCER INTER-ACTION et s'adresse aux joueurs de 13 \u00e0 22 ans, qui veulent vivre l'exp\u00e9rience de se sentir comme des joueurs professionnels.\",\"breadcrumb\":{\"@id\":\"https:\\\/\\\/iberiancamps.com\\\/fr\\\/camp-de-football-sia-valencia\\\/#breadcrumb\"},\"inLanguage\":\"fr-FR\",\"potentialAction\":[{\"@type\":\"ReadAction\",\"target\":[\"https:\\\/\\\/iberiancamps.com\\\/fr\\\/camp-de-football-sia-valencia\\\/\"]}]},{\"@type\":\"ImageObject\",\"inLanguage\":\"fr-FR\",\"@id\":\"https:\\\/\\\/iberiancamps.com\\\/fr\\\/camp-de-football-sia-valencia\\\/#primaryimage\",\"url\":\"https:\\\/\\\/iberiancamps.com\\\/wp-content\\\/uploads\\\/2024\\\/02\\\/entrenadores-campus-sia-1.jpg\",\"contentUrl\":\"https:\\\/\\\/iberiancamps.com\\\/wp-content\\\/uploads\\\/2024\\\/02\\\/entrenadores-campus-sia-1.jpg\"},{\"@type\":\"BreadcrumbList\",\"@id\":\"https:\\\/\\\/iberiancamps.com\\\/fr\\\/camp-de-football-sia-valencia\\\/#breadcrumb\",\"itemListElement\":[{\"@type\":\"ListItem\",\"position\":1,\"name\":\"Portada\",\"item\":\"https:\\\/\\\/iberiancamps.com\\\/fr\\\/\"},{\"@type\":\"ListItem\",\"position\":2,\"name\":\"Camp de Football SIA VALENCIA\"}]},{\"@type\":\"WebSite\",\"@id\":\"https:\\\/\\\/iberiancamps.com\\\/fr\\\/#website\",\"url\":\"https:\\\/\\\/iberiancamps.com\\\/fr\\\/\",\"name\":\"IBERIAN CAMPS\",\"description\":\"The Language Experience\",\"publisher\":{\"@id\":\"https:\\\/\\\/iberiancamps.com\\\/fr\\\/#organization\"},\"potentialAction\":[{\"@type\":\"SearchAction\",\"target\":{\"@type\":\"EntryPoint\",\"urlTemplate\":\"https:\\\/\\\/iberiancamps.com\\\/fr\\\/?s={search_term_string}\"},\"query-input\":{\"@type\":\"PropertyValueSpecification\",\"valueRequired\":true,\"valueName\":\"search_term_string\"}}],\"inLanguage\":\"fr-FR\"},{\"@type\":\"Organization\",\"@id\":\"https:\\\/\\\/iberiancamps.com\\\/fr\\\/#organization\",\"name\":\"IBERIAN CAMPS\",\"url\":\"https:\\\/\\\/iberiancamps.com\\\/fr\\\/\",\"logo\":{\"@type\":\"ImageObject\",\"inLanguage\":\"fr-FR\",\"@id\":\"https:\\\/\\\/iberiancamps.com\\\/fr\\\/#\\\/schema\\\/logo\\\/image\\\/\",\"url\":\"https:\\\/\\\/iberiancamps.com\\\/wp-content\\\/uploads\\\/2017\\\/03\\\/logo.png\",\"contentUrl\":\"https:\\\/\\\/iberiancamps.com\\\/wp-content\\\/uploads\\\/2017\\\/03\\\/logo.png\",\"width\":300,\"height\":233,\"caption\":\"IBERIAN CAMPS\"},\"image\":{\"@id\":\"https:\\\/\\\/iberiancamps.com\\\/fr\\\/#\\\/schema\\\/logo\\\/image\\\/\"},\"sameAs\":[\"https:\\\/\\\/www.facebook.com\\\/iberiancamps\",\"https:\\\/\\\/www.youtube.com\\\/iberiancamps\",\"https:\\\/\\\/www.instagram.com\\\/iberiancamps\"]}]}<\/script>\n<!-- \/ Yoast SEO Premium plugin. -->","yoast_head_json":{"title":"\u25b7 Camp de Football SIA VALENCIA \u30102026\u3011 - IBERIAN CAMPS","description":"Ce Camp de Foot se d\u00e9roule de fin juin \u00e0 mi-ao\u00fbt dans les excellentes installations de l'Acad\u00e9mie SOCCER INTER-ACTION et s'adresse aux joueurs de 13 \u00e0 22 ans, qui veulent vivre l'exp\u00e9rience de se sentir comme des joueurs professionnels.","robots":{"index":"index","follow":"follow","max-snippet":"max-snippet:-1","max-image-preview":"max-image-preview:large","max-video-preview":"max-video-preview:-1"},"canonical":"https:\/\/iberiancamps.com\/fr\/camp-de-football-sia-valencia\/","og_locale":"fr_FR","og_type":"article","og_title":"Camp de Football SIA VALENCIA","og_description":"Ce Camp de Foot se d\u00e9roule de fin juin \u00e0 mi-ao\u00fbt dans les excellentes installations de l'Acad\u00e9mie SOCCER INTER-ACTION et s'adresse aux joueurs de 13 \u00e0 22 ans, qui veulent vivre l'exp\u00e9rience de se sentir comme des joueurs professionnels.","og_url":"https:\/\/iberiancamps.com\/fr\/camp-de-football-sia-valencia\/","og_site_name":"IBERIAN CAMPS","article_publisher":"https:\/\/www.facebook.com\/iberiancamps","article_modified_time":"2026-02-23T16:52:23+00:00","og_image":[{"url":"https:\/\/iberiancamps.com\/wp-content\/uploads\/2024\/02\/entrenadores-campus-sia-1.jpg","type":"","width":"","height":""}],"twitter_card":"summary_large_image","twitter_misc":{"Dur\u00e9e de lecture estim\u00e9e":"10 minutes"},"schema":{"@context":"https:\/\/schema.org","@graph":[{"@type":"WebPage","@id":"https:\/\/iberiancamps.com\/fr\/camp-de-football-sia-valencia\/","url":"https:\/\/iberiancamps.com\/fr\/camp-de-football-sia-valencia\/","name":"\u25b7 Camp de Football SIA VALENCIA \u30102026\u3011 - IBERIAN CAMPS","isPartOf":{"@id":"https:\/\/iberiancamps.com\/fr\/#website"},"primaryImageOfPage":{"@id":"https:\/\/iberiancamps.com\/fr\/camp-de-football-sia-valencia\/#primaryimage"},"image":{"@id":"https:\/\/iberiancamps.com\/fr\/camp-de-football-sia-valencia\/#primaryimage"},"thumbnailUrl":"https:\/\/iberiancamps.com\/wp-content\/uploads\/2024\/02\/entrenadores-campus-sia-1.jpg","datePublished":"2020-01-30T12:32:15+00:00","dateModified":"2026-02-23T16:52:23+00:00","description":"Ce Camp de Foot se d\u00e9roule de fin juin \u00e0 mi-ao\u00fbt dans les excellentes installations de l'Acad\u00e9mie SOCCER INTER-ACTION et s'adresse aux joueurs de 13 \u00e0 22 ans, qui veulent vivre l'exp\u00e9rience de se sentir comme des joueurs professionnels.","breadcrumb":{"@id":"https:\/\/iberiancamps.com\/fr\/camp-de-football-sia-valencia\/#breadcrumb"},"inLanguage":"fr-FR","potentialAction":[{"@type":"ReadAction","target":["https:\/\/iberiancamps.com\/fr\/camp-de-football-sia-valencia\/"]}]},{"@type":"ImageObject","inLanguage":"fr-FR","@id":"https:\/\/iberiancamps.com\/fr\/camp-de-football-sia-valencia\/#primaryimage","url":"https:\/\/iberiancamps.com\/wp-content\/uploads\/2024\/02\/entrenadores-campus-sia-1.jpg","contentUrl":"https:\/\/iberiancamps.com\/wp-content\/uploads\/2024\/02\/entrenadores-campus-sia-1.jpg"},{"@type":"BreadcrumbList","@id":"https:\/\/iberiancamps.com\/fr\/camp-de-football-sia-valencia\/#breadcrumb","itemListElement":[{"@type":"ListItem","position":1,"name":"Portada","item":"https:\/\/iberiancamps.com\/fr\/"},{"@type":"ListItem","position":2,"name":"Camp de Football SIA VALENCIA"}]},{"@type":"WebSite","@id":"https:\/\/iberiancamps.com\/fr\/#website","url":"https:\/\/iberiancamps.com\/fr\/","name":"IBERIAN CAMPS","description":"The Language Experience","publisher":{"@id":"https:\/\/iberiancamps.com\/fr\/#organization"},"potentialAction":[{"@type":"SearchAction","target":{"@type":"EntryPoint","urlTemplate":"https:\/\/iberiancamps.com\/fr\/?s={search_term_string}"},"query-input":{"@type":"PropertyValueSpecification","valueRequired":true,"valueName":"search_term_string"}}],"inLanguage":"fr-FR"},{"@type":"Organization","@id":"https:\/\/iberiancamps.com\/fr\/#organization","name":"IBERIAN CAMPS","url":"https:\/\/iberiancamps.com\/fr\/","logo":{"@type":"ImageObject","inLanguage":"fr-FR","@id":"https:\/\/iberiancamps.com\/fr\/#\/schema\/logo\/image\/","url":"https:\/\/iberiancamps.com\/wp-content\/uploads\/2017\/03\/logo.png","contentUrl":"https:\/\/iberiancamps.com\/wp-content\/uploads\/2017\/03\/logo.png","width":300,"height":233,"caption":"IBERIAN CAMPS"},"image":{"@id":"https:\/\/iberiancamps.com\/fr\/#\/schema\/logo\/image\/"},"sameAs":["https:\/\/www.facebook.com\/iberiancamps","https:\/\/www.youtube.com\/iberiancamps","https:\/\/www.instagram.com\/iberiancamps"]}]}},"_links":{"self":[{"href":"https:\/\/iberiancamps.com\/fr\/wp-json\/wp\/v2\/pages\/12069","targetHints":{"allow":["GET"]}}],"collection":[{"href":"https:\/\/iberiancamps.com\/fr\/wp-json\/wp\/v2\/pages"}],"about":[{"href":"https:\/\/iberiancamps.com\/fr\/wp-json\/wp\/v2\/types\/page"}],"author":[{"embeddable":true,"href":"https:\/\/iberiancamps.com\/fr\/wp-json\/wp\/v2\/users\/3"}],"replies":[{"embeddable":true,"href":"https:\/\/iberiancamps.com\/fr\/wp-json\/wp\/v2\/comments?post=12069"}],"version-history":[{"count":60,"href":"https:\/\/iberiancamps.com\/fr\/wp-json\/wp\/v2\/pages\/12069\/revisions"}],"predecessor-version":[{"id":16481,"href":"https:\/\/iberiancamps.com\/fr\/wp-json\/wp\/v2\/pages\/12069\/revisions\/16481"}],"wp:attachment":[{"href":"https:\/\/iberiancamps.com\/fr\/wp-json\/wp\/v2\/media?parent=12069"}],"curies":[{"name":"wp","href":"https:\/\/api.w.org\/{rel}","templated":true}]}}