{"id":13643,"date":"2022-12-01T11:33:06","date_gmt":"2022-12-01T11:33:06","guid":{"rendered":"https:\/\/iberiancamps.com\/?page_id=13643"},"modified":"2025-11-24T16:52:05","modified_gmt":"2025-11-24T16:52:05","slug":"camp-de-francais","status":"publish","type":"page","link":"https:\/\/iberiancamps.com\/fr\/camps-ete\/camp-de-francais\/","title":{"rendered":"Camp de Fran\u00e7ais"},"content":{"rendered":"<p>[vc_row full_width=&#8221;stretch_row&#8221; css=&#8221;.vc_custom_1669894053622{margin-top: -80px !important;background-image: url(https:\/\/iberiancamps.com\/wp-content\/uploads\/2022\/12\/campamento-de-frances.jpg?id=13646) !important;background-position: center !important;background-repeat: no-repeat !important;background-size: cover !important;}&#8221;][vc_column][vc_empty_space height=&#8221;300px&#8221;][vc_column_text css=&#8221;.vc_custom_1669894027192{padding-right: 10px !important;padding-bottom: 10px !important;padding-left: 10px !important;background-color: rgba(248,248,248,0.89) !important;*background-color: rgb(248,248,248) !important;}&#8221;]<\/p>\n<h1 style=\"text-align: center;\">Camp de Fran\u00e7ais. Colonie de Vacances 2026<\/h1>\n<p>[\/vc_column_text][vc_separator color=&#8221;white&#8221; css=&#8221;.vc_custom_1490176660267{padding-top: 10px !important;padding-bottom: 10px !important;}&#8221;][vc_empty_space height=&#8221;50px&#8221;][\/vc_column][\/vc_row][vc_row full_width=&#8221;stretch_row&#8221; el_id=&#8221;info-general&#8221;][vc_column width=&#8221;1\/2&#8243;][vc_column_text]S\u00e9jour<strong> destin\u00e9 aux jeunes de 11 \u00e0 17 ans qui souhaitent venir \u00e0 Alicante (Espagne) pour apprendre le fran\u00e7ais et se distraire <\/strong>en faisant du sport ou en r\u00e9alisant des activit\u00e9s artistiques et culturelles avec d&#8217;autres jeunes de son \u00e2ge de plusieurs nationalit\u00e9s. En outre, ils pourront interagir avec d&#8217;autres jeunes internationaux qui restent \u00e0 la m\u00eame r\u00e9sidence.<\/p>\n<p>L\u2019objectif principal est de s\u2019amuser en apprenant et <strong>de s\u2019enrichir en faisant la connaissance de jeunes d\u2019autres pays, <\/strong>tout en d\u00e9couvrant un nouveau pays et sa culture.<\/p>\n<p>Les adolescents auront un s\u00e9jour linguistique avec <strong>4 heures de cours de fran\u00e7ais le matin<\/strong>, de lundi \u00e0 vendredi, et l\u2019apr\u00e8s-midi, <strong>ils s\u2019uniront aux jeunes de notre camp d\u2019anglais et le camp d&#8217;espagnol pour passer le reste de la journ\u00e9e ensemble<\/strong>. Ils pourront choisir entre faire du sport ou pr\u00e9parer une pi\u00e8ce de th\u00e9\u00e2tre, entre autres activit\u00e9s.<\/p>\n<p><strong>Alicante<\/strong>\u00a0poss\u00e8de un fantastique climat m\u00e9diterran\u00e9en dont les temp\u00e9ratures moyennes en \u00e9t\u00e9 sont proches des 30\u00ba, pour autant, les jeunes pourront profiter de la plage et de la piscine. De plus, ils feront des <strong>excursions amusantes et int\u00e9ressantes dans les meilleurs endroits de la province <\/strong>les weekends.<\/p>\n<p>Ils seront \u00e0 tout moment accompagn\u00e9s de <strong>moniteurs 24h\/24<\/strong> qui s\u2019occuperont d\u2019eux et veilleront \u00e0 leur s\u00e9curit\u00e9 (1 moniteur pour 10 personnes)<\/p>\n<p>Toutes les activit\u00e9s sont sp\u00e9cialement destin\u00e9es \u00e0 encourager l\u2019interaction de tous les jeunes, garantissant ainsi l\u2019interculturalit\u00e9 et \u00e9vitant la formation de groupes par nationalit\u00e9.[\/vc_column_text][vc_raw_html]JTNDZGl2JTIwc3R5bGUlM0QlMjJ0ZXh0LWFsaWduJTNBJTIwY2VudGVyJTNCJTIwbWFyZ2luLXRvcCUzQSUyMDE1cHglM0IlMjBtYXJnaW4tYm90dG9tJTNBJTIwMTVweCUzQiUyMiUzRSUwQSUwQSUyMCUyMCUzQ2ElMjBocmVmJTNEJTIyaHR0cHMlM0ElMkYlMkZmb3Jtcy5nbGUlMkZCUlkxNEprcHpIekxhclVlOCUyMiUyMCUwQSUyMCUyMCUyMCUyMCUyMHRhcmdldCUzRCUyMl9ibGFuayUyMiUyMCUwQSUyMCUyMCUyMCUyMCUyMHN0eWxlJTNEJTIyZm9udC1zaXplJTNBJTIwMjBweCUzQiUyMCUwQSUyMCUyMCUyMCUyMCUyMCUyMCUyMCUyMCUyMCUyMCUyMCUyMGRpc3BsYXklM0ElMjBpbmxpbmUtYmxvY2slM0IlMjAlMEElMjAlMjAlMjAlMjAlMjAlMjAlMjAlMjAlMjAlMjAlMjAlMjBwYWRkaW5nJTNBJTIwMTJweCUyMDI0cHglM0IlMjAlMEElMjAlMjAlMjAlMjAlMjAlMjAlMjAlMjAlMjAlMjAlMjAlMjBiYWNrZ3JvdW5kLWNvbG9yJTNBJTIwJTIzMDA3YmZmJTNCJTIwJTBBJTIwJTIwJTIwJTIwJTIwJTIwJTIwJTIwJTIwJTIwJTIwJTIwY29sb3IlM0ElMjAlMjNmZmZmZmYlM0IlMjAlMEElMjAlMjAlMjAlMjAlMjAlMjAlMjAlMjAlMjAlMjAlMjAlMjBib3JkZXItcmFkaXVzJTNBJTIwNXB4JTNCJTIwJTBBJTIwJTIwJTIwJTIwJTIwJTIwJTIwJTIwJTIwJTIwJTIwJTIwdGV4dC1kZWNvcmF0aW9uJTNBJTIwbm9uZSUzQiUyMCUwQSUyMCUyMCUyMCUyMCUyMCUyMCUyMCUyMCUyMCUyMCUyMCUyMGZvbnQtd2VpZ2h0JTNBJTIwYm9sZCUzQiUyMCUwQSUyMCUyMCUyMCUyMCUyMCUyMCUyMCUyMCUyMCUyMCUyMCUyMGZvbnQtZmFtaWx5JTNBJTIwQXJpYWwlMkMlMjBzYW5zLXNlcmlmJTNCJTIyJTNFJTBBJTIwJTIwJTIwJTIwRm9ybXVsYWlyZSUyMGQlRTIlODAlOTlpbnNjcmlwdGlvbiUwQSUyMCUyMCUzQyUyRmElM0UlMEElMjAlMjAlMEElM0MlMkZkaXYlM0U=[\/vc_raw_html][vc_empty_space][\/vc_column][vc_column width=&#8221;1\/2&#8243; css=&#8221;.vc_custom_1537289107548{background-color: #49b7a1 !important;border-radius: 10px !important;}&#8221;][vc_column_text]<\/p>\n<h3 style=\"text-align: center;\"><span style=\"color: #ffffff;\">Si vous souhaitez recevoir plus d&#8217;informations, veuillez nous fournir:<\/span><\/h3>\n<p>[\/vc_column_text]\n<div class=\"wpcf7 no-js\" id=\"wpcf7-f10061-o1\" lang=\"es-ES\" dir=\"ltr\" data-wpcf7-id=\"10061\">\n<div class=\"screen-reader-response\"><p role=\"status\" aria-live=\"polite\" aria-atomic=\"true\"><\/p> <ul><\/ul><\/div>\n<form action=\"\/fr\/wp-json\/wp\/v2\/pages\/13643#wpcf7-f10061-o1\" method=\"post\" class=\"wpcf7-form init cf7-style\" aria-label=\"Formulario de contacto\" novalidate=\"novalidate\" data-status=\"init\">\n<fieldset class=\"hidden-fields-container\"><input type=\"hidden\" name=\"_wpcf7\" value=\"10061\" \/><input type=\"hidden\" name=\"_wpcf7_version\" value=\"6.1.5\" \/><input type=\"hidden\" name=\"_wpcf7_locale\" value=\"es_ES\" \/><input type=\"hidden\" name=\"_wpcf7_unit_tag\" value=\"wpcf7-f10061-o1\" \/><input type=\"hidden\" name=\"_wpcf7_container_post\" value=\"0\" \/><input type=\"hidden\" name=\"_wpcf7_posted_data_hash\" value=\"\" \/><input type=\"hidden\" name=\"_wpcf7cf_hidden_group_fields\" value=\"[]\" \/><input type=\"hidden\" name=\"_wpcf7cf_hidden_groups\" value=\"[]\" \/><input type=\"hidden\" name=\"_wpcf7cf_visible_groups\" value=\"[]\" \/><input type=\"hidden\" name=\"_wpcf7cf_repeaters\" value=\"[]\" \/><input type=\"hidden\" name=\"_wpcf7cf_steps\" value=\"{}\" \/><input type=\"hidden\" name=\"_wpcf7cf_options\" value=\"{&quot;form_id&quot;:10061,&quot;conditions&quot;:[{&quot;then_field&quot;:&quot;verano2022-espanol&quot;,&quot;and_rules&quot;:[{&quot;if_field&quot;:&quot;programa&quot;,&quot;operator&quot;:&quot;equals&quot;,&quot;if_value&quot;:&quot;1. Camp d\\u2019Espagnol&quot;}]},{&quot;then_field&quot;:&quot;verano2022-ingles&quot;,&quot;and_rules&quot;:[{&quot;if_field&quot;:&quot;programa&quot;,&quot;operator&quot;:&quot;equals&quot;,&quot;if_value&quot;:&quot;2. Camp d\\u2019Anglais&quot;}]},{&quot;then_field&quot;:&quot;verano2022-frances&quot;,&quot;and_rules&quot;:[{&quot;if_field&quot;:&quot;programa&quot;,&quot;operator&quot;:&quot;equals&quot;,&quot;if_value&quot;:&quot;3. Camp de Fran\\u00e7ais&quot;}]},{&quot;then_field&quot;:&quot;verano2022-espanol-dia&quot;,&quot;and_rules&quot;:[{&quot;if_field&quot;:&quot;programa&quot;,&quot;operator&quot;:&quot;equals&quot;,&quot;if_value&quot;:&quot;4. Camp d\\u2019Espagnol (camp de jour)&quot;}]},{&quot;then_field&quot;:&quot;verano2022-ingles-dia&quot;,&quot;and_rules&quot;:[{&quot;if_field&quot;:&quot;programa&quot;,&quot;operator&quot;:&quot;equals&quot;,&quot;if_value&quot;:&quot;5. Camp d\\u2019Anglais (camp de jour)&quot;}]},{&quot;then_field&quot;:&quot;verano2022-frances-dia&quot;,&quot;and_rules&quot;:[{&quot;if_field&quot;:&quot;programa&quot;,&quot;operator&quot;:&quot;equals&quot;,&quot;if_value&quot;:&quot;6. Camp de Fran\\u00e7ais (camp de jour)&quot;}]}],&quot;settings&quot;:{&quot;animation&quot;:&quot;yes&quot;,&quot;animation_intime&quot;:&quot;200&quot;,&quot;animation_outtime&quot;:&quot;200&quot;,&quot;conditions_ui&quot;:&quot;normal&quot;,&quot;notice_dismissed&quot;:&quot;&quot;,&quot;wpcf7cf_settings_saved&quot;:&quot;1&quot;,&quot;notice_dismissed_update-cf7-5.3.2&quot;:true,&quot;notice_dismissed_rollback-cf7-5.5.6&quot;:true}}\" \/><input type=\"hidden\" name=\"_wpcf7_recaptcha_response\" value=\"\" \/>\n<\/fieldset>\n<div style=\"background-color: #FFF; color:#666; padding: 25px; -webkit-border-radius: 5px 10px; \/* Safari *\/ -moz-border-radius: 5px 10px;\/*Firefox *\/\">\n\t<div id=\"responsive-form\" class=\"clearfix\">\n\t\t<div class=\"form-row\">\n\t\t\t<div class=\"column-half\">\n\t\t\t\t<p><span class=\"wpcf7-form-control-wrap\" data-name=\"nombre\"><input size=\"40\" maxlength=\"400\" class=\"wpcf7-form-control wpcf7-text wpcf7-validates-as-required\" aria-required=\"true\" aria-invalid=\"false\" placeholder=\"Nom et Pr\u00e9nom\" value=\"\" type=\"text\" name=\"nombre\" \/><\/span>\n\t\t\t\t<\/p>\n\t\t\t<\/div>\n\t\t\t<div class=\"column-half\">\n\t\t\t\t<p><span class=\"wpcf7-form-control-wrap\" data-name=\"correo\"><input size=\"40\" maxlength=\"400\" class=\"wpcf7-form-control wpcf7-email wpcf7-validates-as-required wpcf7-text wpcf7-validates-as-email\" aria-required=\"true\" aria-invalid=\"false\" placeholder=\"Email\" value=\"\" type=\"email\" name=\"correo\" \/><\/span>\n\t\t\t\t<\/p>\n\t\t\t<\/div>\n\t\t<\/div>\n\t\t<div class=\"form-row\">\n\t\t\t<div class=\"column-half\">\n\t\t\t\t<p><span class=\"wpcf7-form-control-wrap\" data-name=\"pais\"><input size=\"40\" maxlength=\"400\" class=\"wpcf7-form-control wpcf7-text wpcf7-validates-as-required\" aria-required=\"true\" aria-invalid=\"false\" placeholder=\"Pays\" value=\"\" type=\"text\" name=\"pais\" \/><\/span>\n\t\t\t\t<\/p>\n\t\t\t<\/div>\n\t\t\t<div class=\"column-half\">\n\t\t\t\t<p><span class=\"wpcf7-form-control-wrap\" data-name=\"telefono\"><input class=\"wpcf7-form-control wpcf7-number wpcf7-validates-as-number\" aria-invalid=\"false\" placeholder=\"T\u00e9l\u00e9phone\" value=\"\" type=\"number\" name=\"telefono\" \/><\/span>\n\t\t\t\t<\/p>\n\t\t\t<\/div>\n\t\t<\/div>\n\t\t<div class=\"form-row\">\n\t\t\t<div class=\"column-full\">\n\t\t\t\t<p>Programme:\n\t\t\t\t<\/p>\n\t\t\t\t<p><span class=\"wpcf7-form-control-wrap\" data-name=\"programa\"><select class=\"wpcf7-form-control wpcf7-select\" aria-invalid=\"false\" name=\"programa\"><option value=\"\">&#8212;Por favor, elige una opci\u00f3n&#8212;<\/option><option value=\"1. Camp d\u2019Espagnol\">1. Camp d\u2019Espagnol<\/option><option value=\"2. Camp d\u2019Anglais\">2. Camp d\u2019Anglais<\/option><option value=\"3. Camp de Fran\u00e7ais\">3. Camp de Fran\u00e7ais<\/option><option value=\"4. Camp d\u2019Espagnol (camp de jour)\">4. Camp d\u2019Espagnol (camp de jour)<\/option><option value=\"5. Camp d\u2019Anglais (camp de jour)\">5. Camp d\u2019Anglais (camp de jour)<\/option><option value=\"6. Camp de Fran\u00e7ais (camp de jour)\">6. Camp de Fran\u00e7ais (camp de jour)<\/option><option value=\"7. Stage de Tennis &#039;Ferrero Stage&#039;\">7. Stage de Tennis &#039;Ferrero Stage&#039;<\/option><option value=\"8. Camp de Football SIA VALENCIA\">8. Camp de Football SIA VALENCIA<\/option><option value=\"9. Autres programmes\">9. Autres programmes<\/option><\/select><\/span>\n\t\t\t\t<\/p>\n\t\t\t<\/div>\n\t\t<\/div>\n\t\t<div data-id=\"verano2022-espanol\" data-orig_data_id=\"verano2022-espanol\"  class=\"\" data-class=\"wpcf7cf_group\">\n\t\t\t<p>Activit\u00e9 de l'apr\u00e8s-midi:<br \/>\n<span class=\"wpcf7-form-control-wrap\" data-name=\"verano2022-espanol-tarde\"><select class=\"wpcf7-form-control wpcf7-select wpcf7-validates-as-required\" aria-required=\"true\" aria-invalid=\"false\" name=\"verano2022-espanol-tarde\"><option value=\"\">&#8212;Por favor, elige una opci\u00f3n&#8212;<\/option><option value=\"Pas encore d\u00e9cid\u00e9\">Pas encore d\u00e9cid\u00e9<\/option><option value=\"Multisports\">Multisports<\/option><option value=\"Art et Culture\">Art et Culture<\/option><option value=\"Golf\">Golf<\/option><option value=\"Football\">Football<\/option><option value=\"Basket\">Basket<\/option><\/select><\/span>\n\t\t\t<\/p>\n\t\t<\/div>\n\t\t<div data-id=\"verano2022-ingles\" data-orig_data_id=\"verano2022-ingles\"  class=\"\" data-class=\"wpcf7cf_group\">\n\t\t\t<p>Activit\u00e9 de l'apr\u00e8s-midi:<br \/>\n<span class=\"wpcf7-form-control-wrap\" data-name=\"verano2022-ingles-tarde\"><select class=\"wpcf7-form-control wpcf7-select wpcf7-validates-as-required\" aria-required=\"true\" aria-invalid=\"false\" name=\"verano2022-ingles-tarde\"><option value=\"\">&#8212;Por favor, elige una opci\u00f3n&#8212;<\/option><option value=\"Pas encore d\u00e9cid\u00e9\">Pas encore d\u00e9cid\u00e9<\/option><option value=\"Multisports\">Multisports<\/option><option value=\"Art et Culture\">Art et Culture<\/option><option value=\"Golf\">Golf<\/option><option value=\"Football\">Football<\/option><option value=\"Basket\">Basket<\/option><\/select><\/span>\n\t\t\t<\/p>\n\t\t<\/div>\n\t\t<div data-id=\"verano2022-frances\" data-orig_data_id=\"verano2022-frances\"  class=\"\" data-class=\"wpcf7cf_group\">\n\t\t\t<p>Activit\u00e9 de l'apr\u00e8s-midi:<br \/>\n<span class=\"wpcf7-form-control-wrap\" data-name=\"verano2022-frances-tarde\"><select class=\"wpcf7-form-control wpcf7-select wpcf7-validates-as-required\" aria-required=\"true\" aria-invalid=\"false\" name=\"verano2022-frances-tarde\"><option value=\"\">&#8212;Por favor, elige una opci\u00f3n&#8212;<\/option><option value=\"Pas encore d\u00e9cid\u00e9\">Pas encore d\u00e9cid\u00e9<\/option><option value=\"Multisports\">Multisports<\/option><option value=\"Art et Culture\">Art et Culture<\/option><option value=\"Golf\">Golf<\/option><option value=\"Football\">Football<\/option><option value=\"Basket\">Basket<\/option><\/select><\/span>\n\t\t\t<\/p>\n\t\t<\/div>\n\t\t<div data-id=\"verano2022-espanol-dia\" data-orig_data_id=\"verano2022-espanol-dia\"  class=\"\" data-class=\"wpcf7cf_group\">\n\t\t\t<p>Activit\u00e9 de l'apr\u00e8s-midi:<br \/>\n<span class=\"wpcf7-form-control-wrap\" data-name=\"verano2022-espanol-dia-tarde\"><select class=\"wpcf7-form-control wpcf7-select wpcf7-validates-as-required\" aria-required=\"true\" aria-invalid=\"false\" name=\"verano2022-espanol-dia-tarde\"><option value=\"\">&#8212;Por favor, elige una opci\u00f3n&#8212;<\/option><option value=\"Pas encore d\u00e9cid\u00e9\">Pas encore d\u00e9cid\u00e9<\/option><option value=\"Multisports\">Multisports<\/option><option value=\"Art et Culture\">Art et Culture<\/option><option value=\"Golf\">Golf<\/option><option value=\"Football\">Football<\/option><option value=\"Basket\">Basket<\/option><\/select><\/span>\n\t\t\t<\/p>\n\t\t<\/div>\n\t\t<div data-id=\"verano2022-ingles-dia\" data-orig_data_id=\"verano2022-ingles-dia\"  class=\"\" data-class=\"wpcf7cf_group\">\n\t\t\t<p>Activit\u00e9 de l'apr\u00e8s-midi:<br \/>\n<span class=\"wpcf7-form-control-wrap\" data-name=\"verano2022-ingles-dia-tarde\"><select class=\"wpcf7-form-control wpcf7-select wpcf7-validates-as-required\" aria-required=\"true\" aria-invalid=\"false\" name=\"verano2022-ingles-dia-tarde\"><option value=\"\">&#8212;Por favor, elige una opci\u00f3n&#8212;<\/option><option value=\"Pas encore d\u00e9cid\u00e9\">Pas encore d\u00e9cid\u00e9<\/option><option value=\"Multisports\">Multisports<\/option><option value=\"Art et Culture\">Art et Culture<\/option><option value=\"Golf\">Golf<\/option><option value=\"Football\">Football<\/option><option value=\"Basket\">Basket<\/option><\/select><\/span>\n\t\t\t<\/p>\n\t\t<\/div>\n\t\t<div data-id=\"verano2022-frances-dia\" data-orig_data_id=\"verano2022-frances-dia\"  class=\"\" data-class=\"wpcf7cf_group\">\n\t\t\t<p>Activit\u00e9 de l'apr\u00e8s-midi:<br \/>\n<span class=\"wpcf7-form-control-wrap\" data-name=\"verano2022-frances-dia-tarde\"><select class=\"wpcf7-form-control wpcf7-select wpcf7-validates-as-required\" aria-required=\"true\" aria-invalid=\"false\" name=\"verano2022-frances-dia-tarde\"><option value=\"\">&#8212;Por favor, elige una opci\u00f3n&#8212;<\/option><option value=\"Pas encore d\u00e9cid\u00e9\">Pas encore d\u00e9cid\u00e9<\/option><option value=\"Multisports\">Multisports<\/option><option value=\"Art et Culture\">Art et Culture<\/option><option value=\"Golf\">Golf<\/option><option value=\"Football\">Football<\/option><option value=\"Basket\">Basket<\/option><\/select><\/span>\n\t\t\t<\/p>\n\t\t<\/div>\n\t\t<div class=\"form-row\">\n\t\t\t<div class=\"column-full\">\n\t\t\t\t<p><span class=\"wpcf7-form-control-wrap\" data-name=\"privacidad\"><span class=\"wpcf7-form-control wpcf7-acceptance\"><span class=\"wpcf7-list-item\"><input type=\"checkbox\" name=\"privacidad\" value=\"1\" aria-invalid=\"false\" \/><\/span><\/span><\/span> J'accepte la <a target=\"_blank\" href=\"https:\/\/iberiancamps.com\/fr\/politique-de-confidentialite\/\"> Politique de confidentialit\u00e9<\/a>.\n\t\t\t\t<\/p>\n\t\t\t<\/div>\n\t\t<\/div>\n\t\t<div class=\"form-row\">\n\t\t\t<div class=\"column-full\">\n\t\t\t\t<p><input class=\"wpcf7-form-control wpcf7-submit has-spinner\" type=\"submit\" value=\"Envoyer\" \/>\n\t\t\t\t<\/p>\n\t\t\t<\/div>\n\t\t<\/div>\n\t\t<p><span style=\"font-size:13px;\">Vos donn\u00e9es personnelles seront utilis\u00e9es uniquement dans le but de donner r\u00e9ponse \u00e0 vos demandes. Vous pouvez exercer vos droits d\u2019acc\u00e8s, modification, annulation, suppression, opposition et limitation du traitement et portabilit\u00e9 en nous \u00e9crivant \u00e0 info@iberiancamps.com.<\/span>\n\t\t<\/p>\n\t\t<p><span style=\"font-size:13px;\">Ce site est prot\u00e9g\u00e9 par reCAPTCHA et Google.<\/span>\n\t\t<\/p>\n\t<\/div><!--end responsive-form-->\n<\/div><input type='hidden' class='wpcf7-pum' value='{\"closepopup\":false,\"closedelay\":0,\"openpopup\":false,\"openpopup_id\":0}' \/><div class=\"wpcf7-response-output\" aria-hidden=\"true\"><\/div>\n<\/form>\n<\/div>\n[vc_empty_space][\/vc_column][\/vc_row][vc_row][vc_column width=&#8221;1\/5&#8243;]<div data-id=\"mpc_callout-9869f4f7e5688d4\" class=\"mpc-callout mpc-init mpc-callout--style_2 \" ><div class=\"mpc-callout__icon-wrap\"><div class=\"mpc-callout__icon\"><i class=\"mpc-transition  icnm icnm-home\"><\/i><\/div><\/div><div class=\"mpc-callout__content\"><h3 class=\"mpc-callout__heading mpc-typography--preset_1\">INSTALLATIONS<\/h3><div data-id=\"mpc_divider-6069f4f7e568a9a\" class=\"mpc-divider-wrap\"><div class=\"mpc-divider mpc-init mpc-align--center mpc-disable--left \" ><div class=\"mpc-divider__line mpc-side--left\"><span><\/span><span><\/span><\/div><div class=\"mpc-divider__line mpc-side--right\"><span><\/span><span><\/span><\/div><\/div><\/div><div class=\"mpc-callout__description mpc-typography--preset_2\"><p>D\u00e9couvrez les installations dans lesquelles se d\u00e9roulent nos colos d\u2019\u00e9t\u00e9.<\/p>\n<\/div><\/div><div class=\"mpc-callout__button\"><a href=\"http:\/\/iberiancamps.com\/fr\/camps-ete\/installations\/\" title=\"\"  data-id=\"mpc_button-7869f4f7e5689c6\" class=\"mpc-button mpc-init mpc-transition mpc-typography--preset_3 \" ><div class=\"mpc-button__content mpc-effect-type--none mpc-effect-side--none\"><span class=\"mpc-button__title mpc-transition\">PLUS D'INFO<\/span><\/div><div class=\"mpc-button__background mpc-transition mpc-effect-type--expand mpc-effect-side--horizontal\"><\/div><\/a><\/div><\/div>[vc_empty_space][\/vc_column][vc_column width=&#8221;1\/5&#8243;]<div data-id=\"mpc_callout-5069f4f7e568c6b\" class=\"mpc-callout mpc-init mpc-callout--style_2 \" ><div class=\"mpc-callout__icon-wrap\"><div class=\"mpc-callout__icon\"><i class=\"mpc-transition  fa fa-bus\"><\/i><\/div><\/div><div class=\"mpc-callout__content\"><h3 class=\"mpc-callout__heading mpc-typography--preset_1\">ACTIVIT\u00c9S ET EXCURSIONS<\/h3><div data-id=\"mpc_divider-9669f4f7e568d39\" class=\"mpc-divider-wrap\"><div class=\"mpc-divider mpc-init mpc-align--center mpc-disable--left \" ><div class=\"mpc-divider__line mpc-side--left\"><span><\/span><span><\/span><\/div><div class=\"mpc-divider__line mpc-side--right\"><span><\/span><span><\/span><\/div><\/div><\/div><div class=\"mpc-callout__description mpc-typography--preset_2\"><p>Dans nos colonies, il y a aussi du temps pour les loisirs et le temps libre.<\/p>\n<\/div><\/div><div class=\"mpc-callout__button\"><a href=\"http:\/\/iberiancamps.com\/fr\/camps-ete\/activites-et-excursions\/\" title=\"\"  data-id=\"mpc_button-6469f4f7e568ccc\" class=\"mpc-button mpc-init mpc-transition mpc-typography--preset_3 \" ><div class=\"mpc-button__content mpc-effect-type--none mpc-effect-side--none\"><span class=\"mpc-button__title mpc-transition\">PLUS D'INFO<\/span><\/div><div class=\"mpc-button__background mpc-transition mpc-effect-type--expand mpc-effect-side--horizontal\"><\/div><\/a><\/div><\/div>[vc_empty_space][\/vc_column][vc_column width=&#8221;1\/5&#8243;]<div data-id=\"mpc_callout-869f4f7e568e97\" class=\"mpc-callout mpc-init mpc-callout--style_2 \" ><div class=\"mpc-callout__icon-wrap\"><div class=\"mpc-callout__icon\"><i class=\"mpc-transition  icnm icnm-calendar\"><\/i><\/div><\/div><div class=\"mpc-callout__content\"><h3 class=\"mpc-callout__heading mpc-typography--preset_1\">DATES<\/h3><div data-id=\"mpc_divider-3569f4f7e568fb5\" class=\"mpc-divider-wrap\"><div class=\"mpc-divider mpc-init mpc-align--center mpc-disable--left \" ><div class=\"mpc-divider__line mpc-side--left\"><span><\/span><span><\/span><\/div><div class=\"mpc-divider__line mpc-side--right\"><span><\/span><span><\/span><\/div><\/div><\/div><div class=\"mpc-callout__description mpc-typography--preset_2\"><p>Consultez les dates disponibles pour ce camp.<\/p>\n<\/div><\/div><div class=\"mpc-callout__button\"><a href=\"#fechas\" title=\"\"  data-id=\"mpc_button-6069f4f7e568f44\" class=\"mpc-button mpc-init mpc-transition mpc-typography--preset_3 \" ><div class=\"mpc-button__content mpc-effect-type--none mpc-effect-side--none\"><span class=\"mpc-button__title mpc-transition\">PLUS D'INFO<\/span><\/div><div class=\"mpc-button__background mpc-transition mpc-effect-type--expand mpc-effect-side--horizontal\"><\/div><\/a><\/div><\/div>[vc_empty_space][\/vc_column][vc_column width=&#8221;1\/5&#8243;]<div data-id=\"mpc_callout-2969f4f7e569113\" class=\"mpc-callout mpc-init mpc-callout--style_2 \" ><div class=\"mpc-callout__icon-wrap\"><div class=\"mpc-callout__icon\"><i class=\"mpc-transition  icnm icnm-users\"><\/i><\/div><\/div><div class=\"mpc-callout__content\"><h3 class=\"mpc-callout__heading mpc-typography--preset_1\">GUIDE POUR LES PARENTS<\/h3><div data-id=\"mpc_divider-3169f4f7e5691de\" class=\"mpc-divider-wrap\"><div class=\"mpc-divider mpc-init mpc-align--center mpc-disable--left \" ><div class=\"mpc-divider__line mpc-side--left\"><span><\/span><span><\/span><\/div><div class=\"mpc-divider__line mpc-side--right\"><span><\/span><span><\/span><\/div><\/div><\/div><div class=\"mpc-callout__description mpc-typography--preset_2\"><p>Plusieurs r\u00e9ponses \u00e0 vos questions et doutes concernant nos camps de vacances.<\/p>\n<\/div><\/div><div class=\"mpc-callout__button\"><a href=\"http:\/\/iberiancamps.com\/fr\/camps-ete\/guide-pour-les-parents\/\" title=\"\"  data-id=\"mpc_button-4969f4f7e569173\" class=\"mpc-button mpc-init mpc-transition mpc-typography--preset_3 \" ><div class=\"mpc-button__content mpc-effect-type--none mpc-effect-side--none\"><span class=\"mpc-button__title mpc-transition\">PLUS D'INFO<\/span><\/div><div class=\"mpc-button__background mpc-transition mpc-effect-type--expand mpc-effect-side--horizontal\"><\/div><\/a><\/div><\/div>[vc_empty_space][\/vc_column][vc_column width=&#8221;1\/5&#8243;]<div data-id=\"mpc_callout-6969f4f7e569341\" class=\"mpc-callout mpc-init mpc-callout--style_2 \" ><div class=\"mpc-callout__icon-wrap\"><div class=\"mpc-callout__icon\"><i class=\"mpc-transition  icnm icnm-credit-card\"><\/i><\/div><\/div><div class=\"mpc-callout__content\"><h3 class=\"mpc-callout__heading mpc-typography--preset_1\">TERMES ET CONDITIONS<\/h3><div data-id=\"mpc_divider-2369f4f7e569411\" class=\"mpc-divider-wrap\"><div class=\"mpc-divider mpc-init mpc-align--center mpc-disable--left \" ><div class=\"mpc-divider__line mpc-side--left\"><span><\/span><span><\/span><\/div><div class=\"mpc-divider__line mpc-side--right\"><span><\/span><span><\/span><\/div><\/div><\/div><div class=\"mpc-callout__description mpc-typography--preset_2\"><p>Conditions de paiement, annulations, assurances, etc\u2026<\/p>\n<\/div><\/div><div class=\"mpc-callout__button\"><a href=\"http:\/\/iberiancamps.com\/fr\/camps-ete\/termes-et-conditions\/\" title=\"\"  data-id=\"mpc_button-9869f4f7e56939e\" class=\"mpc-button mpc-init mpc-transition mpc-typography--preset_3 \" ><div class=\"mpc-button__content mpc-effect-type--none mpc-effect-side--none\"><span class=\"mpc-button__title mpc-transition\">PLUS D'INFO<\/span><\/div><div class=\"mpc-button__background mpc-transition mpc-effect-type--expand mpc-effect-side--horizontal\"><\/div><\/a><\/div><\/div>[vc_empty_space][\/vc_column][\/vc_row][vc_row el_id=&#8221;caracteristicas&#8221;][vc_column][vc_column_text]<\/p>\n<h2 style=\"text-align: center;\">CARACT\u00c9RISTIQUES<\/h2>\n<p>[\/vc_column_text][\/vc_column][\/vc_row][vc_row full_width=&#8221;stretch_row&#8221; css=&#8221;.vc_custom_1490628058009{background-image: url(https:\/\/iberiancamps.com\/wp-content\/uploads\/2017\/03\/actividades-viernes.jpg?id=7955) !important;}&#8221;][vc_column width=&#8221;1\/3&#8243; css=&#8221;.vc_custom_1490289690338{margin-bottom: 50px !important;}&#8221;][vc_empty_space][vc_column_text css=&#8221;.vc_custom_1682699188663{padding-top: 20px !important;padding-right: 30px !important;padding-bottom: 20px !important;padding-left: 30px !important;background-color: rgba(248,248,248,0.9) !important;*background-color: rgb(248,248,248) !important;}&#8221;]<\/p>\n<h3>LIEU DU CAMP<\/h3>\n<p>Les camps d&#8217;\u00e9t\u00e9 se d\u00e9roulent \u00e0 <strong>Alicante<\/strong>, concr\u00e8tement dans les alentours de l\u2019Universit\u00e9 d\u2019Alicante.<\/p>\n<p>La\u00a0<strong>proximit\u00e9 du campus universitaire (100 m\u00e8tres), de la plage (15 km) y de l\u2019a\u00e9roport (15 km) <\/strong>font de cet endroit un point strat\u00e9gique et tr\u00e8s bien communiqu\u00e9 avec d\u2019autres villes et pays.<\/p>\n<p>Nous offrons un <strong>service de transfert<\/strong> depuis l&#8217;a\u00e9roport\/gare d&#8217;Alicante (50 \u20ac\/trajet), et transfert ou <strong>service d&#8217;assistance pour les mineurs<\/strong> \u00e0 l&#8217;a\u00e9roport de Valence, Madrid et Barcelone.[\/vc_column_text][vc_empty_space][\/vc_column][vc_column width=&#8221;1\/3&#8243;][vc_empty_space][vc_column_text css=&#8221;.vc_custom_1669724599167{padding-top: 20px !important;padding-right: 30px !important;padding-bottom: 20px !important;padding-left: 30px !important;background-color: rgba(248,248,248,0.9) !important;*background-color: rgb(248,248,248) !important;}&#8221;]<\/p>\n<h3>TYPE DE LOGEMENT<\/h3>\n<p>Le logement aura lieu dans une jolie r\u00e9sidence universitaire, o\u00f9 chaque jeune aura sa <strong>propre chambre avec salle de bain.<\/strong><\/p>\n<p>Et si le participant est accompagn\u00e9 d&#8217;un membre de sa famille ou d&#8217;un ami, nous les logeons dans des chambres communicantes.<\/p>\n<p>Demander la disponibilit\u00e9 d\u2019une chambre double avec lits superpos\u00e9s.[\/vc_column_text][vc_empty_space][\/vc_column][vc_column width=&#8221;1\/3&#8243;][vc_empty_space][vc_column_text css=&#8221;.vc_custom_1546710191835{padding-top: 20px !important;padding-right: 30px !important;padding-bottom: 20px !important;padding-left: 30px !important;background-color: rgba(248,248,248,0.9) !important;*background-color: rgb(248,248,248) !important;}&#8221;]<\/p>\n<h3>REPAS<\/h3>\n<p>Le prix inclut la <strong>pension compl\u00e8te<\/strong>:<strong> petit-d\u00e9jeuner, d\u00e9jeuner et d\u00eener<\/strong>. Les repas seront faits maison et vari\u00e9s, bien que surtout de gastronomie espagnole. De cette mani\u00e8re, nous \u00e9largissons l\u2019exp\u00e9rience culturelle des jeunes, et garantissons <strong>l\u2019immersion<\/strong> <strong>gastronomique<\/strong>.<\/p>\n<p>De m\u00eame, notre buffet propose suffisamment d\u2019options vari\u00e9es pour r\u00e9pondre aux besoins sp\u00e9ciaux des personnes diab\u00e9tiques, allergiques, intol\u00e9rantes \u00e0 certains aliments\u2026[\/vc_column_text][vc_empty_space][\/vc_column][\/vc_row][vc_row el_id=&#8221;organizacion&#8221;][vc_column][vc_column_text]<\/p>\n<h2 style=\"text-align: center;\">ORGANISATION<\/h2>\n<p>[\/vc_column_text][\/vc_column][\/vc_row][vc_row full_width=&#8221;stretch_row&#8221; css=&#8221;.vc_custom_1490290057341{background-image: url(https:\/\/iberiancamps.com\/wp-content\/uploads\/2017\/03\/cab-sobre-nosotros.jpg?id=7755) !important;}&#8221;][vc_column width=&#8221;1\/3&#8243; css=&#8221;.vc_custom_1490289690338{margin-bottom: 50px !important;}&#8221;][vc_empty_space][vc_column_text css=&#8221;.vc_custom_1669894292014{padding-top: 20px !important;padding-right: 30px !important;padding-bottom: 20px !important;padding-left: 30px !important;background-color: rgba(248,248,248,0.9) !important;*background-color: rgb(248,248,248) !important;}&#8221;]<\/p>\n<h3>LE MATIN<\/h3>\n<p><strong>4 heures par jour de cours de fran\u00e7ais<\/strong>. De lundi \u00e0 vendredi. Avec des professeurs natifs et bilingues hautement qualifi\u00e9s et avec de l\u2019exp\u00e9rience dans l\u2019enseignement de la langue fran\u00e7aise.<\/p>\n<p>Les jeunes r\u00e9aliseront <strong>un test de niveau avant<\/strong> leur voyage. Il existe 3 niveaux<strong>: initiation, moyen et avanc\u00e9<\/strong>.<\/p>\n<p>La premi\u00e8re partie de la matin\u00e9e sera d\u00e9di\u00e9e \u00e0 des sujets plus th\u00e9oriques (grammaire vocabulaire, phon\u00e9tique, orthographe, r\u00e9daction, dict\u00e9es, lecture de textes\u2026) et la deuxi\u00e8me, ils changeront de professeurs pour r\u00e9aliser des activit\u00e9s plus pratiques et ludiques (jeux didactiques, conversation, expression verbale\u2026).<\/p>\n<p><strong>Les salles de classe se trouvent \u00e0 50 m\u00e8tres de la r\u00e9sidence<\/strong>\u00a0et sont totalement \u00e9quip\u00e9es, avec tous les mat\u00e9riaux audiovisuels n\u00e9cessaires \u00e0 l\u2019enseignement.[\/vc_column_text][vc_empty_space][\/vc_column][vc_column width=&#8221;1\/3&#8243;][vc_empty_space][vc_column_text css=&#8221;.vc_custom_1672486350804{padding-top: 20px !important;padding-right: 30px !important;padding-bottom: 20px !important;padding-left: 30px !important;background-color: rgba(248,248,248,0.9) !important;*background-color: rgb(248,248,248) !important;}&#8221;]<\/p>\n<h3>L\u2019APR\u00c8S-MIDI<\/h3>\n<p>De 16:00 \u00e0 20:00, les jeunes participeront aux activit\u00e9s pr\u00e9alablement choisies:<\/p>\n<p><span style=\"color: #49b7a1;\"><strong>CAMP MULTISPORT<\/strong>:<\/span>\u00a04 heures par jour (2 sports diff\u00e9rents chaque jour), avec entre autres football, beach volley y volleyball, tennis, padel, rugby, flag-football, escalade, handball, athl\u00e9tisme, hockey sur gazon et hockey en salle\u2026<\/p>\n<p><span style=\"color: #49b7a1;\"><strong>CAMP ART ET CULTURE:<\/strong><\/span> 4 heures par jour (2 activit\u00e9s diff\u00e9rentes chaque jour) o\u00f9 nos participants pratiqueront des activit\u00e9s vari\u00e9es comme par exemple:<\/p>\n<p><strong>\u2022 Th\u00e9\u00e2tre:\u00a0<\/strong>techniques de repr\u00e9sentation th\u00e9\u00e2trale, mouvements du corps et m\u00e9morisation de petits textes et de chansons en anglais et en espagnol.<\/p>\n<p><strong>\u2022 <\/strong><strong>Sc\u00e9nographie:<\/strong> ils planifieront tout le n\u00e9cessaire pour mettre en sc\u00e8ne et repr\u00e9senter la pi\u00e8ce (d\u00e9coration, \u00e9clairage, son, costumes, etc.).<\/p>\n<p><strong>\u2022 Arts plastiques: <\/strong>ils feront une grande partie de l\u2019attrezzo (costumes et \u00e9l\u00e9ments d\u00e9coratifs de la sc\u00e8ne)\u2026<\/p>\n<p><strong>\u2022 Cuisine: <\/strong>nous planifierons avec eux les plats ou douceurs qu\u2019ils vont pr\u00e9parer, nous ach\u00e8terons les ingr\u00e9dients, les cuisinerons tous ensemble, et ils les appr\u00e9cieront au go\u00fbter. Cette activit\u00e9 leur permet de d\u00e9couvrir des mets d\u2019autres pays ainsi que le nom des ingr\u00e9dients dans la langue qu\u2019ils sont venus apprendre.<\/p>\n<p><strong>\u2022 Danse: <\/strong>ils apprendront des danses traditionnelles du monde comme les sevillanas, la danse du ventre, le Bollywood, des chor\u00e9graphies de morceaux actuels&#8230;<\/p>\n<p><a href=\"https:\/\/iberiancamps.com\/fr\/camps-ete\/camp-de-francais\/golf\/\"><strong>CAMP DE GOLF (+info)<\/strong><\/a><\/p>\n<p><a href=\"https:\/\/iberiancamps.com\/fr\/camps-ete\/camp-de-francais\/football\/\"><strong>CAMP DE FOOTBALL (+info)<\/strong><\/a><\/p>\n<p><a href=\"https:\/\/iberiancamps.com\/fr\/camps-ete\/camp-de-francais\/basket\/\"><strong>CAMP DE BASKET (+info)<\/strong><\/a><\/p>\n<p><a href=\"https:\/\/iberiancamps.com\/fr\/camps-ete\/camp-francais\/tennis\/\"><strong>CAMP DE TENNIS (+info)<\/strong><\/a><\/p>\n<p>Une apr\u00e8s-midi par semaine sera d\u00e9di\u00e9e \u00e0 se distraire \u00e0 la piscine ou \u00e0 la plage.<\/p>\n<p>Les vendredis apr\u00e8s-midi aura lieu une <strong>visite culturelle<\/strong> dans une ville proche, comme Alicante ou Elche\u2026 ou une <strong>activit\u00e9 ludique<\/strong>\u00a0(chasse au tr\u00e9sor sur le campus, bowling, paintball, shopping\u2026).[\/vc_column_text][vc_empty_space][\/vc_column][vc_column width=&#8221;1\/3&#8243;][vc_empty_space][vc_column_text css=&#8221;.vc_custom_1546710458911{padding-top: 20px !important;padding-right: 30px !important;padding-bottom: 20px !important;padding-left: 30px !important;background-color: rgba(248,248,248,0.9) !important;*background-color: rgb(248,248,248) !important;}&#8221;]<\/p>\n<h3>LES WEEKENDS<\/h3>\n<p><strong>Excursions dans les lieux les plus int\u00e9ressants de la r\u00e9gion d\u2019Alicante <\/strong>(Benidorm, parcs d\u2019attractions comme Terra M\u00edtica, parcs aquatiques comme Aqualandia, Guadalest, Altea, Tabarca\u2026).<\/p>\n<p>Tirant parti du merveilleux climat d\u2019Alicante, nous profiterons \u00e9galement de ses <strong>fantastiques plages de sable<\/strong>, o\u00f9 les ados s\u2019amuseront en jouant au beach volley, en pratiquant des sports d\u2019eau tels que surf, kayak, paddel surf\u2026[\/vc_column_text][vc_empty_space][\/vc_column][\/vc_row][vc_row el_id=&#8221;que-incluye&#8221;][vc_column el_class=&#8221;destacado-campamento&#8221;][vc_column_text css=&#8221;.vc_custom_1682699230955{padding-top: 30px !important;padding-right: 50px !important;padding-bottom: 50px !important;padding-left: 50px !important;background-color: #ed7563 !important;}&#8221;]<\/p>\n<h2 style=\"text-align: center;\"><span style=\"text-decoration: underline; color: #000000;\">PRIX 2026<\/span><\/h2>\n<h3><span style=\"color: #000000;\">\u00a0 \u00a0 \u00a0 \u00a0 \u00a0 \u00a0 \u00a0 \u00a0 \u00a0 \u00a0 \u00a0 \u00a0 \u00a0 \u00a0<strong> <span style=\"text-decoration: underline; color: #000000;\">R\u00e9sidents en Espagne<\/span>\u00a0 \u00a0 \u00a0 \u00a0 \u00a0 \u00a0 \u00a0 \u00a0 \u00a0 \u00a0 \u00a0 \u00a0 \u00a0 \u00a0 \u00a0 \u00a0 \u00a0 \u00a0 \u00a0 \u00a0 \u00a0 \u00a0 \u00a0 \u00a0 \u00a0 \u00a0<span style=\"text-decoration: underline; color: #000000;\">R\u00e9sidents hors d&#8217;Espagne<\/span><\/strong><\/span><\/h3>\n<h3><span style=\"color: #000000;\"><strong>\u00a0 \u00a0 \u00a0 \u00a0 \u00a0 \u00a0 \u00a0 \u00a0 \u00a0 \u00a0 \u00a0 \u00a0 \u00a0 \u00a0 \u00a0 \u00a0 \u00a0 1 semaine = 1.092\u20ac\u00a0 \u00a0 \u00a0 \u00a0 \u00a0 \u00a0 \u00a0 \u00a0 \u00a0 \u00a0 \u00a0 \u00a0 \u00a0 \u00a0 \u00a0 \u00a0 \u00a0 \u00a0 \u00a0 \u00a0 \u00a0 \u00a0 \u00a0 \u00a0 \u00a0 \u00a0 \u00a0 \u00a0 \u00a0 \u00a0 \u00a0 \u00a0 1 semaine = 1.122\u20ac<\/strong><\/span><\/h3>\n<h3><span style=\"color: #000000;\"><strong>\u00a0 \u00a0 \u00a0 \u00a0 \u00a0 \u00a0 \u00a0 \u00a0 \u00a0 \u00a0 \u00a0 \u00a0 \u00a0 \u00a0 \u00a0 \u00a0 \u00a0 2 semaines = 2.125\u20ac\u00a0 \u00a0 \u00a0 \u00a0 \u00a0 \u00a0 \u00a0 \u00a0 \u00a0 \u00a0 \u00a0 \u00a0 \u00a0 \u00a0 \u00a0 \u00a0 \u00a0 \u00a0 \u00a0 \u00a0 \u00a0 \u00a0 \u00a0 \u00a0 \u00a0 \u00a0 \u00a0 \u00a0 \u00a0 2 semaines = 2.195\u20ac<\/strong><\/span><\/h3>\n<h3><span style=\"color: #000000;\"><strong>\u00a0 \u00a0 \u00a0 \u00a0 \u00a0 \u00a0 \u00a0 \u00a0 \u00a0 \u00a0 \u00a0 \u00a0 \u00a0 \u00a0 \u00a0 \u00a0 \u00a0 3 semaines = 3.245\u20ac\u00a0 \u00a0 \u00a0 \u00a0 \u00a0 \u00a0 \u00a0 \u00a0 \u00a0 \u00a0 \u00a0 \u00a0 \u00a0 \u00a0 \u00a0 \u00a0 \u00a0 \u00a0 \u00a0 \u00a0 \u00a0 \u00a0 \u00a0 \u00a0 \u00a0 \u00a0 \u00a0 \u00a0 \u00a0 3 semaines = 3.335\u20ac<\/strong><\/span><\/h3>\n<h3>\u00a0 \u00a0 \u00a0 \u00a0 \u00a0 \u00a0 \u00a0 \u00a0 \u00a0 \u00a0 \u00a0 \u00a0 \u00a0 \u00a0 \u00a0 \u00a0 \u00a0<strong> 4 semaines = 4.290\u20ac\u00a0 \u00a0<\/strong> \u00a0 \u00a0 \u00a0 \u00a0 \u00a0 \u00a0 \u00a0 \u00a0 \u00a0 \u00a0 \u00a0 \u00a0 \u00a0 \u00a0 \u00a0 \u00a0 \u00a0 \u00a0 \u00a0 \u00a0 \u00a0 \u00a0 \u00a0 \u00a0 \u00a0 \u00a0 \u00a0 <strong>4 semaines = 4.410\u20ac<\/strong><\/h3>\n<p>&nbsp;<\/p>\n<h3><\/h3>\n<h3><span style=\"color: #000000;\">\u00a0 \u00a0 \u00a0 \u00a0 \u00a0 \u00a0 \u00a0 \u00a0 \u00a0 \u00a0 \u00a0 \u00a0 \u00a0 \u00a0 \u00a0 \u00a0 \u00a0 \u00a0 \u00a0 \u00a0 \u00a0 \u00a0 \u00a0 \u00a0 \u00a0 \u00a0<strong><span style=\"text-decoration: underline; color: #000000;\">Sports non inclus dans le prix:<\/span><\/strong><\/span><\/h3>\n<h3><span style=\"color: #000000;\"><strong>\u00a0 \u00a0 \u00a0 \u00a0 \u00a0 \u00a0 \u00a0 \u00a0 \u00a0 \u00a0 \u00a0 \u00a0 \u00a0 \u00a0 \u00a0 \u00a0 \u00a0 \u00a0 \u00a0 \u00a0 \u00a0 \u00a0 \u00a0 \u00a0 \u00a0 \u00a0 \u00a0 \u00a0 Cours de Golf: 85\u20ac \/ semaine (9 heures)<\/strong><\/span><\/h3>\n<h3><span style=\"color: #000000;\"><strong>\u00a0 \u00a0 \u00a0 \u00a0 \u00a0 \u00a0 \u00a0 \u00a0 \u00a0 \u00a0 \u00a0 \u00a0 \u00a0 \u00a0 \u00a0 \u00a0 \u00a0 \u00a0 \u00a0 \u00a0 \u00a0 \u00a0 \u00a0 \u00a0 \u00a0 \u00a0 \u00a0 \u00a0 Cours de Football: 30\u20ac \/ semaine (9 heures)<\/strong><\/span><\/h3>\n<h3><span style=\"color: #000000;\"><strong>\u00a0 \u00a0 \u00a0 \u00a0 \u00a0 \u00a0 \u00a0 \u00a0 \u00a0 \u00a0 \u00a0 \u00a0 \u00a0 \u00a0 \u00a0 \u00a0 \u00a0 \u00a0 \u00a0 \u00a0 \u00a0 \u00a0 \u00a0 \u00a0 \u00a0 \u00a0 \u00a0 \u00a0 Cours de Basket: 50\u20ac \/ semaine (9 heures)<\/strong><\/span><\/h3>\n<h3><span style=\"color: #000000;\"><strong>\u00a0 \u00a0 \u00a0 \u00a0 \u00a0 \u00a0 \u00a0 \u00a0 \u00a0 \u00a0 \u00a0 \u00a0 \u00a0 \u00a0 \u00a0 \u00a0 \u00a0 \u00a0 \u00a0 \u00a0 \u00a0 \u00a0 \u00a0 \u00a0 \u00a0 \u00a0 \u00a0 \u00a0 Cours de Tennis: 40\u20ac \/ semaine (9 heures)<\/strong><\/span><\/h3>\n<p>&nbsp;<\/p>\n<p>&nbsp;<\/p>\n<h2 style=\"text-align: center; margin-bottom: 20px;\"><span style=\"color: #ffffff;\">PROGRAMME COMPLET COMPRENANT:<\/span><\/h2>\n<p><span style=\"color: #ffffff;\"><strong>\u2022 Logement<\/strong> (chambre individuelle avec salle de bain). Chambre double avec lits superpos\u00e9s, sous r\u00e9serve de disponibilit\u00e9.<\/span><\/p>\n<p><span style=\"color: #ffffff;\"><strong>\u2022 Pension compl\u00e8te <\/strong> (petit-d\u00e9jeuner, d\u00e9jeuner, d\u00eener)<\/span><\/p>\n<p><span style=\"color: #ffffff;\"><strong>\u2022 20 heures hebdomadaires de cours de fran\u00e7ais<\/strong>\u00a0(professeurs natifs, installations et mat\u00e9riel)<\/span><\/p>\n<p><span style=\"color: #ffffff;\"><strong>\u2022 Activit\u00e9s Multi-Sportives ou d\u2019Art et Culture<\/strong> (professeurs, installations et mat\u00e9riel). Les cours de golf, de football, de basket et de tennis ont un co\u00fbt suppl\u00e9mentaire<\/span><\/p>\n<p><span style=\"color: #ffffff;\"><strong>\u2022 Visites culturelles <\/strong><\/span><\/p>\n<p><span style=\"color: #ffffff;\"><strong>\u2022 Excursions de fin de semaine<\/strong><\/span><\/p>\n<p><span style=\"color: #ffffff;\"><strong>\u2022 D\u00e9placements visites culturelles et excursions<\/strong><\/span><\/p>\n<p><span style=\"color: #ffffff;\"><strong>\u2022 Moniteurs 24 h\/24 (1\/10 personnes)<\/strong><\/span><\/p>\n<p><span style=\"color: #ffffff;\"><strong>\u2022 Assurance de Responsabilit\u00e9 Civile<\/strong><\/span><\/p>\n<p><span style=\"color: #ffffff;\"><strong>\u2022 Assurance M\u00e9dicale contre les Accidents<\/strong><\/span><\/p>\n<h2 style=\"text-align: center; margin-bottom: 20px;\"><span style=\"color: #ffffff;\">NON INCLUS DANS LE PRIX:<\/span><\/h2>\n<p><span style=\"color: #ffffff;\"><strong>\u2022 Transferts depuis l&#8217;h\u00e9bergement vers l&#8217;a\u00e9roport d&#8217;Alicante ou la gare ferroviaire\/bus d&#8217;Alicante (50\u20ac\/trajet, 100\u20ac\/aller-retour). Consultar otros aeropuertos.<\/strong><\/span><\/p>\n<p><span style=\"color: #ffffff;\"><strong>\u2022 Vols\/trains\/bus\/taxis vers\/depuis le camp.<\/strong><\/span>[\/vc_column_text][vc_raw_html]JTNDZGl2JTIwc3R5bGUlM0QlMjJ0ZXh0LWFsaWduJTNBJTIwY2VudGVyJTNCJTIwbWFyZ2luLXRvcCUzQSUyMDE1cHglM0IlMjBtYXJnaW4tYm90dG9tJTNBJTIwMTVweCUzQiUyMiUzRSUwQSUwQSUyMCUyMCUzQ2ElMjBocmVmJTNEJTIyaHR0cHMlM0ElMkYlMkZmb3Jtcy5nbGUlMkZCUlkxNEprcHpIekxhclVlOCUyMiUyMCUwQSUyMCUyMCUyMCUyMCUyMHRhcmdldCUzRCUyMl9ibGFuayUyMiUyMCUwQSUyMCUyMCUyMCUyMCUyMHN0eWxlJTNEJTIyZm9udC1zaXplJTNBJTIwMjBweCUzQiUyMCUwQSUyMCUyMCUyMCUyMCUyMCUyMCUyMCUyMCUyMCUyMCUyMCUyMGRpc3BsYXklM0ElMjBpbmxpbmUtYmxvY2slM0IlMjAlMEElMjAlMjAlMjAlMjAlMjAlMjAlMjAlMjAlMjAlMjAlMjAlMjBwYWRkaW5nJTNBJTIwMTJweCUyMDI0cHglM0IlMjAlMEElMjAlMjAlMjAlMjAlMjAlMjAlMjAlMjAlMjAlMjAlMjAlMjBiYWNrZ3JvdW5kLWNvbG9yJTNBJTIwJTIzMDA3YmZmJTNCJTIwJTBBJTIwJTIwJTIwJTIwJTIwJTIwJTIwJTIwJTIwJTIwJTIwJTIwY29sb3IlM0ElMjAlMjNmZmZmZmYlM0IlMjAlMEElMjAlMjAlMjAlMjAlMjAlMjAlMjAlMjAlMjAlMjAlMjAlMjBib3JkZXItcmFkaXVzJTNBJTIwNXB4JTNCJTIwJTBBJTIwJTIwJTIwJTIwJTIwJTIwJTIwJTIwJTIwJTIwJTIwJTIwdGV4dC1kZWNvcmF0aW9uJTNBJTIwbm9uZSUzQiUyMCUwQSUyMCUyMCUyMCUyMCUyMCUyMCUyMCUyMCUyMCUyMCUyMCUyMGZvbnQtd2VpZ2h0JTNBJTIwYm9sZCUzQiUyMCUwQSUyMCUyMCUyMCUyMCUyMCUyMCUyMCUyMCUyMCUyMCUyMCUyMGZvbnQtZmFtaWx5JTNBJTIwQXJpYWwlMkMlMjBzYW5zLXNlcmlmJTNCJTIyJTNFJTBBJTIwJTIwJTIwJTIwRm9ybXVsYWlyZSUyMGQlRTIlODAlOTlpbnNjcmlwdGlvbiUwQSUyMCUyMCUzQyUyRmElM0UlMEElMjAlMjAlMEElM0MlMkZkaXYlM0U=[\/vc_raw_html][\/vc_column][\/vc_row][vc_row 0=&#8221;&#8221; el_id=&#8221;fechas&#8221;][vc_column 0=&#8221;&#8221;][vc_column_text 0=&#8221;&#8221;]<\/p>\n<h2 style=\"text-align: center;\">DATES 2026<\/h2>\n<p>[\/vc_column_text][\/vc_column][\/vc_row][vc_row 0=&#8221;&#8221;][vc_column 0=&#8221;&#8221;]<div class=\"mpc-carousel__wrapper mpc-carousel-pricing mpc-waypoint\"><div id=\"mpc-pricing-box-2769f4f7e569a8d\" class=\"mpc-pricing-box mpc-init \"  data-pb-cols=\"4\"><div id=\"mpc-pricing-column-8869f4f7e5696f3\" class=\"mpc-pricing-column mpc-init mpc-transition \" ><div class=\"mpc-pricing__title mpc-typography--default\">5 \u2013 11 juillet<br \/>\n12 \u2013 18 juillet<br \/>\n19 \u2013 25 juillet<br \/>\n26 juillet \u2013 1 ao\u00fbt<\/div><div class=\"mpc-pricing__price mpc-typography--default\">1900\u20ac<\/div><div class=\"mpc-pricing__properties mpc-typography--default\"><div class=\"mpc-pricing__property\">1 SEMAINE<\/div><div class=\"mpc-pricing__property\">LANGUE: FRAN\u00c7AIS<\/div><div class=\"mpc-pricing__property\">MULTISPORTS<\/div><div class=\"mpc-pricing__property\">ART ET CULTURE<\/div><div class=\"mpc-pricing__property\">GOLF<\/div><div class=\"mpc-pricing__property\">FOOTBALL<\/div><div class=\"mpc-pricing__property\">BASKET<\/div><div class=\"mpc-pricing__property\">TENNIS<\/div><\/div><div class=\"mpc-pricing__button\"><div data-id=\"mpc_button-7569f4f7e569744\" class=\"mpc-button mpc-init mpc-transition mpc-typography--default \" ><div class=\"mpc-button__content mpc-effect-type--none mpc-effect-side--none\"><\/div><div class=\"mpc-button__background mpc-transition mpc-effect-type--slide mpc-effect-side--top\"><\/div><\/div><\/div><\/div><div id=\"mpc-pricing-column-1569f4f7e569800\" class=\"mpc-pricing-column mpc-init mpc-transition \" ><div class=\"mpc-pricing__title mpc-typography--default\">5 \u2013 18 juillet<br \/>\n12 \u2013 25 juillet<br \/>\n19 juillet \u2013 1 ao\u00fbt<br \/>\n-<\/div><div class=\"mpc-pricing__price mpc-typography--default\">2850\u20ac<\/div><div class=\"mpc-pricing__properties mpc-typography--default\"><div class=\"mpc-pricing__property\">2 SEMAINES<\/div><div class=\"mpc-pricing__property\">LANGUE: FRAN\u00c7AIS<\/div><div class=\"mpc-pricing__property\">MULTISPORTS<\/div><div class=\"mpc-pricing__property\">ART ET CULTURE<\/div><div class=\"mpc-pricing__property\">GOLF<\/div><div class=\"mpc-pricing__property\">FOOTBALL<\/div><div class=\"mpc-pricing__property\">BASKET<\/div><div class=\"mpc-pricing__property\">TENNIS<\/div><\/div><div class=\"mpc-pricing__button\"><div data-id=\"mpc_button-8869f4f7e56983f\" class=\"mpc-button mpc-init mpc-transition mpc-typography--default \" ><div class=\"mpc-button__content mpc-effect-type--none mpc-effect-side--none\"><\/div><div class=\"mpc-button__background mpc-transition mpc-effect-type--slide mpc-effect-side--top\"><\/div><\/div><\/div><\/div><div id=\"mpc-pricing-column-9969f4f7e5698ee\" class=\"mpc-pricing-column mpc-init mpc-transition \" ><div class=\"mpc-pricing__title mpc-typography--default\">5 \u2013 25 juillet<br \/>\n12 juillet \u2013 1 ao\u00fbt<br \/>\n-<br \/>\n-<\/div><div class=\"mpc-pricing__price mpc-typography--default\">1900\u20ac<\/div><div class=\"mpc-pricing__properties mpc-typography--default\"><div class=\"mpc-pricing__property\">3 SEMAINES<\/div><div class=\"mpc-pricing__property\">LANGUE: FRAN\u00c7AIS<\/div><div class=\"mpc-pricing__property\">MULTISPORTS<\/div><div class=\"mpc-pricing__property\">ART ET CULTURE<\/div><div class=\"mpc-pricing__property\">GOLF<\/div><div class=\"mpc-pricing__property\">FOOTBALL<\/div><div class=\"mpc-pricing__property\">BASKET<\/div><div class=\"mpc-pricing__property\">TENNIS<\/div><\/div><div class=\"mpc-pricing__button\"><div data-id=\"mpc_button-5469f4f7e56992c\" class=\"mpc-button mpc-init mpc-transition mpc-typography--default \" ><div class=\"mpc-button__content mpc-effect-type--none mpc-effect-side--none\"><\/div><div class=\"mpc-button__background mpc-transition mpc-effect-type--slide mpc-effect-side--top\"><\/div><\/div><\/div><\/div><div id=\"mpc-pricing-column-5769f4f7e5699dc\" class=\"mpc-pricing-column mpc-init mpc-transition \" ><div class=\"mpc-pricing__title mpc-typography--default\">5 juillet \u2013 1 ao\u00fbt<br \/>\n-<br \/>\n-<br \/>\n-<\/div><div class=\"mpc-pricing__price mpc-typography--default\">2850\u20ac<\/div><div class=\"mpc-pricing__properties mpc-typography--default\"><div class=\"mpc-pricing__property\">4 SEMAINES<\/div><div class=\"mpc-pricing__property\">LANGUE: FRAN\u00c7AIS<\/div><div class=\"mpc-pricing__property\">MULTISPORTS<\/div><div class=\"mpc-pricing__property\">ART ET CULTURE<\/div><div class=\"mpc-pricing__property\">GOLF<\/div><div class=\"mpc-pricing__property\">FOOTBALL<\/div><div class=\"mpc-pricing__property\">BASKET<\/div><div class=\"mpc-pricing__property\">TENNIS<\/div><\/div><div class=\"mpc-pricing__button\"><div data-id=\"mpc_button-7869f4f7e569a20\" class=\"mpc-button mpc-init mpc-transition mpc-typography--default \" ><div class=\"mpc-button__content mpc-effect-type--none mpc-effect-side--none\"><\/div><div class=\"mpc-button__background mpc-transition mpc-effect-type--slide mpc-effect-side--top\"><\/div><\/div><\/div><\/div><\/div><\/div>[vc_empty_space height=&#8221;15px&#8221;][vc_column_text]<\/p>\n<h2 style=\"text-align: center;\"><\/h2>\n<p>[\/vc_column_text][vc_column_text]<\/p>\n<h4 style=\"text-align: center;\">Possibilit\u00e9 de venir au\u00a0<a href=\"https:\/\/iberiancamps.com\/fr\/camps-ete\/camp-espagnol\/camp-de-jour\">CAMP DE JOUR<\/a>\u00a0(Lundi-Vendredi 09:00 \u00e0 20:00)<\/h4>\n<p>[\/vc_column_text][vc_empty_space height=&#8221;15px&#8221;][vc_column_text]<\/p>\n<h2 style=\"text-align: center;\">LOCALISATION<\/h2>\n<p>[\/vc_column_text][\/vc_column][\/vc_row][vc_row full_width=&#8221;stretch_row&#8221; css=&#8221;.vc_custom_1741955156223{background-image: url(https:\/\/iberiancamps.com\/wp-content\/uploads\/2024\/12\/WEL01881-HDR-40.jpg?id=15702) !important;}&#8221; el_id=&#8221;localizacion&#8221;][vc_column_inner width=&#8221;2\/3&#8243;][vc_gmaps link=&#8221;#E-8_JTNDaWZyYW1lJTIwc3JjJTNEJTIyaHR0cHMlM0ElMkYlMkZ3d3cuZ29vZ2xlLmNvbSUyRm1hcHMlMkZlbWJlZCUzRnBiJTNEJTIxMW0xOCUyMTFtMTIlMjExbTMlMjExZDMxMjcuNDI1OTQ2MTYyMzg3JTIxMmQtMC41MTA4OTE1MjQ1NzQwMDUxJTIxM2QzOC4zODUzOTkzNzY3NTI1NCUyMTJtMyUyMTFmMCUyMTJmMCUyMTNmMCUyMTNtMiUyMTFpMTAyNCUyMTJpNzY4JTIxNGYxMy4xJTIxM20zJTIxMW0yJTIxMXMweGQ2MjM3OWY2ZTMzZWE2MSUyNTNBMHhjMjk1ZTRmYjUwNjkyOTVjJTIxMnNSZXNpZGVuY2lhJTI1MjB1bml2ZXJzaXRhcmlhJTI1MjBtaWNhbXB1cyUyNTIwQWxpY2FudGUlMjE1ZTAlMjEzbTIlMjExc2VzJTIxMnNlcyUyMTR2MTczNDQzMzk4NDIxMiUyMTVtMiUyMTFzZXMlMjEyc2VzJTIyJTIwd2lkdGglM0QlMjI2MDAlMjIlMjBoZWlnaHQlM0QlMjI0NTAlMjIlMjBzdHlsZSUzRCUyMmJvcmRlciUzQTAlM0IlMjIlMjBhbGxvd2Z1bGxzY3JlZW4lM0QlMjIlMjIlMjBsb2FkaW5nJTNEJTIybGF6eSUyMiUyMHJlZmVycmVycG9saWN5JTNEJTIybm8tcmVmZXJyZXItd2hlbi1kb3duZ3JhZGUlMjIlM0UlM0MlMkZpZnJhbWUlM0U=&#8221;][vc_empty_space][\/vc_column_inner][vc_column_inner width=&#8221;1\/3&#8243;][vc_column_text css=&#8221;.vc_custom_1734436816364{padding-top: 50px !important;padding-right: 50px !important;padding-bottom: 50px !important;padding-left: 50px !important;background-color: rgba(248,248,248,0.9) !important;*background-color: rgb(248,248,248) !important;}&#8221;]<strong>R\u00e9sidence Micampus Alicante<\/strong><br \/>\n<strong>C\/ Alicante 107<\/strong><br \/>\n<strong>03690 Sant Vicent del Raspeig<\/strong><br \/>\n<strong>(Alicante) Espagne<\/strong><\/p>\n<p>&nbsp;<\/p>\n<p><strong>Voiture<\/strong><\/p>\n<p>Depuis Alicante: 5 km (15 min.)<br \/>\nDepuis Valence: 162 km (1h 55 min.)<br \/>\nDepuis Madrid: 428 km (4h 15 min.)<\/p>\n<p><strong>Train<\/strong><\/p>\n<p>Depuis la gare ferroviaire et AVE d&#8217;Alicante: 15 min. en voiture<br \/>\nDepuis la gare de Madrid-Chamart\u00edn jusqu&#8217;\u00e0 Alicante: 2h 20 min. en train \u00e0 grande vitesse<br \/>\nService de transfert \u00e0 la gare ferroviaire et AVE d&#8217;Alicante: 50\u20ac\/trajet.<\/p>\n<p><strong>Avion<\/strong><\/p>\n<p>Depuis l&#8217;a\u00e9roport d&#8217;Alicante: 15 min. en voiture<br \/>\nDepuis l&#8217;a\u00e9roport de Valence: 1h 55 min. en voiture<br \/>\nService de transfert \u00e0 la gare ferroviaire et AVE d&#8217;Alicante: 50\u20ac\/trajet.<br \/>\nConsulter le service de transfert depuis Madrid ou Valence.<\/p>\n<p>[\/vc_column_text][\/vc_column_inner][\/vc_row][vc_row full_width=&#8221;stretch_row&#8221; css=&#8221;.vc_custom_1527241906032{background-color: #ed7563 !important;}&#8221; el_id=&#8221;me-interesa&#8221;][vc_column width=&#8221;1\/6&#8243;][\/vc_column][vc_column width=&#8221;2\/3&#8243;][vc_column_text 0=&#8221;&#8221;]<\/p>\n<h3 style=\"text-align: center;\"><span style=\"color: #ffffff;\">Consultez les Prix et disponibilit\u00e9s. Nous vous r\u00e9pondrons au plus vite.<\/span><\/h3>\n<p>[\/vc_column_text]\n<div class=\"wpcf7 no-js\" id=\"wpcf7-f10061-o2\" lang=\"es-ES\" dir=\"ltr\" data-wpcf7-id=\"10061\">\n<div class=\"screen-reader-response\"><p role=\"status\" aria-live=\"polite\" aria-atomic=\"true\"><\/p> <ul><\/ul><\/div>\n<form action=\"\/fr\/wp-json\/wp\/v2\/pages\/13643#wpcf7-f10061-o2\" method=\"post\" class=\"wpcf7-form init cf7-style\" aria-label=\"Formulario de contacto\" novalidate=\"novalidate\" data-status=\"init\">\n<fieldset class=\"hidden-fields-container\"><input type=\"hidden\" name=\"_wpcf7\" value=\"10061\" \/><input type=\"hidden\" name=\"_wpcf7_version\" value=\"6.1.5\" \/><input type=\"hidden\" name=\"_wpcf7_locale\" value=\"es_ES\" \/><input type=\"hidden\" name=\"_wpcf7_unit_tag\" value=\"wpcf7-f10061-o2\" \/><input type=\"hidden\" name=\"_wpcf7_container_post\" value=\"0\" \/><input type=\"hidden\" name=\"_wpcf7_posted_data_hash\" value=\"\" \/><input type=\"hidden\" name=\"_wpcf7cf_hidden_group_fields\" value=\"[]\" \/><input type=\"hidden\" name=\"_wpcf7cf_hidden_groups\" value=\"[]\" \/><input type=\"hidden\" name=\"_wpcf7cf_visible_groups\" value=\"[]\" \/><input type=\"hidden\" name=\"_wpcf7cf_repeaters\" value=\"[]\" \/><input type=\"hidden\" name=\"_wpcf7cf_steps\" value=\"{}\" \/><input type=\"hidden\" name=\"_wpcf7cf_options\" value=\"{&quot;form_id&quot;:10061,&quot;conditions&quot;:[{&quot;then_field&quot;:&quot;verano2022-espanol&quot;,&quot;and_rules&quot;:[{&quot;if_field&quot;:&quot;programa&quot;,&quot;operator&quot;:&quot;equals&quot;,&quot;if_value&quot;:&quot;1. Camp d\\u2019Espagnol&quot;}]},{&quot;then_field&quot;:&quot;verano2022-ingles&quot;,&quot;and_rules&quot;:[{&quot;if_field&quot;:&quot;programa&quot;,&quot;operator&quot;:&quot;equals&quot;,&quot;if_value&quot;:&quot;2. Camp d\\u2019Anglais&quot;}]},{&quot;then_field&quot;:&quot;verano2022-frances&quot;,&quot;and_rules&quot;:[{&quot;if_field&quot;:&quot;programa&quot;,&quot;operator&quot;:&quot;equals&quot;,&quot;if_value&quot;:&quot;3. Camp de Fran\\u00e7ais&quot;}]},{&quot;then_field&quot;:&quot;verano2022-espanol-dia&quot;,&quot;and_rules&quot;:[{&quot;if_field&quot;:&quot;programa&quot;,&quot;operator&quot;:&quot;equals&quot;,&quot;if_value&quot;:&quot;4. Camp d\\u2019Espagnol (camp de jour)&quot;}]},{&quot;then_field&quot;:&quot;verano2022-ingles-dia&quot;,&quot;and_rules&quot;:[{&quot;if_field&quot;:&quot;programa&quot;,&quot;operator&quot;:&quot;equals&quot;,&quot;if_value&quot;:&quot;5. Camp d\\u2019Anglais (camp de jour)&quot;}]},{&quot;then_field&quot;:&quot;verano2022-frances-dia&quot;,&quot;and_rules&quot;:[{&quot;if_field&quot;:&quot;programa&quot;,&quot;operator&quot;:&quot;equals&quot;,&quot;if_value&quot;:&quot;6. Camp de Fran\\u00e7ais (camp de jour)&quot;}]}],&quot;settings&quot;:{&quot;animation&quot;:&quot;yes&quot;,&quot;animation_intime&quot;:&quot;200&quot;,&quot;animation_outtime&quot;:&quot;200&quot;,&quot;conditions_ui&quot;:&quot;normal&quot;,&quot;notice_dismissed&quot;:&quot;&quot;,&quot;wpcf7cf_settings_saved&quot;:&quot;1&quot;,&quot;notice_dismissed_update-cf7-5.3.2&quot;:true,&quot;notice_dismissed_rollback-cf7-5.5.6&quot;:true}}\" \/><input type=\"hidden\" name=\"_wpcf7_recaptcha_response\" value=\"\" \/>\n<\/fieldset>\n<div style=\"background-color: #FFF; color:#666; padding: 25px; -webkit-border-radius: 5px 10px; \/* Safari *\/ -moz-border-radius: 5px 10px;\/*Firefox *\/\">\n\t<div id=\"responsive-form\" class=\"clearfix\">\n\t\t<div class=\"form-row\">\n\t\t\t<div class=\"column-half\">\n\t\t\t\t<p><span class=\"wpcf7-form-control-wrap\" data-name=\"nombre\"><input size=\"40\" maxlength=\"400\" class=\"wpcf7-form-control wpcf7-text wpcf7-validates-as-required\" aria-required=\"true\" aria-invalid=\"false\" placeholder=\"Nom et Pr\u00e9nom\" value=\"\" type=\"text\" name=\"nombre\" \/><\/span>\n\t\t\t\t<\/p>\n\t\t\t<\/div>\n\t\t\t<div class=\"column-half\">\n\t\t\t\t<p><span class=\"wpcf7-form-control-wrap\" data-name=\"correo\"><input size=\"40\" maxlength=\"400\" class=\"wpcf7-form-control wpcf7-email wpcf7-validates-as-required wpcf7-text wpcf7-validates-as-email\" aria-required=\"true\" aria-invalid=\"false\" placeholder=\"Email\" value=\"\" type=\"email\" name=\"correo\" \/><\/span>\n\t\t\t\t<\/p>\n\t\t\t<\/div>\n\t\t<\/div>\n\t\t<div class=\"form-row\">\n\t\t\t<div class=\"column-half\">\n\t\t\t\t<p><span class=\"wpcf7-form-control-wrap\" data-name=\"pais\"><input size=\"40\" maxlength=\"400\" class=\"wpcf7-form-control wpcf7-text wpcf7-validates-as-required\" aria-required=\"true\" aria-invalid=\"false\" placeholder=\"Pays\" value=\"\" type=\"text\" name=\"pais\" \/><\/span>\n\t\t\t\t<\/p>\n\t\t\t<\/div>\n\t\t\t<div class=\"column-half\">\n\t\t\t\t<p><span class=\"wpcf7-form-control-wrap\" data-name=\"telefono\"><input class=\"wpcf7-form-control wpcf7-number wpcf7-validates-as-number\" aria-invalid=\"false\" placeholder=\"T\u00e9l\u00e9phone\" value=\"\" type=\"number\" name=\"telefono\" \/><\/span>\n\t\t\t\t<\/p>\n\t\t\t<\/div>\n\t\t<\/div>\n\t\t<div class=\"form-row\">\n\t\t\t<div class=\"column-full\">\n\t\t\t\t<p>Programme:\n\t\t\t\t<\/p>\n\t\t\t\t<p><span class=\"wpcf7-form-control-wrap\" data-name=\"programa\"><select class=\"wpcf7-form-control wpcf7-select\" aria-invalid=\"false\" name=\"programa\"><option value=\"\">&#8212;Por favor, elige una opci\u00f3n&#8212;<\/option><option value=\"1. Camp d\u2019Espagnol\">1. Camp d\u2019Espagnol<\/option><option value=\"2. Camp d\u2019Anglais\">2. Camp d\u2019Anglais<\/option><option value=\"3. Camp de Fran\u00e7ais\">3. Camp de Fran\u00e7ais<\/option><option value=\"4. Camp d\u2019Espagnol (camp de jour)\">4. Camp d\u2019Espagnol (camp de jour)<\/option><option value=\"5. Camp d\u2019Anglais (camp de jour)\">5. Camp d\u2019Anglais (camp de jour)<\/option><option value=\"6. Camp de Fran\u00e7ais (camp de jour)\">6. Camp de Fran\u00e7ais (camp de jour)<\/option><option value=\"7. Stage de Tennis &#039;Ferrero Stage&#039;\">7. Stage de Tennis &#039;Ferrero Stage&#039;<\/option><option value=\"8. Camp de Football SIA VALENCIA\">8. Camp de Football SIA VALENCIA<\/option><option value=\"9. Autres programmes\">9. Autres programmes<\/option><\/select><\/span>\n\t\t\t\t<\/p>\n\t\t\t<\/div>\n\t\t<\/div>\n\t\t<div data-id=\"verano2022-espanol\" data-orig_data_id=\"verano2022-espanol\"  class=\"\" data-class=\"wpcf7cf_group\">\n\t\t\t<p>Activit\u00e9 de l'apr\u00e8s-midi:<br \/>\n<span class=\"wpcf7-form-control-wrap\" data-name=\"verano2022-espanol-tarde\"><select class=\"wpcf7-form-control wpcf7-select wpcf7-validates-as-required\" aria-required=\"true\" aria-invalid=\"false\" name=\"verano2022-espanol-tarde\"><option value=\"\">&#8212;Por favor, elige una opci\u00f3n&#8212;<\/option><option value=\"Pas encore d\u00e9cid\u00e9\">Pas encore d\u00e9cid\u00e9<\/option><option value=\"Multisports\">Multisports<\/option><option value=\"Art et Culture\">Art et Culture<\/option><option value=\"Golf\">Golf<\/option><option value=\"Football\">Football<\/option><option value=\"Basket\">Basket<\/option><\/select><\/span>\n\t\t\t<\/p>\n\t\t<\/div>\n\t\t<div data-id=\"verano2022-ingles\" data-orig_data_id=\"verano2022-ingles\"  class=\"\" data-class=\"wpcf7cf_group\">\n\t\t\t<p>Activit\u00e9 de l'apr\u00e8s-midi:<br \/>\n<span class=\"wpcf7-form-control-wrap\" data-name=\"verano2022-ingles-tarde\"><select class=\"wpcf7-form-control wpcf7-select wpcf7-validates-as-required\" aria-required=\"true\" aria-invalid=\"false\" name=\"verano2022-ingles-tarde\"><option value=\"\">&#8212;Por favor, elige una opci\u00f3n&#8212;<\/option><option value=\"Pas encore d\u00e9cid\u00e9\">Pas encore d\u00e9cid\u00e9<\/option><option value=\"Multisports\">Multisports<\/option><option value=\"Art et Culture\">Art et Culture<\/option><option value=\"Golf\">Golf<\/option><option value=\"Football\">Football<\/option><option value=\"Basket\">Basket<\/option><\/select><\/span>\n\t\t\t<\/p>\n\t\t<\/div>\n\t\t<div data-id=\"verano2022-frances\" data-orig_data_id=\"verano2022-frances\"  class=\"\" data-class=\"wpcf7cf_group\">\n\t\t\t<p>Activit\u00e9 de l'apr\u00e8s-midi:<br \/>\n<span class=\"wpcf7-form-control-wrap\" data-name=\"verano2022-frances-tarde\"><select class=\"wpcf7-form-control wpcf7-select wpcf7-validates-as-required\" aria-required=\"true\" aria-invalid=\"false\" name=\"verano2022-frances-tarde\"><option value=\"\">&#8212;Por favor, elige una opci\u00f3n&#8212;<\/option><option value=\"Pas encore d\u00e9cid\u00e9\">Pas encore d\u00e9cid\u00e9<\/option><option value=\"Multisports\">Multisports<\/option><option value=\"Art et Culture\">Art et Culture<\/option><option value=\"Golf\">Golf<\/option><option value=\"Football\">Football<\/option><option value=\"Basket\">Basket<\/option><\/select><\/span>\n\t\t\t<\/p>\n\t\t<\/div>\n\t\t<div data-id=\"verano2022-espanol-dia\" data-orig_data_id=\"verano2022-espanol-dia\"  class=\"\" data-class=\"wpcf7cf_group\">\n\t\t\t<p>Activit\u00e9 de l'apr\u00e8s-midi:<br \/>\n<span class=\"wpcf7-form-control-wrap\" data-name=\"verano2022-espanol-dia-tarde\"><select class=\"wpcf7-form-control wpcf7-select wpcf7-validates-as-required\" aria-required=\"true\" aria-invalid=\"false\" name=\"verano2022-espanol-dia-tarde\"><option value=\"\">&#8212;Por favor, elige una opci\u00f3n&#8212;<\/option><option value=\"Pas encore d\u00e9cid\u00e9\">Pas encore d\u00e9cid\u00e9<\/option><option value=\"Multisports\">Multisports<\/option><option value=\"Art et Culture\">Art et Culture<\/option><option value=\"Golf\">Golf<\/option><option value=\"Football\">Football<\/option><option value=\"Basket\">Basket<\/option><\/select><\/span>\n\t\t\t<\/p>\n\t\t<\/div>\n\t\t<div data-id=\"verano2022-ingles-dia\" data-orig_data_id=\"verano2022-ingles-dia\"  class=\"\" data-class=\"wpcf7cf_group\">\n\t\t\t<p>Activit\u00e9 de l'apr\u00e8s-midi:<br \/>\n<span class=\"wpcf7-form-control-wrap\" data-name=\"verano2022-ingles-dia-tarde\"><select class=\"wpcf7-form-control wpcf7-select wpcf7-validates-as-required\" aria-required=\"true\" aria-invalid=\"false\" name=\"verano2022-ingles-dia-tarde\"><option value=\"\">&#8212;Por favor, elige una opci\u00f3n&#8212;<\/option><option value=\"Pas encore d\u00e9cid\u00e9\">Pas encore d\u00e9cid\u00e9<\/option><option value=\"Multisports\">Multisports<\/option><option value=\"Art et Culture\">Art et Culture<\/option><option value=\"Golf\">Golf<\/option><option value=\"Football\">Football<\/option><option value=\"Basket\">Basket<\/option><\/select><\/span>\n\t\t\t<\/p>\n\t\t<\/div>\n\t\t<div data-id=\"verano2022-frances-dia\" data-orig_data_id=\"verano2022-frances-dia\"  class=\"\" data-class=\"wpcf7cf_group\">\n\t\t\t<p>Activit\u00e9 de l'apr\u00e8s-midi:<br \/>\n<span class=\"wpcf7-form-control-wrap\" data-name=\"verano2022-frances-dia-tarde\"><select class=\"wpcf7-form-control wpcf7-select wpcf7-validates-as-required\" aria-required=\"true\" aria-invalid=\"false\" name=\"verano2022-frances-dia-tarde\"><option value=\"\">&#8212;Por favor, elige una opci\u00f3n&#8212;<\/option><option value=\"Pas encore d\u00e9cid\u00e9\">Pas encore d\u00e9cid\u00e9<\/option><option value=\"Multisports\">Multisports<\/option><option value=\"Art et Culture\">Art et Culture<\/option><option value=\"Golf\">Golf<\/option><option value=\"Football\">Football<\/option><option value=\"Basket\">Basket<\/option><\/select><\/span>\n\t\t\t<\/p>\n\t\t<\/div>\n\t\t<div class=\"form-row\">\n\t\t\t<div class=\"column-full\">\n\t\t\t\t<p><span class=\"wpcf7-form-control-wrap\" data-name=\"privacidad\"><span class=\"wpcf7-form-control wpcf7-acceptance\"><span class=\"wpcf7-list-item\"><input type=\"checkbox\" name=\"privacidad\" value=\"1\" aria-invalid=\"false\" \/><\/span><\/span><\/span> J'accepte la <a target=\"_blank\" href=\"https:\/\/iberiancamps.com\/fr\/politique-de-confidentialite\/\"> Politique de confidentialit\u00e9<\/a>.\n\t\t\t\t<\/p>\n\t\t\t<\/div>\n\t\t<\/div>\n\t\t<div class=\"form-row\">\n\t\t\t<div class=\"column-full\">\n\t\t\t\t<p><input class=\"wpcf7-form-control wpcf7-submit has-spinner\" type=\"submit\" value=\"Envoyer\" \/>\n\t\t\t\t<\/p>\n\t\t\t<\/div>\n\t\t<\/div>\n\t\t<p><span style=\"font-size:13px;\">Vos donn\u00e9es personnelles seront utilis\u00e9es uniquement dans le but de donner r\u00e9ponse \u00e0 vos demandes. Vous pouvez exercer vos droits d\u2019acc\u00e8s, modification, annulation, suppression, opposition et limitation du traitement et portabilit\u00e9 en nous \u00e9crivant \u00e0 info@iberiancamps.com.<\/span>\n\t\t<\/p>\n\t\t<p><span style=\"font-size:13px;\">Ce site est prot\u00e9g\u00e9 par reCAPTCHA et Google.<\/span>\n\t\t<\/p>\n\t<\/div><!--end responsive-form-->\n<\/div><input type='hidden' class='wpcf7-pum' value='{\"closepopup\":false,\"closedelay\":0,\"openpopup\":false,\"openpopup_id\":0}' \/><div class=\"wpcf7-response-output\" aria-hidden=\"true\"><\/div>\n<\/form>\n<\/div>\n[vc_empty_space height=&#8221;50px&#8221;][\/vc_column][vc_column width=&#8221;1\/6&#8243;][\/vc_column][\/vc_row][vc_row][vc_column][vc_empty_space height=&#8221;15px&#8221;][\/vc_column][\/vc_row]<\/p>\n","protected":false},"excerpt":{"rendered":"<p>[vc_row full_width=&#8221;stretch_row&#8221; css=&#8221;.vc_custom_1669894053622{margin-top: -80px !important;background-image: url(https:\/\/iberiancamps.com\/wp-content\/uploads\/2022\/12\/campamento-de-frances.jpg?id=13646) !important;background-position: center !important;background-repeat: no-repeat !important;background-size: cover !important;}&#8221;][vc_column][vc_empty_space height=&#8221;300px&#8221;][vc_column_text css=&#8221;.vc_custom_1669894027192{padding-right: 10px !important;padding-bottom: 10px !important;padding-left: 10px !important;background-color: rgba(248,248,248,0.89) !important;*background-color: rgb(248,248,248) !important;}&#8221;] Camp de Fran\u00e7ais. Colonie de Vacances 2026 [\/vc_column_text][vc_separator color=&#8221;white&#8221; css=&#8221;.vc_custom_1490176660267{padding-top: 10px !important;padding-bottom: 10px !important;}&#8221;][vc_empty_space height=&#8221;50px&#8221;][\/vc_column][\/vc_row][vc_row full_width=&#8221;stretch_row&#8221; el_id=&#8221;info-general&#8221;][vc_column width=&#8221;1\/2&#8243;][vc_column_text]S\u00e9jour destin\u00e9 aux jeunes de 11 \u00e0 17 ans qui souhaitent venir \u00e0<\/p>\n","protected":false},"author":3,"featured_media":0,"parent":9721,"menu_order":0,"comment_status":"closed","ping_status":"closed","template":"","meta":{"footnotes":""},"class_list":["post-13643","page","type-page","status-publish","hentry"],"yoast_head":"<!-- This site is optimized with the Yoast SEO Premium plugin v18.2.1 (Yoast SEO v27.4) - https:\/\/yoast.com\/product\/yoast-seo-premium-wordpress\/ -->\n<title>\u25b7 Camp de Fran\u00e7ais en Espagne\u30102026\u3011- IBERIAN CAMPS<\/title>\n<meta name=\"description\" content=\"Colonie de vacances de fran\u00e7ais \u00e0 l&#039;Universit\u00e9 d&#039;Alicante (Espagne), pour les ados de 11 \u00e0 17 ans. Enseignants natifs et bilingues et installations haut de gamme.\" \/>\n<meta name=\"robots\" content=\"index, follow, max-snippet:-1, max-image-preview:large, max-video-preview:-1\" \/>\n<link rel=\"canonical\" href=\"https:\/\/iberiancamps.com\/fr\/camps-ete\/camp-de-francais\/\" \/>\n<meta property=\"og:locale\" content=\"fr_FR\" \/>\n<meta property=\"og:type\" content=\"article\" \/>\n<meta property=\"og:title\" content=\"Camp de Fran\u00e7ais\" \/>\n<meta property=\"og:description\" content=\"Colonie de vacances de fran\u00e7ais \u00e0 l&#039;Universit\u00e9 d&#039;Alicante (Espagne), pour les ados de 11 \u00e0 17 ans. Enseignants natifs et bilingues et installations haut de gamme.\" \/>\n<meta property=\"og:url\" content=\"https:\/\/iberiancamps.com\/fr\/camps-ete\/camp-de-francais\/\" \/>\n<meta property=\"og:site_name\" content=\"IBERIAN CAMPS\" \/>\n<meta property=\"article:publisher\" content=\"https:\/\/www.facebook.com\/iberiancamps\" \/>\n<meta property=\"article:modified_time\" content=\"2025-11-24T16:52:05+00:00\" \/>\n<meta name=\"twitter:card\" content=\"summary_large_image\" \/>\n<meta name=\"twitter:label1\" content=\"Dur\u00e9e de lecture estim\u00e9e\" \/>\n\t<meta name=\"twitter:data1\" content=\"9 minutes\" \/>\n<script type=\"application\/ld+json\" class=\"yoast-schema-graph\">{\"@context\":\"https:\\\/\\\/schema.org\",\"@graph\":[{\"@type\":\"WebPage\",\"@id\":\"https:\\\/\\\/iberiancamps.com\\\/fr\\\/camps-ete\\\/camp-de-francais\\\/\",\"url\":\"https:\\\/\\\/iberiancamps.com\\\/fr\\\/camps-ete\\\/camp-de-francais\\\/\",\"name\":\"\u25b7 Camp de Fran\u00e7ais en Espagne\u30102026\u3011- IBERIAN CAMPS\",\"isPartOf\":{\"@id\":\"https:\\\/\\\/iberiancamps.com\\\/fr\\\/#website\"},\"datePublished\":\"2022-12-01T11:33:06+00:00\",\"dateModified\":\"2025-11-24T16:52:05+00:00\",\"description\":\"Colonie de vacances de fran\u00e7ais \u00e0 l'Universit\u00e9 d'Alicante (Espagne), pour les ados de 11 \u00e0 17 ans. Enseignants natifs et bilingues et installations haut de gamme.\",\"breadcrumb\":{\"@id\":\"https:\\\/\\\/iberiancamps.com\\\/fr\\\/camps-ete\\\/camp-de-francais\\\/#breadcrumb\"},\"inLanguage\":\"fr-FR\",\"potentialAction\":[{\"@type\":\"ReadAction\",\"target\":[\"https:\\\/\\\/iberiancamps.com\\\/fr\\\/camps-ete\\\/camp-de-francais\\\/\"]}]},{\"@type\":\"BreadcrumbList\",\"@id\":\"https:\\\/\\\/iberiancamps.com\\\/fr\\\/camps-ete\\\/camp-de-francais\\\/#breadcrumb\",\"itemListElement\":[{\"@type\":\"ListItem\",\"position\":1,\"name\":\"Portada\",\"item\":\"https:\\\/\\\/iberiancamps.com\\\/fr\\\/\"},{\"@type\":\"ListItem\",\"position\":2,\"name\":\"Camps d&#8217;\u00c9t\u00e9\",\"item\":\"https:\\\/\\\/iberiancamps.com\\\/fr\\\/camps-ete\\\/\"},{\"@type\":\"ListItem\",\"position\":3,\"name\":\"Camp de Fran\u00e7ais\"}]},{\"@type\":\"WebSite\",\"@id\":\"https:\\\/\\\/iberiancamps.com\\\/fr\\\/#website\",\"url\":\"https:\\\/\\\/iberiancamps.com\\\/fr\\\/\",\"name\":\"IBERIAN CAMPS\",\"description\":\"The Language Experience\",\"publisher\":{\"@id\":\"https:\\\/\\\/iberiancamps.com\\\/fr\\\/#organization\"},\"potentialAction\":[{\"@type\":\"SearchAction\",\"target\":{\"@type\":\"EntryPoint\",\"urlTemplate\":\"https:\\\/\\\/iberiancamps.com\\\/fr\\\/?s={search_term_string}\"},\"query-input\":{\"@type\":\"PropertyValueSpecification\",\"valueRequired\":true,\"valueName\":\"search_term_string\"}}],\"inLanguage\":\"fr-FR\"},{\"@type\":\"Organization\",\"@id\":\"https:\\\/\\\/iberiancamps.com\\\/fr\\\/#organization\",\"name\":\"IBERIAN CAMPS\",\"url\":\"https:\\\/\\\/iberiancamps.com\\\/fr\\\/\",\"logo\":{\"@type\":\"ImageObject\",\"inLanguage\":\"fr-FR\",\"@id\":\"https:\\\/\\\/iberiancamps.com\\\/fr\\\/#\\\/schema\\\/logo\\\/image\\\/\",\"url\":\"https:\\\/\\\/iberiancamps.com\\\/wp-content\\\/uploads\\\/2017\\\/03\\\/logo.png\",\"contentUrl\":\"https:\\\/\\\/iberiancamps.com\\\/wp-content\\\/uploads\\\/2017\\\/03\\\/logo.png\",\"width\":300,\"height\":233,\"caption\":\"IBERIAN CAMPS\"},\"image\":{\"@id\":\"https:\\\/\\\/iberiancamps.com\\\/fr\\\/#\\\/schema\\\/logo\\\/image\\\/\"},\"sameAs\":[\"https:\\\/\\\/www.facebook.com\\\/iberiancamps\",\"https:\\\/\\\/www.youtube.com\\\/iberiancamps\",\"https:\\\/\\\/www.instagram.com\\\/iberiancamps\"]}]}<\/script>\n<!-- \/ Yoast SEO Premium plugin. -->","yoast_head_json":{"title":"\u25b7 Camp de Fran\u00e7ais en Espagne\u30102026\u3011- IBERIAN CAMPS","description":"Colonie de vacances de fran\u00e7ais \u00e0 l'Universit\u00e9 d'Alicante (Espagne), pour les ados de 11 \u00e0 17 ans. Enseignants natifs et bilingues et installations haut de gamme.","robots":{"index":"index","follow":"follow","max-snippet":"max-snippet:-1","max-image-preview":"max-image-preview:large","max-video-preview":"max-video-preview:-1"},"canonical":"https:\/\/iberiancamps.com\/fr\/camps-ete\/camp-de-francais\/","og_locale":"fr_FR","og_type":"article","og_title":"Camp de Fran\u00e7ais","og_description":"Colonie de vacances de fran\u00e7ais \u00e0 l'Universit\u00e9 d'Alicante (Espagne), pour les ados de 11 \u00e0 17 ans. Enseignants natifs et bilingues et installations haut de gamme.","og_url":"https:\/\/iberiancamps.com\/fr\/camps-ete\/camp-de-francais\/","og_site_name":"IBERIAN CAMPS","article_publisher":"https:\/\/www.facebook.com\/iberiancamps","article_modified_time":"2025-11-24T16:52:05+00:00","twitter_card":"summary_large_image","twitter_misc":{"Dur\u00e9e de lecture estim\u00e9e":"9 minutes"},"schema":{"@context":"https:\/\/schema.org","@graph":[{"@type":"WebPage","@id":"https:\/\/iberiancamps.com\/fr\/camps-ete\/camp-de-francais\/","url":"https:\/\/iberiancamps.com\/fr\/camps-ete\/camp-de-francais\/","name":"\u25b7 Camp de Fran\u00e7ais en Espagne\u30102026\u3011- IBERIAN CAMPS","isPartOf":{"@id":"https:\/\/iberiancamps.com\/fr\/#website"},"datePublished":"2022-12-01T11:33:06+00:00","dateModified":"2025-11-24T16:52:05+00:00","description":"Colonie de vacances de fran\u00e7ais \u00e0 l'Universit\u00e9 d'Alicante (Espagne), pour les ados de 11 \u00e0 17 ans. Enseignants natifs et bilingues et installations haut de gamme.","breadcrumb":{"@id":"https:\/\/iberiancamps.com\/fr\/camps-ete\/camp-de-francais\/#breadcrumb"},"inLanguage":"fr-FR","potentialAction":[{"@type":"ReadAction","target":["https:\/\/iberiancamps.com\/fr\/camps-ete\/camp-de-francais\/"]}]},{"@type":"BreadcrumbList","@id":"https:\/\/iberiancamps.com\/fr\/camps-ete\/camp-de-francais\/#breadcrumb","itemListElement":[{"@type":"ListItem","position":1,"name":"Portada","item":"https:\/\/iberiancamps.com\/fr\/"},{"@type":"ListItem","position":2,"name":"Camps d&#8217;\u00c9t\u00e9","item":"https:\/\/iberiancamps.com\/fr\/camps-ete\/"},{"@type":"ListItem","position":3,"name":"Camp de Fran\u00e7ais"}]},{"@type":"WebSite","@id":"https:\/\/iberiancamps.com\/fr\/#website","url":"https:\/\/iberiancamps.com\/fr\/","name":"IBERIAN CAMPS","description":"The Language Experience","publisher":{"@id":"https:\/\/iberiancamps.com\/fr\/#organization"},"potentialAction":[{"@type":"SearchAction","target":{"@type":"EntryPoint","urlTemplate":"https:\/\/iberiancamps.com\/fr\/?s={search_term_string}"},"query-input":{"@type":"PropertyValueSpecification","valueRequired":true,"valueName":"search_term_string"}}],"inLanguage":"fr-FR"},{"@type":"Organization","@id":"https:\/\/iberiancamps.com\/fr\/#organization","name":"IBERIAN CAMPS","url":"https:\/\/iberiancamps.com\/fr\/","logo":{"@type":"ImageObject","inLanguage":"fr-FR","@id":"https:\/\/iberiancamps.com\/fr\/#\/schema\/logo\/image\/","url":"https:\/\/iberiancamps.com\/wp-content\/uploads\/2017\/03\/logo.png","contentUrl":"https:\/\/iberiancamps.com\/wp-content\/uploads\/2017\/03\/logo.png","width":300,"height":233,"caption":"IBERIAN CAMPS"},"image":{"@id":"https:\/\/iberiancamps.com\/fr\/#\/schema\/logo\/image\/"},"sameAs":["https:\/\/www.facebook.com\/iberiancamps","https:\/\/www.youtube.com\/iberiancamps","https:\/\/www.instagram.com\/iberiancamps"]}]}},"_links":{"self":[{"href":"https:\/\/iberiancamps.com\/fr\/wp-json\/wp\/v2\/pages\/13643","targetHints":{"allow":["GET"]}}],"collection":[{"href":"https:\/\/iberiancamps.com\/fr\/wp-json\/wp\/v2\/pages"}],"about":[{"href":"https:\/\/iberiancamps.com\/fr\/wp-json\/wp\/v2\/types\/page"}],"author":[{"embeddable":true,"href":"https:\/\/iberiancamps.com\/fr\/wp-json\/wp\/v2\/users\/3"}],"replies":[{"embeddable":true,"href":"https:\/\/iberiancamps.com\/fr\/wp-json\/wp\/v2\/comments?post=13643"}],"version-history":[{"count":14,"href":"https:\/\/iberiancamps.com\/fr\/wp-json\/wp\/v2\/pages\/13643\/revisions"}],"predecessor-version":[{"id":16392,"href":"https:\/\/iberiancamps.com\/fr\/wp-json\/wp\/v2\/pages\/13643\/revisions\/16392"}],"up":[{"embeddable":true,"href":"https:\/\/iberiancamps.com\/fr\/wp-json\/wp\/v2\/pages\/9721"}],"wp:attachment":[{"href":"https:\/\/iberiancamps.com\/fr\/wp-json\/wp\/v2\/media?parent=13643"}],"curies":[{"name":"wp","href":"https:\/\/api.w.org\/{rel}","templated":true}]}}